{"id":5504,"date":"2016-07-01T08:19:04","date_gmt":"2016-07-01T06:19:04","guid":{"rendered":"https:\/\/www.carmelitaniscalzi.com\/de\/?page_id=5504"},"modified":"2026-04-20T02:11:51","modified_gmt":"2026-04-20T00:11:51","slug":"sekretaer-fuer-die-missionen","status":"publish","type":"curia","link":"https:\/\/www.carmelitaniscalzi.com\/de\/generalkurie\/sekretaer-fuer-die-missionen\/","title":{"rendered":"Sekret\u00e4r f\u00fcr die Missionen"},"content":{"rendered":"<h3>Biografia<\/h3>\n<p>Jer\u00f4me Paluku \u00e8 membro della Delegazione Generale San Giuseppe del Congo. \u00c8 nato il 29 settembre 1972 a Katamamba, nella parrocchia di Katwe (diocesi di Goma), nella Repubblica Democratica del Congo. Ha conosciuto il Carmelo attraverso i missionari Carmelitani (originari della Provincia spagnola di Castiglia) che animavano la parrocchia Nostra Signora del Monte Carmelo di Katindo, nella diocesi di Goma.<\/p>\n<p>Dopo la sua prima Professione il 15 agosto 1997, ha iniziato gli studi di filosofia all\u2019Institut Saint Joseph Mukasa in Cameroun e li ha terminati nel 2000 a Kinshasa. Dopo un anno di stage a Goma, ha proseguito gli studi di teologia al Tanzaga College di Nairobi ed \u00e8 stato ordinato sacerdote a Katindo il 22 maggio 2005, nella stessa parrocchia che lo aveva visto nascere al Carmelo. Ha servito l\u2019Ordine dapprima come Vicario parrocchiale della suddetta parrocchia ed economo della Comunit\u00e0, e a Kinshasa come Economo generale della Delegazione. In quanto missionario impegnato e sempre disponibile, si \u00e8 offerto per prestare aiuto alla Delegazione provinciale del Malawi, dove ha assunto diversi incarichi di responsabilit\u00e0. \u00c8 da l\u00ec che, nel maggio 2013, \u00e8 stato chiamato dal P. Generale a servire il Centro dell\u2019Ordine come Assistente del Segretariato Generale delle Missioni. Ha rivestito questo ruolo fino al settembre 2015, quando il Definitorio l\u2019ha nominato Segretario Generale per la Cooperazione Missionaria dell\u2019Ordine.<\/p>\n<p>Oltre agli studi ecclesiastici, P. Jer\u00f4me ha ottenuto un diploma in Scienze della Comunicazione Sociale al Tanzaga Kollege (Nairobi, Kenya), e un Master of Arts in Studi sullo Sviluppo presso il Kimmage Developement Studies Centre di Dublin (Irlanda), dove si \u00e8 specializzato nella gestione dei progetti e delle organizzazioni di sviluppo. Oltre a svolgere l\u2019incarico di Segretario Generale per la Cooperazione Missionaria dell\u2019Ordine, P. Jer\u00f4me \u00e8 anche consulente nella gestione dei progetti.<\/p>\n<h3>Attivit\u00e0<\/h3>\n<p>Il Segretariato Generale per la Cooperazione Missionaria ha lo scopo di\u00a0:<\/p>\n<ul>\n<li>risvegliare la coscienza missionaria e comunicare le iniziative missionarie in seno all\u2019Ordine\u00a0;<\/li>\n<li>assistere, consigliare, accompagnare e sostenere i missionari nei loro progetti carmelitani, pastorali e socio-economici;<\/li>\n<li>coordinare i contributi finanziari e logistici in favore dei progeti concreti in terra di missione;<\/li>\n<li>essere un canale di solidariet\u00e0 missionaria in seno alla grande famiglia carmelitana;<\/li>\n<li>servire da legame di collaborazione e di partenariato fra le lissioni e le agenzie di finanziamento;<\/li>\n<li>assicurarsi dell\u2019efficacia dell\u2019amministrazione degli aiuti accordati in favore di progetti concreti nelle missioni.<\/li>\n<li>Nei propri obiettivi, il Segretariato per la Cooperazione Missionaria include la cura e il servizio alle Monache Carmelitane Scalze, soprattutto di quelle che vivono in Paesi in via di sviluppo. Il Segretariato per la Cooperazione Missionaria si incarica anche di coordinare le offerte e ogni altro atto di solidariet\u00e0 dei benefattori (individui, comunit\u00e0 e provincie) a beneficio delle missioni e delle comunit\u00e0.<\/li>\n<\/ul>\n<p><strong>Per sostenere l\u2019opera missionaria carmelitana e i diversi progetti in favore dei pi\u00f9 poveri, inviate la vostra offerta a:<\/strong><\/p>\n<p>Nome della banca: <strong>Banca BPER<\/strong><br \/>\nIntestazione: <strong>MISSIONI CASA GENERALIZIA PADRI CARMELITANI SCALZI<\/strong><br \/>\nCodice IBAN: <strong>IT95P0538703268000049641108<br \/>\n<\/strong>Codice Bic\/Swift:<strong> BPMOIT22XXX<\/strong><\/p>\n<p>Potete anche farlo inviando un assegno bancario intestato a:\u00a0<strong>MISSIONI CASA GENERALIZIA PADRI CARMELITANI SCALZI<\/strong><\/p>\n<p>Vi ringraziamo fin d\u2019ora per il Vostro sostegno.<\/p>\n","protected":false},"featured_media":52125,"parent":5472,"menu_order":8,"template":"","format":"standard","meta":{"_acf_changed":false,"footnotes":""},"carica_cauria":[822],"class_list":["post-5504","curia","type-curia","status-publish","format-standard","has-post-thumbnail","hentry","carica_cauria-andere-bueros"],"acf":[],"yoast_head":"<!-- This site is optimized with the Yoast SEO plugin v26.3 - https:\/\/yoast.com\/wordpress\/plugins\/seo\/ -->\n<title>Sekret\u00e4r f\u00fcr die Missionen - UNBESCHUHTE KARMELITEN<\/title>\n<meta name=\"robots\" content=\"index, follow, max-snippet:-1, max-image-preview:large, max-video-preview:-1\" \/>\n<link rel=\"canonical\" href=\"https:\/\/www.carmelitaniscalzi.com\/de\/generalkurie\/sekretaer-fuer-die-missionen\/\" \/>\n<meta property=\"og:locale\" content=\"de_DE\" \/>\n<meta property=\"og:type\" content=\"article\" \/>\n<meta property=\"og:title\" content=\"Sekret\u00e4r f\u00fcr die Missionen - UNBESCHUHTE KARMELITEN\" \/>\n<meta property=\"og:description\" content=\"Biografia Jer\u00f4me Paluku \u00e8 membro della Delegazione Generale San Giuseppe del Congo. \u00c8 nato il 29 settembre 1972 a Katamamba, nella parrocchia di Katwe (diocesi di Goma), nella Repubblica Democratica del Congo. Ha conosciuto il Carmelo attraverso i missionari Carmelitani (originari della Provincia spagnola di Castiglia) che animavano la parrocchia Nostra Signora del Monte Carmelo [&hellip;]\" \/>\n<meta property=\"og:url\" content=\"https:\/\/www.carmelitaniscalzi.com\/de\/generalkurie\/sekretaer-fuer-die-missionen\/\" \/>\n<meta property=\"og:site_name\" content=\"UNBESCHUHTE KARMELITEN\" \/>\n<meta property=\"article:publisher\" content=\"https:\/\/www.facebook.com\/Curia-Generalizia-Carmelitani-Scalzi-658766940887784\/\" \/>\n<meta property=\"article:modified_time\" content=\"2026-04-20T00:11:51+00:00\" \/>\n<meta property=\"og:image\" content=\"https:\/\/www.carmelitaniscalzi.com\/wp-content\/uploads\/2016\/02\/Segretario-Missioni.jpeg\" \/>\n\t<meta property=\"og:image:width\" content=\"600\" \/>\n\t<meta property=\"og:image:height\" content=\"600\" \/>\n\t<meta property=\"og:image:type\" content=\"image\/jpeg\" \/>\n<meta name=\"twitter:card\" content=\"summary_large_image\" \/>\n<meta name=\"twitter:site\" content=\"@ocdcuria\" \/>\n<meta name=\"twitter:label1\" content=\"Gesch\u00e4tzte Lesezeit\" \/>\n\t<meta name=\"twitter:data1\" content=\"3\u00a0Minuten\" \/>\n<script type=\"application\/ld+json\" class=\"yoast-schema-graph\">{\"@context\":\"https:\/\/schema.org\",\"@graph\":[{\"@type\":\"WebPage\",\"@id\":\"https:\/\/www.carmelitaniscalzi.com\/de\/generalkurie\/sekretaer-fuer-die-missionen\/\",\"url\":\"https:\/\/www.carmelitaniscalzi.com\/de\/generalkurie\/sekretaer-fuer-die-missionen\/\",\"name\":\"Sekret\u00e4r f\u00fcr die Missionen - UNBESCHUHTE KARMELITEN\",\"isPartOf\":{\"@id\":\"https:\/\/www.carmelitaniscalzi.com\/#website\"},\"primaryImageOfPage\":{\"@id\":\"https:\/\/www.carmelitaniscalzi.com\/de\/generalkurie\/sekretaer-fuer-die-missionen\/#primaryimage\"},\"image\":{\"@id\":\"https:\/\/www.carmelitaniscalzi.com\/de\/generalkurie\/sekretaer-fuer-die-missionen\/#primaryimage\"},\"thumbnailUrl\":\"https:\/\/www.carmelitaniscalzi.com\/wp-content\/uploads\/2016\/02\/Segretario-Missioni.jpeg\",\"datePublished\":\"2016-07-01T06:19:04+00:00\",\"dateModified\":\"2026-04-20T00:11:51+00:00\",\"breadcrumb\":{\"@id\":\"https:\/\/www.carmelitaniscalzi.com\/de\/generalkurie\/sekretaer-fuer-die-missionen\/#breadcrumb\"},\"inLanguage\":\"de\",\"potentialAction\":[{\"@type\":\"ReadAction\",\"target\":[\"https:\/\/www.carmelitaniscalzi.com\/de\/generalkurie\/sekretaer-fuer-die-missionen\/\"]}]},{\"@type\":\"ImageObject\",\"inLanguage\":\"de\",\"@id\":\"https:\/\/www.carmelitaniscalzi.com\/de\/generalkurie\/sekretaer-fuer-die-missionen\/#primaryimage\",\"url\":\"https:\/\/www.carmelitaniscalzi.com\/wp-content\/uploads\/2016\/02\/Segretario-Missioni.jpeg\",\"contentUrl\":\"https:\/\/www.carmelitaniscalzi.com\/wp-content\/uploads\/2016\/02\/Segretario-Missioni.jpeg\",\"width\":600,\"height\":600},{\"@type\":\"BreadcrumbList\",\"@id\":\"https:\/\/www.carmelitaniscalzi.com\/de\/generalkurie\/sekretaer-fuer-die-missionen\/#breadcrumb\",\"itemListElement\":[{\"@type\":\"ListItem\",\"position\":1,\"name\":\"Home\",\"item\":\"https:\/\/www.carmelitaniscalzi.com\/de\/\"},{\"@type\":\"ListItem\",\"position\":2,\"name\":\"Generalkurie\",\"item\":\"https:\/\/www.carmelitaniscalzi.com\/de\/generalkurie\/\"},{\"@type\":\"ListItem\",\"position\":3,\"name\":\"Sekret\u00e4r f\u00fcr die Missionen\"}]},{\"@type\":\"WebSite\",\"@id\":\"https:\/\/www.carmelitaniscalzi.com\/#website\",\"url\":\"https:\/\/www.carmelitaniscalzi.com\/\",\"name\":\"CARMELITANI SCALZI - Curia Generale del Carmelo Teresiano\",\"description\":\"Generalkurie des Teresianischen Karmel\",\"publisher\":{\"@id\":\"https:\/\/www.carmelitaniscalzi.com\/#organization\"},\"alternateName\":\"CARMELITANI SCALZI\",\"potentialAction\":[{\"@type\":\"SearchAction\",\"target\":{\"@type\":\"EntryPoint\",\"urlTemplate\":\"https:\/\/www.carmelitaniscalzi.com\/?s={search_term_string}\"},\"query-input\":{\"@type\":\"PropertyValueSpecification\",\"valueRequired\":true,\"valueName\":\"search_term_string\"}}],\"inLanguage\":\"de\"},{\"@type\":\"Organization\",\"@id\":\"https:\/\/www.carmelitaniscalzi.com\/#organization\",\"name\":\"CARMELITANI SCALZI - Curia Generale del Carmelo Teresiano\",\"url\":\"https:\/\/www.carmelitaniscalzi.com\/\",\"logo\":{\"@type\":\"ImageObject\",\"inLanguage\":\"de\",\"@id\":\"https:\/\/www.carmelitaniscalzi.com\/#\/schema\/logo\/image\/\",\"url\":\"https:\/\/www.carmelitaniscalzi.com\/wp-content\/uploads\/2025\/11\/login-logo.png\",\"contentUrl\":\"https:\/\/www.carmelitaniscalzi.com\/wp-content\/uploads\/2025\/11\/login-logo.png\",\"width\":256,\"height\":256,\"caption\":\"CARMELITANI SCALZI - Curia Generale del Carmelo Teresiano\"},\"image\":{\"@id\":\"https:\/\/www.carmelitaniscalzi.com\/#\/schema\/logo\/image\/\"},\"sameAs\":[\"https:\/\/www.facebook.com\/Curia-Generalizia-Carmelitani-Scalzi-658766940887784\/\",\"https:\/\/x.com\/ocdcuria\",\"https:\/\/www.youtube.com\/channel\/UC2J5ZL0ycOY0qBSTCLX_NGQ\/videos\",\"https:\/\/www.instagram.com\/ocdinform\/\"]}]}<\/script>\n<!-- \/ Yoast SEO plugin. -->","yoast_head_json":{"title":"Sekret\u00e4r f\u00fcr die Missionen - UNBESCHUHTE KARMELITEN","robots":{"index":"index","follow":"follow","max-snippet":"max-snippet:-1","max-image-preview":"max-image-preview:large","max-video-preview":"max-video-preview:-1"},"canonical":"https:\/\/www.carmelitaniscalzi.com\/de\/generalkurie\/sekretaer-fuer-die-missionen\/","og_locale":"de_DE","og_type":"article","og_title":"Sekret\u00e4r f\u00fcr die Missionen - UNBESCHUHTE KARMELITEN","og_description":"Biografia Jer\u00f4me Paluku \u00e8 membro della Delegazione Generale San Giuseppe del Congo. \u00c8 nato il 29 settembre 1972 a Katamamba, nella parrocchia di Katwe (diocesi di Goma), nella Repubblica Democratica del Congo. Ha conosciuto il Carmelo attraverso i missionari Carmelitani (originari della Provincia spagnola di Castiglia) che animavano la parrocchia Nostra Signora del Monte Carmelo [&hellip;]","og_url":"https:\/\/www.carmelitaniscalzi.com\/de\/generalkurie\/sekretaer-fuer-die-missionen\/","og_site_name":"UNBESCHUHTE KARMELITEN","article_publisher":"https:\/\/www.facebook.com\/Curia-Generalizia-Carmelitani-Scalzi-658766940887784\/","article_modified_time":"2026-04-20T00:11:51+00:00","og_image":[{"width":600,"height":600,"url":"https:\/\/www.carmelitaniscalzi.com\/wp-content\/uploads\/2016\/02\/Segretario-Missioni.jpeg","type":"image\/jpeg"}],"twitter_card":"summary_large_image","twitter_site":"@ocdcuria","twitter_misc":{"Gesch\u00e4tzte Lesezeit":"3\u00a0Minuten"},"schema":{"@context":"https:\/\/schema.org","@graph":[{"@type":"WebPage","@id":"https:\/\/www.carmelitaniscalzi.com\/de\/generalkurie\/sekretaer-fuer-die-missionen\/","url":"https:\/\/www.carmelitaniscalzi.com\/de\/generalkurie\/sekretaer-fuer-die-missionen\/","name":"Sekret\u00e4r f\u00fcr die Missionen - UNBESCHUHTE KARMELITEN","isPartOf":{"@id":"https:\/\/www.carmelitaniscalzi.com\/#website"},"primaryImageOfPage":{"@id":"https:\/\/www.carmelitaniscalzi.com\/de\/generalkurie\/sekretaer-fuer-die-missionen\/#primaryimage"},"image":{"@id":"https:\/\/www.carmelitaniscalzi.com\/de\/generalkurie\/sekretaer-fuer-die-missionen\/#primaryimage"},"thumbnailUrl":"https:\/\/www.carmelitaniscalzi.com\/wp-content\/uploads\/2016\/02\/Segretario-Missioni.jpeg","datePublished":"2016-07-01T06:19:04+00:00","dateModified":"2026-04-20T00:11:51+00:00","breadcrumb":{"@id":"https:\/\/www.carmelitaniscalzi.com\/de\/generalkurie\/sekretaer-fuer-die-missionen\/#breadcrumb"},"inLanguage":"de","potentialAction":[{"@type":"ReadAction","target":["https:\/\/www.carmelitaniscalzi.com\/de\/generalkurie\/sekretaer-fuer-die-missionen\/"]}]},{"@type":"ImageObject","inLanguage":"de","@id":"https:\/\/www.carmelitaniscalzi.com\/de\/generalkurie\/sekretaer-fuer-die-missionen\/#primaryimage","url":"https:\/\/www.carmelitaniscalzi.com\/wp-content\/uploads\/2016\/02\/Segretario-Missioni.jpeg","contentUrl":"https:\/\/www.carmelitaniscalzi.com\/wp-content\/uploads\/2016\/02\/Segretario-Missioni.jpeg","width":600,"height":600},{"@type":"BreadcrumbList","@id":"https:\/\/www.carmelitaniscalzi.com\/de\/generalkurie\/sekretaer-fuer-die-missionen\/#breadcrumb","itemListElement":[{"@type":"ListItem","position":1,"name":"Home","item":"https:\/\/www.carmelitaniscalzi.com\/de\/"},{"@type":"ListItem","position":2,"name":"Generalkurie","item":"https:\/\/www.carmelitaniscalzi.com\/de\/generalkurie\/"},{"@type":"ListItem","position":3,"name":"Sekret\u00e4r f\u00fcr die Missionen"}]},{"@type":"WebSite","@id":"https:\/\/www.carmelitaniscalzi.com\/#website","url":"https:\/\/www.carmelitaniscalzi.com\/","name":"CARMELITANI SCALZI - Curia Generale del Carmelo Teresiano","description":"Generalkurie des Teresianischen Karmel","publisher":{"@id":"https:\/\/www.carmelitaniscalzi.com\/#organization"},"alternateName":"CARMELITANI SCALZI","potentialAction":[{"@type":"SearchAction","target":{"@type":"EntryPoint","urlTemplate":"https:\/\/www.carmelitaniscalzi.com\/?s={search_term_string}"},"query-input":{"@type":"PropertyValueSpecification","valueRequired":true,"valueName":"search_term_string"}}],"inLanguage":"de"},{"@type":"Organization","@id":"https:\/\/www.carmelitaniscalzi.com\/#organization","name":"CARMELITANI SCALZI - Curia Generale del Carmelo Teresiano","url":"https:\/\/www.carmelitaniscalzi.com\/","logo":{"@type":"ImageObject","inLanguage":"de","@id":"https:\/\/www.carmelitaniscalzi.com\/#\/schema\/logo\/image\/","url":"https:\/\/www.carmelitaniscalzi.com\/wp-content\/uploads\/2025\/11\/login-logo.png","contentUrl":"https:\/\/www.carmelitaniscalzi.com\/wp-content\/uploads\/2025\/11\/login-logo.png","width":256,"height":256,"caption":"CARMELITANI SCALZI - Curia Generale del Carmelo Teresiano"},"image":{"@id":"https:\/\/www.carmelitaniscalzi.com\/#\/schema\/logo\/image\/"},"sameAs":["https:\/\/www.facebook.com\/Curia-Generalizia-Carmelitani-Scalzi-658766940887784\/","https:\/\/x.com\/ocdcuria","https:\/\/www.youtube.com\/channel\/UC2J5ZL0ycOY0qBSTCLX_NGQ\/videos","https:\/\/www.instagram.com\/ocdinform\/"]}]}},"_links":{"self":[{"href":"https:\/\/www.carmelitaniscalzi.com\/de\/wp-json\/wp\/v2\/curia\/5504","targetHints":{"allow":["GET"]}}],"collection":[{"href":"https:\/\/www.carmelitaniscalzi.com\/de\/wp-json\/wp\/v2\/curia"}],"about":[{"href":"https:\/\/www.carmelitaniscalzi.com\/de\/wp-json\/wp\/v2\/types\/curia"}],"version-history":[{"count":2,"href":"https:\/\/www.carmelitaniscalzi.com\/de\/wp-json\/wp\/v2\/curia\/5504\/revisions"}],"predecessor-version":[{"id":582749,"href":"https:\/\/www.carmelitaniscalzi.com\/de\/wp-json\/wp\/v2\/curia\/5504\/revisions\/582749"}],"up":[{"embeddable":true,"href":"https:\/\/www.carmelitaniscalzi.com\/de\/wp-json\/wp\/v2\/curia\/5472"}],"wp:featuredmedia":[{"embeddable":true,"href":"https:\/\/www.carmelitaniscalzi.com\/de\/wp-json\/wp\/v2\/media\/52125"}],"wp:attachment":[{"href":"https:\/\/www.carmelitaniscalzi.com\/de\/wp-json\/wp\/v2\/media?parent=5504"}],"wp:term":[{"taxonomy":"carica_cauria","embeddable":true,"href":"https:\/\/www.carmelitaniscalzi.com\/de\/wp-json\/wp\/v2\/carica_cauria?post=5504"}],"curies":[{"name":"wp","href":"https:\/\/api.w.org\/{rel}","templated":true}]}}