{"id":5496,"date":"2016-07-01T08:05:24","date_gmt":"2016-07-01T06:05:24","guid":{"rendered":"https:\/\/www.carmelitaniscalzi.com\/de\/?page_id=5496"},"modified":"2023-06-15T17:52:42","modified_gmt":"2023-06-15T15:52:42","slug":"generalprokurator","status":"publish","type":"curia","link":"https:\/\/www.carmelitaniscalzi.com\/de\/generalkurie\/generalprokurator\/","title":{"rendered":"Generalprokurator"},"content":{"rendered":"<h3>Biography<\/h3>\n<p class=\"x_MsoNormal\"><span lang=\"DE\">P. Juan David wurde am 1. Mai 1965 in Masaya (Nicaragua) geboren und geh\u00f6rt der Provinz Zentralamerika an. Er hat m 8. Februar 1986 die zeitliche und am 5. Januar 1990 die feierliche Profess abgelegt. Die Priesterweihe empfing er am 6. Juni 1990.<\/span><\/p>\n<p class=\"x_MsoNormal\"><span lang=\"DE\">Nach dem Studium der Philosophie und Theologie in Guatemala (1990-1994), hat er das Lizentiat und das Doktorat in Kirchenrecht (<\/span><span lang=\"DE\">utroque iure) an der p\u00e4pstlichen Lateranuniversit\u00e4t in Rom erworben (1992-1998).<\/span><\/p>\n<p class=\"x_MsoNormal\"><span lang=\"DE\">Er war Richter (1998-2002) und Gerichtsvikar (2003-2022) am kirchlichen Gericht in Guatemala. P. Juan David war Assistent der F\u00f6deration der Unbeschuhten Karmelitinnen in Zentralamerika (2011-2022) und Kirchenrechtsprofessor am Teologato Salesiano \u2013 Universidad Mesoamericana (1998-2010) sowie am Seminar in Guatemala (1998-2011). Au\u00dferdem hatte er auch das Amt des Rektors der Kirche zur Hl.\u00a0<\/span>Teresa in Guatemala (2008-2014) und das des Provinrates (2011-2014) inne.<\/p>\n<p>&nbsp;<\/p>\n<p>&nbsp;<\/p>\n<p>&nbsp;<\/p>\n<h3>Activity<\/h3>\n<p>Die Definition des Amtes des Generalprokurators und seine Kompetenzen sind in den Nummern 189 und 190 der Konstitutionen beschrieben.<\/p>\n<p>In Nr. 189 hei\u00dft es, dass die vom Definitorium zu w\u00e4hlenden H\u00f6heren Amtstr\u00e4ger in der Generalkurie der Generalprokurator, der Generalsekret\u00e4r und der General\u00f6konom sind.<\/p>\n<p>In Nr. 190 hei\u00dft es, dass es Kompetenz des Generalprokurators ist, in Absprache mit dem Ordensgeneral und dem Definitorium je nach Sachlage die Angelegenheiten des Ordens vor dem Hl. Stuhl zu betreiben.<\/p>\n<p>Er ist der amtliche Vertreter des Ordens vor dem Vatikan und muss in Kontakt mit den verschiedenen Dikasterien und Kongregationen der r\u00f6mischen Kurie die verschiedenen F\u00e4lle und Angelegenheiten l\u00f6sen, die eine Intervention des Apostolischen Stuhles verlangen.<\/p>\n<p>Zur Unterst\u00fctzung der <strong><u>Provinzen<\/u><\/strong> und der <strong><u>Kl\u00f6ster der Schwestern<\/u><\/strong>, die das w\u00fcnschen, hat das B\u00fcro des Generalprokurators einen <strong><u>Leitfaden<\/u><\/strong> f\u00fcr die Verwaltungsvorg\u00e4nge in den verschiedenen F\u00e4llen erarbeitet und allen zur Verf\u00fcgung gestellt. Darin werden die einzelnen Schritte und die Dokumente beschrieben, die nach den Konstitutionen des Ordens und dem Kirchenrecht f\u00fcr die L\u00f6sung jedes Falles eingereicht und nach Rom gesandt werden m\u00fcssen.<\/p>\n<p>Der Generalprokurator ist bereit, bei der L\u00f6sung der rechtlichen F\u00e4llen und der zu folgenden Praxis mit Rat und Tat zu helfen.<\/p>\n","protected":false},"featured_media":251302,"parent":5472,"menu_order":4,"template":"","format":"standard","meta":{"_acf_changed":false,"footnotes":""},"carica_cauria":[822],"class_list":["post-5496","curia","type-curia","status-publish","format-standard","has-post-thumbnail","hentry","carica_cauria-andere-bueros"],"acf":[],"yoast_head":"<!-- This site is optimized with the Yoast SEO plugin v26.3 - https:\/\/yoast.com\/wordpress\/plugins\/seo\/ -->\n<title>Generalprokurator - UNBESCHUHTE KARMELITEN<\/title>\n<meta name=\"robots\" content=\"index, follow, max-snippet:-1, max-image-preview:large, max-video-preview:-1\" \/>\n<link rel=\"canonical\" href=\"https:\/\/www.carmelitaniscalzi.com\/de\/generalkurie\/generalprokurator\/\" \/>\n<meta property=\"og:locale\" content=\"de_DE\" \/>\n<meta property=\"og:type\" content=\"article\" \/>\n<meta property=\"og:title\" content=\"Generalprokurator - UNBESCHUHTE KARMELITEN\" \/>\n<meta property=\"og:description\" content=\"Biography P. Juan David wurde am 1. Mai 1965 in Masaya (Nicaragua) geboren und geh\u00f6rt der Provinz Zentralamerika an. Er hat m 8. Februar 1986 die zeitliche und am 5. Januar 1990 die feierliche Profess abgelegt. Die Priesterweihe empfing er am 6. Juni 1990. Nach dem Studium der Philosophie und Theologie in Guatemala (1990-1994), hat [&hellip;]\" \/>\n<meta property=\"og:url\" content=\"https:\/\/www.carmelitaniscalzi.com\/de\/generalkurie\/generalprokurator\/\" \/>\n<meta property=\"og:site_name\" content=\"UNBESCHUHTE KARMELITEN\" \/>\n<meta property=\"article:publisher\" content=\"https:\/\/www.facebook.com\/Curia-Generalizia-Carmelitani-Scalzi-658766940887784\/\" \/>\n<meta property=\"article:modified_time\" content=\"2023-06-15T15:52:42+00:00\" \/>\n<meta property=\"og:image\" content=\"https:\/\/www.carmelitaniscalzi.com\/wp-content\/uploads\/2023\/06\/juan_david_profile.jpg\" \/>\n\t<meta property=\"og:image:width\" content=\"600\" \/>\n\t<meta property=\"og:image:height\" content=\"600\" \/>\n\t<meta property=\"og:image:type\" content=\"image\/jpeg\" \/>\n<meta name=\"twitter:card\" content=\"summary_large_image\" \/>\n<meta name=\"twitter:site\" content=\"@ocdcuria\" \/>\n<meta name=\"twitter:label1\" content=\"Gesch\u00e4tzte Lesezeit\" \/>\n\t<meta name=\"twitter:data1\" content=\"2\u00a0Minuten\" \/>\n<script type=\"application\/ld+json\" class=\"yoast-schema-graph\">{\"@context\":\"https:\/\/schema.org\",\"@graph\":[{\"@type\":\"WebPage\",\"@id\":\"https:\/\/www.carmelitaniscalzi.com\/de\/generalkurie\/generalprokurator\/\",\"url\":\"https:\/\/www.carmelitaniscalzi.com\/de\/generalkurie\/generalprokurator\/\",\"name\":\"Generalprokurator - UNBESCHUHTE KARMELITEN\",\"isPartOf\":{\"@id\":\"https:\/\/www.carmelitaniscalzi.com\/#website\"},\"primaryImageOfPage\":{\"@id\":\"https:\/\/www.carmelitaniscalzi.com\/de\/generalkurie\/generalprokurator\/#primaryimage\"},\"image\":{\"@id\":\"https:\/\/www.carmelitaniscalzi.com\/de\/generalkurie\/generalprokurator\/#primaryimage\"},\"thumbnailUrl\":\"https:\/\/www.carmelitaniscalzi.com\/wp-content\/uploads\/2023\/06\/juan_david_profile.jpg\",\"datePublished\":\"2016-07-01T06:05:24+00:00\",\"dateModified\":\"2023-06-15T15:52:42+00:00\",\"breadcrumb\":{\"@id\":\"https:\/\/www.carmelitaniscalzi.com\/de\/generalkurie\/generalprokurator\/#breadcrumb\"},\"inLanguage\":\"de\",\"potentialAction\":[{\"@type\":\"ReadAction\",\"target\":[\"https:\/\/www.carmelitaniscalzi.com\/de\/generalkurie\/generalprokurator\/\"]}]},{\"@type\":\"ImageObject\",\"inLanguage\":\"de\",\"@id\":\"https:\/\/www.carmelitaniscalzi.com\/de\/generalkurie\/generalprokurator\/#primaryimage\",\"url\":\"https:\/\/www.carmelitaniscalzi.com\/wp-content\/uploads\/2023\/06\/juan_david_profile.jpg\",\"contentUrl\":\"https:\/\/www.carmelitaniscalzi.com\/wp-content\/uploads\/2023\/06\/juan_david_profile.jpg\",\"width\":600,\"height\":600},{\"@type\":\"BreadcrumbList\",\"@id\":\"https:\/\/www.carmelitaniscalzi.com\/de\/generalkurie\/generalprokurator\/#breadcrumb\",\"itemListElement\":[{\"@type\":\"ListItem\",\"position\":1,\"name\":\"Home\",\"item\":\"https:\/\/www.carmelitaniscalzi.com\/de\/\"},{\"@type\":\"ListItem\",\"position\":2,\"name\":\"Generalkurie\",\"item\":\"https:\/\/www.carmelitaniscalzi.com\/de\/generalkurie\/\"},{\"@type\":\"ListItem\",\"position\":3,\"name\":\"Generalprokurator\"}]},{\"@type\":\"WebSite\",\"@id\":\"https:\/\/www.carmelitaniscalzi.com\/#website\",\"url\":\"https:\/\/www.carmelitaniscalzi.com\/\",\"name\":\"CARMELITANI SCALZI - Curia Generale del Carmelo Teresiano\",\"description\":\"Generalkurie des Teresianischen Karmel\",\"publisher\":{\"@id\":\"https:\/\/www.carmelitaniscalzi.com\/#organization\"},\"alternateName\":\"CARMELITANI SCALZI\",\"potentialAction\":[{\"@type\":\"SearchAction\",\"target\":{\"@type\":\"EntryPoint\",\"urlTemplate\":\"https:\/\/www.carmelitaniscalzi.com\/?s={search_term_string}\"},\"query-input\":{\"@type\":\"PropertyValueSpecification\",\"valueRequired\":true,\"valueName\":\"search_term_string\"}}],\"inLanguage\":\"de\"},{\"@type\":\"Organization\",\"@id\":\"https:\/\/www.carmelitaniscalzi.com\/#organization\",\"name\":\"CARMELITANI SCALZI - Curia Generale del Carmelo Teresiano\",\"url\":\"https:\/\/www.carmelitaniscalzi.com\/\",\"logo\":{\"@type\":\"ImageObject\",\"inLanguage\":\"de\",\"@id\":\"https:\/\/www.carmelitaniscalzi.com\/#\/schema\/logo\/image\/\",\"url\":\"https:\/\/www.carmelitaniscalzi.com\/wp-content\/uploads\/2025\/11\/login-logo.png\",\"contentUrl\":\"https:\/\/www.carmelitaniscalzi.com\/wp-content\/uploads\/2025\/11\/login-logo.png\",\"width\":256,\"height\":256,\"caption\":\"CARMELITANI SCALZI - Curia Generale del Carmelo Teresiano\"},\"image\":{\"@id\":\"https:\/\/www.carmelitaniscalzi.com\/#\/schema\/logo\/image\/\"},\"sameAs\":[\"https:\/\/www.facebook.com\/Curia-Generalizia-Carmelitani-Scalzi-658766940887784\/\",\"https:\/\/x.com\/ocdcuria\",\"https:\/\/www.youtube.com\/channel\/UC2J5ZL0ycOY0qBSTCLX_NGQ\/videos\",\"https:\/\/www.instagram.com\/ocdinform\/\"]}]}<\/script>\n<!-- \/ Yoast SEO plugin. -->","yoast_head_json":{"title":"Generalprokurator - UNBESCHUHTE KARMELITEN","robots":{"index":"index","follow":"follow","max-snippet":"max-snippet:-1","max-image-preview":"max-image-preview:large","max-video-preview":"max-video-preview:-1"},"canonical":"https:\/\/www.carmelitaniscalzi.com\/de\/generalkurie\/generalprokurator\/","og_locale":"de_DE","og_type":"article","og_title":"Generalprokurator - UNBESCHUHTE KARMELITEN","og_description":"Biography P. Juan David wurde am 1. Mai 1965 in Masaya (Nicaragua) geboren und geh\u00f6rt der Provinz Zentralamerika an. Er hat m 8. Februar 1986 die zeitliche und am 5. Januar 1990 die feierliche Profess abgelegt. Die Priesterweihe empfing er am 6. Juni 1990. Nach dem Studium der Philosophie und Theologie in Guatemala (1990-1994), hat [&hellip;]","og_url":"https:\/\/www.carmelitaniscalzi.com\/de\/generalkurie\/generalprokurator\/","og_site_name":"UNBESCHUHTE KARMELITEN","article_publisher":"https:\/\/www.facebook.com\/Curia-Generalizia-Carmelitani-Scalzi-658766940887784\/","article_modified_time":"2023-06-15T15:52:42+00:00","og_image":[{"width":600,"height":600,"url":"https:\/\/www.carmelitaniscalzi.com\/wp-content\/uploads\/2023\/06\/juan_david_profile.jpg","type":"image\/jpeg"}],"twitter_card":"summary_large_image","twitter_site":"@ocdcuria","twitter_misc":{"Gesch\u00e4tzte Lesezeit":"2\u00a0Minuten"},"schema":{"@context":"https:\/\/schema.org","@graph":[{"@type":"WebPage","@id":"https:\/\/www.carmelitaniscalzi.com\/de\/generalkurie\/generalprokurator\/","url":"https:\/\/www.carmelitaniscalzi.com\/de\/generalkurie\/generalprokurator\/","name":"Generalprokurator - UNBESCHUHTE KARMELITEN","isPartOf":{"@id":"https:\/\/www.carmelitaniscalzi.com\/#website"},"primaryImageOfPage":{"@id":"https:\/\/www.carmelitaniscalzi.com\/de\/generalkurie\/generalprokurator\/#primaryimage"},"image":{"@id":"https:\/\/www.carmelitaniscalzi.com\/de\/generalkurie\/generalprokurator\/#primaryimage"},"thumbnailUrl":"https:\/\/www.carmelitaniscalzi.com\/wp-content\/uploads\/2023\/06\/juan_david_profile.jpg","datePublished":"2016-07-01T06:05:24+00:00","dateModified":"2023-06-15T15:52:42+00:00","breadcrumb":{"@id":"https:\/\/www.carmelitaniscalzi.com\/de\/generalkurie\/generalprokurator\/#breadcrumb"},"inLanguage":"de","potentialAction":[{"@type":"ReadAction","target":["https:\/\/www.carmelitaniscalzi.com\/de\/generalkurie\/generalprokurator\/"]}]},{"@type":"ImageObject","inLanguage":"de","@id":"https:\/\/www.carmelitaniscalzi.com\/de\/generalkurie\/generalprokurator\/#primaryimage","url":"https:\/\/www.carmelitaniscalzi.com\/wp-content\/uploads\/2023\/06\/juan_david_profile.jpg","contentUrl":"https:\/\/www.carmelitaniscalzi.com\/wp-content\/uploads\/2023\/06\/juan_david_profile.jpg","width":600,"height":600},{"@type":"BreadcrumbList","@id":"https:\/\/www.carmelitaniscalzi.com\/de\/generalkurie\/generalprokurator\/#breadcrumb","itemListElement":[{"@type":"ListItem","position":1,"name":"Home","item":"https:\/\/www.carmelitaniscalzi.com\/de\/"},{"@type":"ListItem","position":2,"name":"Generalkurie","item":"https:\/\/www.carmelitaniscalzi.com\/de\/generalkurie\/"},{"@type":"ListItem","position":3,"name":"Generalprokurator"}]},{"@type":"WebSite","@id":"https:\/\/www.carmelitaniscalzi.com\/#website","url":"https:\/\/www.carmelitaniscalzi.com\/","name":"CARMELITANI SCALZI - Curia Generale del Carmelo Teresiano","description":"Generalkurie des Teresianischen Karmel","publisher":{"@id":"https:\/\/www.carmelitaniscalzi.com\/#organization"},"alternateName":"CARMELITANI SCALZI","potentialAction":[{"@type":"SearchAction","target":{"@type":"EntryPoint","urlTemplate":"https:\/\/www.carmelitaniscalzi.com\/?s={search_term_string}"},"query-input":{"@type":"PropertyValueSpecification","valueRequired":true,"valueName":"search_term_string"}}],"inLanguage":"de"},{"@type":"Organization","@id":"https:\/\/www.carmelitaniscalzi.com\/#organization","name":"CARMELITANI SCALZI - Curia Generale del Carmelo Teresiano","url":"https:\/\/www.carmelitaniscalzi.com\/","logo":{"@type":"ImageObject","inLanguage":"de","@id":"https:\/\/www.carmelitaniscalzi.com\/#\/schema\/logo\/image\/","url":"https:\/\/www.carmelitaniscalzi.com\/wp-content\/uploads\/2025\/11\/login-logo.png","contentUrl":"https:\/\/www.carmelitaniscalzi.com\/wp-content\/uploads\/2025\/11\/login-logo.png","width":256,"height":256,"caption":"CARMELITANI SCALZI - Curia Generale del Carmelo Teresiano"},"image":{"@id":"https:\/\/www.carmelitaniscalzi.com\/#\/schema\/logo\/image\/"},"sameAs":["https:\/\/www.facebook.com\/Curia-Generalizia-Carmelitani-Scalzi-658766940887784\/","https:\/\/x.com\/ocdcuria","https:\/\/www.youtube.com\/channel\/UC2J5ZL0ycOY0qBSTCLX_NGQ\/videos","https:\/\/www.instagram.com\/ocdinform\/"]}]}},"_links":{"self":[{"href":"https:\/\/www.carmelitaniscalzi.com\/de\/wp-json\/wp\/v2\/curia\/5496","targetHints":{"allow":["GET"]}}],"collection":[{"href":"https:\/\/www.carmelitaniscalzi.com\/de\/wp-json\/wp\/v2\/curia"}],"about":[{"href":"https:\/\/www.carmelitaniscalzi.com\/de\/wp-json\/wp\/v2\/types\/curia"}],"version-history":[{"count":6,"href":"https:\/\/www.carmelitaniscalzi.com\/de\/wp-json\/wp\/v2\/curia\/5496\/revisions"}],"predecessor-version":[{"id":251344,"href":"https:\/\/www.carmelitaniscalzi.com\/de\/wp-json\/wp\/v2\/curia\/5496\/revisions\/251344"}],"up":[{"embeddable":true,"href":"https:\/\/www.carmelitaniscalzi.com\/de\/wp-json\/wp\/v2\/curia\/5472"}],"wp:featuredmedia":[{"embeddable":true,"href":"https:\/\/www.carmelitaniscalzi.com\/de\/wp-json\/wp\/v2\/media\/251302"}],"wp:attachment":[{"href":"https:\/\/www.carmelitaniscalzi.com\/de\/wp-json\/wp\/v2\/media?parent=5496"}],"wp:term":[{"taxonomy":"carica_cauria","embeddable":true,"href":"https:\/\/www.carmelitaniscalzi.com\/de\/wp-json\/wp\/v2\/carica_cauria?post=5496"}],"curies":[{"name":"wp","href":"https:\/\/api.w.org\/{rel}","templated":true}]}}