{"id":5490,"date":"2016-07-01T07:52:37","date_gmt":"2016-07-01T05:52:37","guid":{"rendered":"https:\/\/www.carmelitaniscalzi.com\/de\/?page_id=5490"},"modified":"2022-01-19T18:14:07","modified_gmt":"2022-01-19T17:14:07","slug":"vi-definitor","status":"publish","type":"curia","link":"https:\/\/www.carmelitaniscalzi.com\/de\/generalkurie\/definitoren\/vi-definitor\/","title":{"rendered":"VI Definitor \u2022 Provinz Mexiko"},"content":{"rendered":"<h3><\/h3>\n<h3>Biografie<\/h3>\n<p>Geboren am 29. Juli 1966 in Apatzing\u00e1n Michoac\u00e1n, Mexiko, trat er am 1. September 1984 in den Orden ein und legte am 8. August 1986 die erste und am 7. August 1991 seine Feierliche Profess ab. Von 1986 bis 1988 studierte er am Palafox-Seminar in Puebla Philosophie und erlangte von 1988 bis 1992 am Collegium Maximum S. J. Cristo Rey in Mexiko-Stadt das Bakkalaureat in Theologie. Am 20. Juli 1994 wurde er in Guadalajara in Mexiko zum Priester geweiht. Ab Oktober 1993 setzte er seine Studien am P\u00e4pstlichen Bibelinstitut in Rom fort und schloss es mit dem Lizentiat in Hl. Schrift ab. Von Oktober 2007 bis Juni 2009 hat er am CITeS in \u00c1vila einen Master in Mystik erworben. Im Dezember 2015 wurde er an der Universit\u00e4t Comillas in Madrid mit einer Arbeit \u00fcber die biblischen Wurzeln der teresianischen Mystik zum Doktor der Theologie promoviert.<\/p>\n<p>Er war von 1997-1998 Magister f\u00fcr die Theologiestudenten, 1999-2001 Novizenmeister, 2003-2004 Posatulantenmagister.<\/p>\n<p>Von 1999-2004 war er Provinzrat f\u00fcr die Ausbildung, von 2005-2007 Prior von San Joaqu\u00edn in Mexiko-Stadt, von 2009-2012 Prior in Alba de Tormes in Spanien, und 2015 Prior des Konvents San \u00c1ngel in Mexiko-Stadt.<\/p>\n<p>Er war am Collegium Maximum S. J. Cristo Rey in Mexiko-Stadt Professor f\u00fcr Einleitung in die Hl. Schrift und die Paulusbriefe, am Studienzentrum f\u00fcr menschliche Werte (CEVHAC), am interkongregationalem Seminar in Mexiko (IFTIM) und am Theologiekolleg der Franziskaner (OFM).<\/p>\n<p>Er ist Verfasser folgender Schriften: El\u00edas el que est\u00e1 de pie ante el rostro de Dios 2004, Schwester Elisabeth, Sch\u00fclerin des hl. Paulus 2007, verschiedener Artikel in Sammelwerken 2010 und der Zeitschrift Miriam 2013.<\/p>\n<p>&nbsp;<\/p>\n","protected":false},"featured_media":111572,"parent":5476,"menu_order":6,"template":"","format":"standard","meta":{"_acf_changed":false,"footnotes":""},"carica_cauria":[824],"class_list":["post-5490","curia","type-curia","status-publish","format-standard","has-post-thumbnail","hentry","carica_cauria-definitoren"],"acf":[],"yoast_head":"<!-- This site is optimized with the Yoast SEO plugin v26.3 - https:\/\/yoast.com\/wordpress\/plugins\/seo\/ -->\n<title>VI Definitor \u2022 Provinz Mexiko - UNBESCHUHTE KARMELITEN<\/title>\n<meta name=\"robots\" content=\"index, follow, max-snippet:-1, max-image-preview:large, max-video-preview:-1\" \/>\n<link rel=\"canonical\" href=\"https:\/\/www.carmelitaniscalzi.com\/de\/generalkurie\/definitoren\/vi-definitor\/\" \/>\n<meta property=\"og:locale\" content=\"de_DE\" \/>\n<meta property=\"og:type\" content=\"article\" \/>\n<meta property=\"og:title\" content=\"VI Definitor \u2022 Provinz Mexiko - UNBESCHUHTE KARMELITEN\" \/>\n<meta property=\"og:description\" content=\"Biografie Geboren am 29. Juli 1966 in Apatzing\u00e1n Michoac\u00e1n, Mexiko, trat er am 1. September 1984 in den Orden ein und legte am 8. August 1986 die erste und am 7. August 1991 seine Feierliche Profess ab. Von 1986 bis 1988 studierte er am Palafox-Seminar in Puebla Philosophie und erlangte von 1988 bis 1992 am [&hellip;]\" \/>\n<meta property=\"og:url\" content=\"https:\/\/www.carmelitaniscalzi.com\/de\/generalkurie\/definitoren\/vi-definitor\/\" \/>\n<meta property=\"og:site_name\" content=\"UNBESCHUHTE KARMELITEN\" \/>\n<meta property=\"article:publisher\" content=\"https:\/\/www.facebook.com\/Curia-Generalizia-Carmelitani-Scalzi-658766940887784\/\" \/>\n<meta property=\"article:modified_time\" content=\"2022-01-19T17:14:07+00:00\" \/>\n<meta property=\"og:image\" content=\"https:\/\/www.carmelitaniscalzi.com\/wp-content\/uploads\/2022\/01\/martin_profile.jpg\" \/>\n\t<meta property=\"og:image:width\" content=\"600\" \/>\n\t<meta property=\"og:image:height\" content=\"600\" \/>\n\t<meta property=\"og:image:type\" content=\"image\/jpeg\" \/>\n<meta name=\"twitter:card\" content=\"summary_large_image\" \/>\n<meta name=\"twitter:site\" content=\"@ocdcuria\" \/>\n<meta name=\"twitter:label1\" content=\"Gesch\u00e4tzte Lesezeit\" \/>\n\t<meta name=\"twitter:data1\" content=\"1\u00a0Minute\" \/>\n<script type=\"application\/ld+json\" class=\"yoast-schema-graph\">{\"@context\":\"https:\/\/schema.org\",\"@graph\":[{\"@type\":\"WebPage\",\"@id\":\"https:\/\/www.carmelitaniscalzi.com\/de\/generalkurie\/definitoren\/vi-definitor\/\",\"url\":\"https:\/\/www.carmelitaniscalzi.com\/de\/generalkurie\/definitoren\/vi-definitor\/\",\"name\":\"VI Definitor \u2022 Provinz Mexiko - UNBESCHUHTE KARMELITEN\",\"isPartOf\":{\"@id\":\"https:\/\/www.carmelitaniscalzi.com\/#website\"},\"primaryImageOfPage\":{\"@id\":\"https:\/\/www.carmelitaniscalzi.com\/de\/generalkurie\/definitoren\/vi-definitor\/#primaryimage\"},\"image\":{\"@id\":\"https:\/\/www.carmelitaniscalzi.com\/de\/generalkurie\/definitoren\/vi-definitor\/#primaryimage\"},\"thumbnailUrl\":\"https:\/\/www.carmelitaniscalzi.com\/wp-content\/uploads\/2022\/01\/martin_profile.jpg\",\"datePublished\":\"2016-07-01T05:52:37+00:00\",\"dateModified\":\"2022-01-19T17:14:07+00:00\",\"breadcrumb\":{\"@id\":\"https:\/\/www.carmelitaniscalzi.com\/de\/generalkurie\/definitoren\/vi-definitor\/#breadcrumb\"},\"inLanguage\":\"de\",\"potentialAction\":[{\"@type\":\"ReadAction\",\"target\":[\"https:\/\/www.carmelitaniscalzi.com\/de\/generalkurie\/definitoren\/vi-definitor\/\"]}]},{\"@type\":\"ImageObject\",\"inLanguage\":\"de\",\"@id\":\"https:\/\/www.carmelitaniscalzi.com\/de\/generalkurie\/definitoren\/vi-definitor\/#primaryimage\",\"url\":\"https:\/\/www.carmelitaniscalzi.com\/wp-content\/uploads\/2022\/01\/martin_profile.jpg\",\"contentUrl\":\"https:\/\/www.carmelitaniscalzi.com\/wp-content\/uploads\/2022\/01\/martin_profile.jpg\",\"width\":600,\"height\":600},{\"@type\":\"BreadcrumbList\",\"@id\":\"https:\/\/www.carmelitaniscalzi.com\/de\/generalkurie\/definitoren\/vi-definitor\/#breadcrumb\",\"itemListElement\":[{\"@type\":\"ListItem\",\"position\":1,\"name\":\"Home\",\"item\":\"https:\/\/www.carmelitaniscalzi.com\/de\/\"},{\"@type\":\"ListItem\",\"position\":2,\"name\":\"Generalkurie\",\"item\":\"https:\/\/www.carmelitaniscalzi.com\/de\/generalkurie\/\"},{\"@type\":\"ListItem\",\"position\":3,\"name\":\"Definitoren\",\"item\":\"https:\/\/www.carmelitaniscalzi.com\/de\/generalkurie\/definitoren\/\"},{\"@type\":\"ListItem\",\"position\":4,\"name\":\"VI Definitor \u2022 Provinz Mexiko\"}]},{\"@type\":\"WebSite\",\"@id\":\"https:\/\/www.carmelitaniscalzi.com\/#website\",\"url\":\"https:\/\/www.carmelitaniscalzi.com\/\",\"name\":\"CARMELITANI SCALZI - Curia Generale del Carmelo Teresiano\",\"description\":\"Generalkurie des Teresianischen Karmel\",\"publisher\":{\"@id\":\"https:\/\/www.carmelitaniscalzi.com\/#organization\"},\"alternateName\":\"CARMELITANI SCALZI\",\"potentialAction\":[{\"@type\":\"SearchAction\",\"target\":{\"@type\":\"EntryPoint\",\"urlTemplate\":\"https:\/\/www.carmelitaniscalzi.com\/?s={search_term_string}\"},\"query-input\":{\"@type\":\"PropertyValueSpecification\",\"valueRequired\":true,\"valueName\":\"search_term_string\"}}],\"inLanguage\":\"de\"},{\"@type\":\"Organization\",\"@id\":\"https:\/\/www.carmelitaniscalzi.com\/#organization\",\"name\":\"CARMELITANI SCALZI - Curia Generale del Carmelo Teresiano\",\"url\":\"https:\/\/www.carmelitaniscalzi.com\/\",\"logo\":{\"@type\":\"ImageObject\",\"inLanguage\":\"de\",\"@id\":\"https:\/\/www.carmelitaniscalzi.com\/#\/schema\/logo\/image\/\",\"url\":\"https:\/\/www.carmelitaniscalzi.com\/wp-content\/uploads\/2025\/11\/login-logo.png\",\"contentUrl\":\"https:\/\/www.carmelitaniscalzi.com\/wp-content\/uploads\/2025\/11\/login-logo.png\",\"width\":256,\"height\":256,\"caption\":\"CARMELITANI SCALZI - Curia Generale del Carmelo Teresiano\"},\"image\":{\"@id\":\"https:\/\/www.carmelitaniscalzi.com\/#\/schema\/logo\/image\/\"},\"sameAs\":[\"https:\/\/www.facebook.com\/Curia-Generalizia-Carmelitani-Scalzi-658766940887784\/\",\"https:\/\/x.com\/ocdcuria\",\"https:\/\/www.youtube.com\/channel\/UC2J5ZL0ycOY0qBSTCLX_NGQ\/videos\",\"https:\/\/www.instagram.com\/ocdinform\/\"]}]}<\/script>\n<!-- \/ Yoast SEO plugin. -->","yoast_head_json":{"title":"VI Definitor \u2022 Provinz Mexiko - UNBESCHUHTE KARMELITEN","robots":{"index":"index","follow":"follow","max-snippet":"max-snippet:-1","max-image-preview":"max-image-preview:large","max-video-preview":"max-video-preview:-1"},"canonical":"https:\/\/www.carmelitaniscalzi.com\/de\/generalkurie\/definitoren\/vi-definitor\/","og_locale":"de_DE","og_type":"article","og_title":"VI Definitor \u2022 Provinz Mexiko - UNBESCHUHTE KARMELITEN","og_description":"Biografie Geboren am 29. Juli 1966 in Apatzing\u00e1n Michoac\u00e1n, Mexiko, trat er am 1. September 1984 in den Orden ein und legte am 8. August 1986 die erste und am 7. August 1991 seine Feierliche Profess ab. Von 1986 bis 1988 studierte er am Palafox-Seminar in Puebla Philosophie und erlangte von 1988 bis 1992 am [&hellip;]","og_url":"https:\/\/www.carmelitaniscalzi.com\/de\/generalkurie\/definitoren\/vi-definitor\/","og_site_name":"UNBESCHUHTE KARMELITEN","article_publisher":"https:\/\/www.facebook.com\/Curia-Generalizia-Carmelitani-Scalzi-658766940887784\/","article_modified_time":"2022-01-19T17:14:07+00:00","og_image":[{"width":600,"height":600,"url":"https:\/\/www.carmelitaniscalzi.com\/wp-content\/uploads\/2022\/01\/martin_profile.jpg","type":"image\/jpeg"}],"twitter_card":"summary_large_image","twitter_site":"@ocdcuria","twitter_misc":{"Gesch\u00e4tzte Lesezeit":"1\u00a0Minute"},"schema":{"@context":"https:\/\/schema.org","@graph":[{"@type":"WebPage","@id":"https:\/\/www.carmelitaniscalzi.com\/de\/generalkurie\/definitoren\/vi-definitor\/","url":"https:\/\/www.carmelitaniscalzi.com\/de\/generalkurie\/definitoren\/vi-definitor\/","name":"VI Definitor \u2022 Provinz Mexiko - UNBESCHUHTE KARMELITEN","isPartOf":{"@id":"https:\/\/www.carmelitaniscalzi.com\/#website"},"primaryImageOfPage":{"@id":"https:\/\/www.carmelitaniscalzi.com\/de\/generalkurie\/definitoren\/vi-definitor\/#primaryimage"},"image":{"@id":"https:\/\/www.carmelitaniscalzi.com\/de\/generalkurie\/definitoren\/vi-definitor\/#primaryimage"},"thumbnailUrl":"https:\/\/www.carmelitaniscalzi.com\/wp-content\/uploads\/2022\/01\/martin_profile.jpg","datePublished":"2016-07-01T05:52:37+00:00","dateModified":"2022-01-19T17:14:07+00:00","breadcrumb":{"@id":"https:\/\/www.carmelitaniscalzi.com\/de\/generalkurie\/definitoren\/vi-definitor\/#breadcrumb"},"inLanguage":"de","potentialAction":[{"@type":"ReadAction","target":["https:\/\/www.carmelitaniscalzi.com\/de\/generalkurie\/definitoren\/vi-definitor\/"]}]},{"@type":"ImageObject","inLanguage":"de","@id":"https:\/\/www.carmelitaniscalzi.com\/de\/generalkurie\/definitoren\/vi-definitor\/#primaryimage","url":"https:\/\/www.carmelitaniscalzi.com\/wp-content\/uploads\/2022\/01\/martin_profile.jpg","contentUrl":"https:\/\/www.carmelitaniscalzi.com\/wp-content\/uploads\/2022\/01\/martin_profile.jpg","width":600,"height":600},{"@type":"BreadcrumbList","@id":"https:\/\/www.carmelitaniscalzi.com\/de\/generalkurie\/definitoren\/vi-definitor\/#breadcrumb","itemListElement":[{"@type":"ListItem","position":1,"name":"Home","item":"https:\/\/www.carmelitaniscalzi.com\/de\/"},{"@type":"ListItem","position":2,"name":"Generalkurie","item":"https:\/\/www.carmelitaniscalzi.com\/de\/generalkurie\/"},{"@type":"ListItem","position":3,"name":"Definitoren","item":"https:\/\/www.carmelitaniscalzi.com\/de\/generalkurie\/definitoren\/"},{"@type":"ListItem","position":4,"name":"VI Definitor \u2022 Provinz Mexiko"}]},{"@type":"WebSite","@id":"https:\/\/www.carmelitaniscalzi.com\/#website","url":"https:\/\/www.carmelitaniscalzi.com\/","name":"CARMELITANI SCALZI - Curia Generale del Carmelo Teresiano","description":"Generalkurie des Teresianischen Karmel","publisher":{"@id":"https:\/\/www.carmelitaniscalzi.com\/#organization"},"alternateName":"CARMELITANI SCALZI","potentialAction":[{"@type":"SearchAction","target":{"@type":"EntryPoint","urlTemplate":"https:\/\/www.carmelitaniscalzi.com\/?s={search_term_string}"},"query-input":{"@type":"PropertyValueSpecification","valueRequired":true,"valueName":"search_term_string"}}],"inLanguage":"de"},{"@type":"Organization","@id":"https:\/\/www.carmelitaniscalzi.com\/#organization","name":"CARMELITANI SCALZI - Curia Generale del Carmelo Teresiano","url":"https:\/\/www.carmelitaniscalzi.com\/","logo":{"@type":"ImageObject","inLanguage":"de","@id":"https:\/\/www.carmelitaniscalzi.com\/#\/schema\/logo\/image\/","url":"https:\/\/www.carmelitaniscalzi.com\/wp-content\/uploads\/2025\/11\/login-logo.png","contentUrl":"https:\/\/www.carmelitaniscalzi.com\/wp-content\/uploads\/2025\/11\/login-logo.png","width":256,"height":256,"caption":"CARMELITANI SCALZI - Curia Generale del Carmelo Teresiano"},"image":{"@id":"https:\/\/www.carmelitaniscalzi.com\/#\/schema\/logo\/image\/"},"sameAs":["https:\/\/www.facebook.com\/Curia-Generalizia-Carmelitani-Scalzi-658766940887784\/","https:\/\/x.com\/ocdcuria","https:\/\/www.youtube.com\/channel\/UC2J5ZL0ycOY0qBSTCLX_NGQ\/videos","https:\/\/www.instagram.com\/ocdinform\/"]}]}},"_links":{"self":[{"href":"https:\/\/www.carmelitaniscalzi.com\/de\/wp-json\/wp\/v2\/curia\/5490","targetHints":{"allow":["GET"]}}],"collection":[{"href":"https:\/\/www.carmelitaniscalzi.com\/de\/wp-json\/wp\/v2\/curia"}],"about":[{"href":"https:\/\/www.carmelitaniscalzi.com\/de\/wp-json\/wp\/v2\/types\/curia"}],"version-history":[{"count":4,"href":"https:\/\/www.carmelitaniscalzi.com\/de\/wp-json\/wp\/v2\/curia\/5490\/revisions"}],"predecessor-version":[{"id":112009,"href":"https:\/\/www.carmelitaniscalzi.com\/de\/wp-json\/wp\/v2\/curia\/5490\/revisions\/112009"}],"up":[{"embeddable":true,"href":"https:\/\/www.carmelitaniscalzi.com\/de\/wp-json\/wp\/v2\/curia\/5476"}],"wp:featuredmedia":[{"embeddable":true,"href":"https:\/\/www.carmelitaniscalzi.com\/de\/wp-json\/wp\/v2\/media\/111572"}],"wp:attachment":[{"href":"https:\/\/www.carmelitaniscalzi.com\/de\/wp-json\/wp\/v2\/media?parent=5490"}],"wp:term":[{"taxonomy":"carica_cauria","embeddable":true,"href":"https:\/\/www.carmelitaniscalzi.com\/de\/wp-json\/wp\/v2\/carica_cauria?post=5490"}],"curies":[{"name":"wp","href":"https:\/\/api.w.org\/{rel}","templated":true}]}}