{"id":5488,"date":"2016-07-01T07:50:26","date_gmt":"2016-07-01T05:50:26","guid":{"rendered":"https:\/\/www.carmelitaniscalzi.com\/de\/?page_id=5488"},"modified":"2022-01-19T18:12:43","modified_gmt":"2022-01-19T17:12:43","slug":"v-definitor","status":"publish","type":"curia","link":"https:\/\/www.carmelitaniscalzi.com\/de\/generalkurie\/definitoren\/v-definitor\/","title":{"rendered":"V Definitor \u2022 Kommissariat Indonesien"},"content":{"rendered":"<h3><\/h3>\n<h3>Biografie<\/h3>\n<p>Geboren auf Flores am 27. M\u00e4rz 1968, trat er am 13. November 1991 in den Orden ein, legte am 14. November 1992 in Bjawa, Flores, seine erste, und am\u00a0 14. November 1997 in Kupang-Timor seine Feierliche Profess ab und wurde am 5. September 1999 in Bajawa zum Priester geweiht.<\/p>\n<p>Philosophie und Theologie hat er von 1992-1999 an der Katholischen Universit\u00e4t von Kupang in Indonesien studiert, hat von 2003-2004 den Kurs \u00fcber Spiritualit\u00e4t am CITeS in \u00c1vila absolviert, dann das Lizentiat an der Theologischen Fakult\u00e4t in Vitoria, Spanien, erworben und seine Studien 2019 mit dem Doktorat in Spiritualit\u00e4t in Burgos abgeschlossen.<\/p>\n<p>Von 1999-2002 war er Sozius des Magisters der Philosophiestudenten in Kupang, von 2006-2014 Professor f\u00fcr orientalische Philosophie, Kirchengeschichte und indonesische Kirchengeschichte an der Fakult\u00e4t f\u00fcr Philosophie und Theologie an der schon erw\u00e4hnten Katholischen Universit\u00e4t in Kupang, von 2006-2008 Oberer des Studienkonvents f\u00fcr Philosophie in Kupang, von 2008-2011 Provinzdelegat von Indonesien und von 2011-2014 Kommissariatsrat und Oberer des Theologiekollegs in Yogyakarta.<\/p>\n<p>Ab\u00a0 2020 geh\u00f6rte er bis zu seiner Wahl zum Definitor im September 2021 dem Novizatskonvent in Bajawa, Flores, an.<\/p>\n<h3><\/h3>\n<p>&nbsp;<\/p>\n","protected":false},"featured_media":111560,"parent":5476,"menu_order":5,"template":"","format":"standard","meta":{"_acf_changed":false,"footnotes":""},"carica_cauria":[824],"class_list":["post-5488","curia","type-curia","status-publish","format-standard","has-post-thumbnail","hentry","carica_cauria-definitoren"],"acf":[],"yoast_head":"<!-- This site is optimized with the Yoast SEO plugin v26.3 - https:\/\/yoast.com\/wordpress\/plugins\/seo\/ -->\n<title>V Definitor \u2022 Kommissariat Indonesien - UNBESCHUHTE KARMELITEN<\/title>\n<meta name=\"robots\" content=\"index, follow, max-snippet:-1, max-image-preview:large, max-video-preview:-1\" \/>\n<link rel=\"canonical\" href=\"https:\/\/www.carmelitaniscalzi.com\/de\/generalkurie\/definitoren\/v-definitor\/\" \/>\n<meta property=\"og:locale\" content=\"de_DE\" \/>\n<meta property=\"og:type\" content=\"article\" \/>\n<meta property=\"og:title\" content=\"V Definitor \u2022 Kommissariat Indonesien - UNBESCHUHTE KARMELITEN\" \/>\n<meta property=\"og:description\" content=\"Biografie Geboren auf Flores am 27. M\u00e4rz 1968, trat er am 13. November 1991 in den Orden ein, legte am 14. November 1992 in Bjawa, Flores, seine erste, und am\u00a0 14. November 1997 in Kupang-Timor seine Feierliche Profess ab und wurde am 5. September 1999 in Bajawa zum Priester geweiht. Philosophie und Theologie hat er [&hellip;]\" \/>\n<meta property=\"og:url\" content=\"https:\/\/www.carmelitaniscalzi.com\/de\/generalkurie\/definitoren\/v-definitor\/\" \/>\n<meta property=\"og:site_name\" content=\"UNBESCHUHTE KARMELITEN\" \/>\n<meta property=\"article:publisher\" content=\"https:\/\/www.facebook.com\/Curia-Generalizia-Carmelitani-Scalzi-658766940887784\/\" \/>\n<meta property=\"article:modified_time\" content=\"2022-01-19T17:12:43+00:00\" \/>\n<meta property=\"og:image\" content=\"https:\/\/www.carmelitaniscalzi.com\/wp-content\/uploads\/2022\/01\/christianus_profile.jpg\" \/>\n\t<meta property=\"og:image:width\" content=\"600\" \/>\n\t<meta property=\"og:image:height\" content=\"600\" \/>\n\t<meta property=\"og:image:type\" content=\"image\/jpeg\" \/>\n<meta name=\"twitter:card\" content=\"summary_large_image\" \/>\n<meta name=\"twitter:site\" content=\"@ocdcuria\" \/>\n<meta name=\"twitter:label1\" content=\"Gesch\u00e4tzte Lesezeit\" \/>\n\t<meta name=\"twitter:data1\" content=\"1\u00a0Minute\" \/>\n<script type=\"application\/ld+json\" class=\"yoast-schema-graph\">{\"@context\":\"https:\/\/schema.org\",\"@graph\":[{\"@type\":\"WebPage\",\"@id\":\"https:\/\/www.carmelitaniscalzi.com\/de\/generalkurie\/definitoren\/v-definitor\/\",\"url\":\"https:\/\/www.carmelitaniscalzi.com\/de\/generalkurie\/definitoren\/v-definitor\/\",\"name\":\"V Definitor \u2022 Kommissariat Indonesien - UNBESCHUHTE KARMELITEN\",\"isPartOf\":{\"@id\":\"https:\/\/www.carmelitaniscalzi.com\/#website\"},\"primaryImageOfPage\":{\"@id\":\"https:\/\/www.carmelitaniscalzi.com\/de\/generalkurie\/definitoren\/v-definitor\/#primaryimage\"},\"image\":{\"@id\":\"https:\/\/www.carmelitaniscalzi.com\/de\/generalkurie\/definitoren\/v-definitor\/#primaryimage\"},\"thumbnailUrl\":\"https:\/\/www.carmelitaniscalzi.com\/wp-content\/uploads\/2022\/01\/christianus_profile.jpg\",\"datePublished\":\"2016-07-01T05:50:26+00:00\",\"dateModified\":\"2022-01-19T17:12:43+00:00\",\"breadcrumb\":{\"@id\":\"https:\/\/www.carmelitaniscalzi.com\/de\/generalkurie\/definitoren\/v-definitor\/#breadcrumb\"},\"inLanguage\":\"de\",\"potentialAction\":[{\"@type\":\"ReadAction\",\"target\":[\"https:\/\/www.carmelitaniscalzi.com\/de\/generalkurie\/definitoren\/v-definitor\/\"]}]},{\"@type\":\"ImageObject\",\"inLanguage\":\"de\",\"@id\":\"https:\/\/www.carmelitaniscalzi.com\/de\/generalkurie\/definitoren\/v-definitor\/#primaryimage\",\"url\":\"https:\/\/www.carmelitaniscalzi.com\/wp-content\/uploads\/2022\/01\/christianus_profile.jpg\",\"contentUrl\":\"https:\/\/www.carmelitaniscalzi.com\/wp-content\/uploads\/2022\/01\/christianus_profile.jpg\",\"width\":600,\"height\":600},{\"@type\":\"BreadcrumbList\",\"@id\":\"https:\/\/www.carmelitaniscalzi.com\/de\/generalkurie\/definitoren\/v-definitor\/#breadcrumb\",\"itemListElement\":[{\"@type\":\"ListItem\",\"position\":1,\"name\":\"Home\",\"item\":\"https:\/\/www.carmelitaniscalzi.com\/de\/\"},{\"@type\":\"ListItem\",\"position\":2,\"name\":\"Generalkurie\",\"item\":\"https:\/\/www.carmelitaniscalzi.com\/de\/generalkurie\/\"},{\"@type\":\"ListItem\",\"position\":3,\"name\":\"Definitoren\",\"item\":\"https:\/\/www.carmelitaniscalzi.com\/de\/generalkurie\/definitoren\/\"},{\"@type\":\"ListItem\",\"position\":4,\"name\":\"V Definitor \u2022 Kommissariat Indonesien\"}]},{\"@type\":\"WebSite\",\"@id\":\"https:\/\/www.carmelitaniscalzi.com\/#website\",\"url\":\"https:\/\/www.carmelitaniscalzi.com\/\",\"name\":\"CARMELITANI SCALZI - Curia Generale del Carmelo Teresiano\",\"description\":\"Generalkurie des Teresianischen Karmel\",\"publisher\":{\"@id\":\"https:\/\/www.carmelitaniscalzi.com\/#organization\"},\"alternateName\":\"CARMELITANI SCALZI\",\"potentialAction\":[{\"@type\":\"SearchAction\",\"target\":{\"@type\":\"EntryPoint\",\"urlTemplate\":\"https:\/\/www.carmelitaniscalzi.com\/?s={search_term_string}\"},\"query-input\":{\"@type\":\"PropertyValueSpecification\",\"valueRequired\":true,\"valueName\":\"search_term_string\"}}],\"inLanguage\":\"de\"},{\"@type\":\"Organization\",\"@id\":\"https:\/\/www.carmelitaniscalzi.com\/#organization\",\"name\":\"CARMELITANI SCALZI - Curia Generale del Carmelo Teresiano\",\"url\":\"https:\/\/www.carmelitaniscalzi.com\/\",\"logo\":{\"@type\":\"ImageObject\",\"inLanguage\":\"de\",\"@id\":\"https:\/\/www.carmelitaniscalzi.com\/#\/schema\/logo\/image\/\",\"url\":\"https:\/\/www.carmelitaniscalzi.com\/wp-content\/uploads\/2025\/11\/login-logo.png\",\"contentUrl\":\"https:\/\/www.carmelitaniscalzi.com\/wp-content\/uploads\/2025\/11\/login-logo.png\",\"width\":256,\"height\":256,\"caption\":\"CARMELITANI SCALZI - Curia Generale del Carmelo Teresiano\"},\"image\":{\"@id\":\"https:\/\/www.carmelitaniscalzi.com\/#\/schema\/logo\/image\/\"},\"sameAs\":[\"https:\/\/www.facebook.com\/Curia-Generalizia-Carmelitani-Scalzi-658766940887784\/\",\"https:\/\/x.com\/ocdcuria\",\"https:\/\/www.youtube.com\/channel\/UC2J5ZL0ycOY0qBSTCLX_NGQ\/videos\",\"https:\/\/www.instagram.com\/ocdinform\/\"]}]}<\/script>\n<!-- \/ Yoast SEO plugin. -->","yoast_head_json":{"title":"V Definitor \u2022 Kommissariat Indonesien - UNBESCHUHTE KARMELITEN","robots":{"index":"index","follow":"follow","max-snippet":"max-snippet:-1","max-image-preview":"max-image-preview:large","max-video-preview":"max-video-preview:-1"},"canonical":"https:\/\/www.carmelitaniscalzi.com\/de\/generalkurie\/definitoren\/v-definitor\/","og_locale":"de_DE","og_type":"article","og_title":"V Definitor \u2022 Kommissariat Indonesien - UNBESCHUHTE KARMELITEN","og_description":"Biografie Geboren auf Flores am 27. M\u00e4rz 1968, trat er am 13. November 1991 in den Orden ein, legte am 14. November 1992 in Bjawa, Flores, seine erste, und am\u00a0 14. November 1997 in Kupang-Timor seine Feierliche Profess ab und wurde am 5. September 1999 in Bajawa zum Priester geweiht. Philosophie und Theologie hat er [&hellip;]","og_url":"https:\/\/www.carmelitaniscalzi.com\/de\/generalkurie\/definitoren\/v-definitor\/","og_site_name":"UNBESCHUHTE KARMELITEN","article_publisher":"https:\/\/www.facebook.com\/Curia-Generalizia-Carmelitani-Scalzi-658766940887784\/","article_modified_time":"2022-01-19T17:12:43+00:00","og_image":[{"width":600,"height":600,"url":"https:\/\/www.carmelitaniscalzi.com\/wp-content\/uploads\/2022\/01\/christianus_profile.jpg","type":"image\/jpeg"}],"twitter_card":"summary_large_image","twitter_site":"@ocdcuria","twitter_misc":{"Gesch\u00e4tzte Lesezeit":"1\u00a0Minute"},"schema":{"@context":"https:\/\/schema.org","@graph":[{"@type":"WebPage","@id":"https:\/\/www.carmelitaniscalzi.com\/de\/generalkurie\/definitoren\/v-definitor\/","url":"https:\/\/www.carmelitaniscalzi.com\/de\/generalkurie\/definitoren\/v-definitor\/","name":"V Definitor \u2022 Kommissariat Indonesien - UNBESCHUHTE KARMELITEN","isPartOf":{"@id":"https:\/\/www.carmelitaniscalzi.com\/#website"},"primaryImageOfPage":{"@id":"https:\/\/www.carmelitaniscalzi.com\/de\/generalkurie\/definitoren\/v-definitor\/#primaryimage"},"image":{"@id":"https:\/\/www.carmelitaniscalzi.com\/de\/generalkurie\/definitoren\/v-definitor\/#primaryimage"},"thumbnailUrl":"https:\/\/www.carmelitaniscalzi.com\/wp-content\/uploads\/2022\/01\/christianus_profile.jpg","datePublished":"2016-07-01T05:50:26+00:00","dateModified":"2022-01-19T17:12:43+00:00","breadcrumb":{"@id":"https:\/\/www.carmelitaniscalzi.com\/de\/generalkurie\/definitoren\/v-definitor\/#breadcrumb"},"inLanguage":"de","potentialAction":[{"@type":"ReadAction","target":["https:\/\/www.carmelitaniscalzi.com\/de\/generalkurie\/definitoren\/v-definitor\/"]}]},{"@type":"ImageObject","inLanguage":"de","@id":"https:\/\/www.carmelitaniscalzi.com\/de\/generalkurie\/definitoren\/v-definitor\/#primaryimage","url":"https:\/\/www.carmelitaniscalzi.com\/wp-content\/uploads\/2022\/01\/christianus_profile.jpg","contentUrl":"https:\/\/www.carmelitaniscalzi.com\/wp-content\/uploads\/2022\/01\/christianus_profile.jpg","width":600,"height":600},{"@type":"BreadcrumbList","@id":"https:\/\/www.carmelitaniscalzi.com\/de\/generalkurie\/definitoren\/v-definitor\/#breadcrumb","itemListElement":[{"@type":"ListItem","position":1,"name":"Home","item":"https:\/\/www.carmelitaniscalzi.com\/de\/"},{"@type":"ListItem","position":2,"name":"Generalkurie","item":"https:\/\/www.carmelitaniscalzi.com\/de\/generalkurie\/"},{"@type":"ListItem","position":3,"name":"Definitoren","item":"https:\/\/www.carmelitaniscalzi.com\/de\/generalkurie\/definitoren\/"},{"@type":"ListItem","position":4,"name":"V Definitor \u2022 Kommissariat Indonesien"}]},{"@type":"WebSite","@id":"https:\/\/www.carmelitaniscalzi.com\/#website","url":"https:\/\/www.carmelitaniscalzi.com\/","name":"CARMELITANI SCALZI - Curia Generale del Carmelo Teresiano","description":"Generalkurie des Teresianischen Karmel","publisher":{"@id":"https:\/\/www.carmelitaniscalzi.com\/#organization"},"alternateName":"CARMELITANI SCALZI","potentialAction":[{"@type":"SearchAction","target":{"@type":"EntryPoint","urlTemplate":"https:\/\/www.carmelitaniscalzi.com\/?s={search_term_string}"},"query-input":{"@type":"PropertyValueSpecification","valueRequired":true,"valueName":"search_term_string"}}],"inLanguage":"de"},{"@type":"Organization","@id":"https:\/\/www.carmelitaniscalzi.com\/#organization","name":"CARMELITANI SCALZI - Curia Generale del Carmelo Teresiano","url":"https:\/\/www.carmelitaniscalzi.com\/","logo":{"@type":"ImageObject","inLanguage":"de","@id":"https:\/\/www.carmelitaniscalzi.com\/#\/schema\/logo\/image\/","url":"https:\/\/www.carmelitaniscalzi.com\/wp-content\/uploads\/2025\/11\/login-logo.png","contentUrl":"https:\/\/www.carmelitaniscalzi.com\/wp-content\/uploads\/2025\/11\/login-logo.png","width":256,"height":256,"caption":"CARMELITANI SCALZI - Curia Generale del Carmelo Teresiano"},"image":{"@id":"https:\/\/www.carmelitaniscalzi.com\/#\/schema\/logo\/image\/"},"sameAs":["https:\/\/www.facebook.com\/Curia-Generalizia-Carmelitani-Scalzi-658766940887784\/","https:\/\/x.com\/ocdcuria","https:\/\/www.youtube.com\/channel\/UC2J5ZL0ycOY0qBSTCLX_NGQ\/videos","https:\/\/www.instagram.com\/ocdinform\/"]}]}},"_links":{"self":[{"href":"https:\/\/www.carmelitaniscalzi.com\/de\/wp-json\/wp\/v2\/curia\/5488","targetHints":{"allow":["GET"]}}],"collection":[{"href":"https:\/\/www.carmelitaniscalzi.com\/de\/wp-json\/wp\/v2\/curia"}],"about":[{"href":"https:\/\/www.carmelitaniscalzi.com\/de\/wp-json\/wp\/v2\/types\/curia"}],"version-history":[{"count":4,"href":"https:\/\/www.carmelitaniscalzi.com\/de\/wp-json\/wp\/v2\/curia\/5488\/revisions"}],"predecessor-version":[{"id":112008,"href":"https:\/\/www.carmelitaniscalzi.com\/de\/wp-json\/wp\/v2\/curia\/5488\/revisions\/112008"}],"up":[{"embeddable":true,"href":"https:\/\/www.carmelitaniscalzi.com\/de\/wp-json\/wp\/v2\/curia\/5476"}],"wp:featuredmedia":[{"embeddable":true,"href":"https:\/\/www.carmelitaniscalzi.com\/de\/wp-json\/wp\/v2\/media\/111560"}],"wp:attachment":[{"href":"https:\/\/www.carmelitaniscalzi.com\/de\/wp-json\/wp\/v2\/media?parent=5488"}],"wp:term":[{"taxonomy":"carica_cauria","embeddable":true,"href":"https:\/\/www.carmelitaniscalzi.com\/de\/wp-json\/wp\/v2\/carica_cauria?post=5488"}],"curies":[{"name":"wp","href":"https:\/\/api.w.org\/{rel}","templated":true}]}}