{"id":5486,"date":"2016-07-01T07:44:54","date_gmt":"2016-07-01T05:44:54","guid":{"rendered":"https:\/\/www.carmelitaniscalzi.com\/de\/?page_id=5486"},"modified":"2022-01-19T18:11:56","modified_gmt":"2022-01-19T17:11:56","slug":"iv-definitor","status":"publish","type":"curia","link":"https:\/\/www.carmelitaniscalzi.com\/de\/generalkurie\/definitoren\/iv-definitor\/","title":{"rendered":"IV Definitor \u2022 Semiprovinz \u00d6sterreich"},"content":{"rendered":"<h3><\/h3>\n<h3>Biografie<\/h3>\n<p>Geboren am 25. Dezember 1968 in Cagliari auf Sardinien, begab er sich nach dem Abitur 1987 nach Deutschland, um an der Universit\u00e4t Erlangen-N\u00fcrnberg Informatik zu studieren. Nach dem Staatsexamen wechselte er zum Promotionsstudium nach Linz, das er nach seinem Eintritt in den Orden als Postulant 1966 abschloss. Die zeitliche Profess hat er 20. September 1997 und die Feierliche am 15. August 2001 abgelegt. Zum Priester wurde er am 28. Juni 2003 in Linz geweiht. Theologie hat er an der P\u00e4pstlichen Hochschule in Linz studiert und 2003 mit dem Magistertitel abgeschlossen.<\/p>\n<p>Von 2005-2008 war er Prior in Graz, 2008-2011 Provinzial, 2011-2014 Prior in Wien und Provinzvikar, 2014-2017 Provinzial, 2017-2020 Provinzvikar und ab 2020 Prior in Wien und Provinzvikar. Verschiedene Jahre war er Missionsprokutator und Mitglied der Finanzkommission des Ordens. Zurzeit ist er Direktor des Verlags Christliche Innerlichkeit und Pr\u00e4sident der \u00f6sterreichischen Edith-Stein-Gesellschaft. Seit einigen Jahren ist er Ordensassistent der F\u00f6deration der Karmelitinnen \u00d6sterreichs \u201eMagna Mater Austriae\u201c.<\/p>\n","protected":false},"featured_media":111548,"parent":5476,"menu_order":4,"template":"","format":"standard","meta":{"_acf_changed":false,"footnotes":""},"carica_cauria":[824],"class_list":["post-5486","curia","type-curia","status-publish","format-standard","has-post-thumbnail","hentry","carica_cauria-definitoren"],"acf":[],"yoast_head":"<!-- This site is optimized with the Yoast SEO plugin v26.3 - https:\/\/yoast.com\/wordpress\/plugins\/seo\/ -->\n<title>IV Definitor \u2022 Semiprovinz \u00d6sterreich - UNBESCHUHTE KARMELITEN<\/title>\n<meta name=\"robots\" content=\"index, follow, max-snippet:-1, max-image-preview:large, max-video-preview:-1\" \/>\n<link rel=\"canonical\" href=\"https:\/\/www.carmelitaniscalzi.com\/de\/generalkurie\/definitoren\/iv-definitor\/\" \/>\n<meta property=\"og:locale\" content=\"de_DE\" \/>\n<meta property=\"og:type\" content=\"article\" \/>\n<meta property=\"og:title\" content=\"IV Definitor \u2022 Semiprovinz \u00d6sterreich - UNBESCHUHTE KARMELITEN\" \/>\n<meta property=\"og:description\" content=\"Biografie Geboren am 25. Dezember 1968 in Cagliari auf Sardinien, begab er sich nach dem Abitur 1987 nach Deutschland, um an der Universit\u00e4t Erlangen-N\u00fcrnberg Informatik zu studieren. Nach dem Staatsexamen wechselte er zum Promotionsstudium nach Linz, das er nach seinem Eintritt in den Orden als Postulant 1966 abschloss. Die zeitliche Profess hat er 20. September [&hellip;]\" \/>\n<meta property=\"og:url\" content=\"https:\/\/www.carmelitaniscalzi.com\/de\/generalkurie\/definitoren\/iv-definitor\/\" \/>\n<meta property=\"og:site_name\" content=\"UNBESCHUHTE KARMELITEN\" \/>\n<meta property=\"article:publisher\" content=\"https:\/\/www.facebook.com\/Curia-Generalizia-Carmelitani-Scalzi-658766940887784\/\" \/>\n<meta property=\"article:modified_time\" content=\"2022-01-19T17:11:56+00:00\" \/>\n<meta property=\"og:image\" content=\"https:\/\/www.carmelitaniscalzi.com\/wp-content\/uploads\/2022\/01\/roberto_pirastu_profile.jpg\" \/>\n\t<meta property=\"og:image:width\" content=\"600\" \/>\n\t<meta property=\"og:image:height\" content=\"600\" \/>\n\t<meta property=\"og:image:type\" content=\"image\/jpeg\" \/>\n<meta name=\"twitter:card\" content=\"summary_large_image\" \/>\n<meta name=\"twitter:site\" content=\"@ocdcuria\" \/>\n<meta name=\"twitter:label1\" content=\"Gesch\u00e4tzte Lesezeit\" \/>\n\t<meta name=\"twitter:data1\" content=\"1\u00a0Minute\" \/>\n<script type=\"application\/ld+json\" class=\"yoast-schema-graph\">{\"@context\":\"https:\/\/schema.org\",\"@graph\":[{\"@type\":\"WebPage\",\"@id\":\"https:\/\/www.carmelitaniscalzi.com\/de\/generalkurie\/definitoren\/iv-definitor\/\",\"url\":\"https:\/\/www.carmelitaniscalzi.com\/de\/generalkurie\/definitoren\/iv-definitor\/\",\"name\":\"IV Definitor \u2022 Semiprovinz \u00d6sterreich - UNBESCHUHTE KARMELITEN\",\"isPartOf\":{\"@id\":\"https:\/\/www.carmelitaniscalzi.com\/#website\"},\"primaryImageOfPage\":{\"@id\":\"https:\/\/www.carmelitaniscalzi.com\/de\/generalkurie\/definitoren\/iv-definitor\/#primaryimage\"},\"image\":{\"@id\":\"https:\/\/www.carmelitaniscalzi.com\/de\/generalkurie\/definitoren\/iv-definitor\/#primaryimage\"},\"thumbnailUrl\":\"https:\/\/www.carmelitaniscalzi.com\/wp-content\/uploads\/2022\/01\/roberto_pirastu_profile.jpg\",\"datePublished\":\"2016-07-01T05:44:54+00:00\",\"dateModified\":\"2022-01-19T17:11:56+00:00\",\"breadcrumb\":{\"@id\":\"https:\/\/www.carmelitaniscalzi.com\/de\/generalkurie\/definitoren\/iv-definitor\/#breadcrumb\"},\"inLanguage\":\"de\",\"potentialAction\":[{\"@type\":\"ReadAction\",\"target\":[\"https:\/\/www.carmelitaniscalzi.com\/de\/generalkurie\/definitoren\/iv-definitor\/\"]}]},{\"@type\":\"ImageObject\",\"inLanguage\":\"de\",\"@id\":\"https:\/\/www.carmelitaniscalzi.com\/de\/generalkurie\/definitoren\/iv-definitor\/#primaryimage\",\"url\":\"https:\/\/www.carmelitaniscalzi.com\/wp-content\/uploads\/2022\/01\/roberto_pirastu_profile.jpg\",\"contentUrl\":\"https:\/\/www.carmelitaniscalzi.com\/wp-content\/uploads\/2022\/01\/roberto_pirastu_profile.jpg\",\"width\":600,\"height\":600},{\"@type\":\"BreadcrumbList\",\"@id\":\"https:\/\/www.carmelitaniscalzi.com\/de\/generalkurie\/definitoren\/iv-definitor\/#breadcrumb\",\"itemListElement\":[{\"@type\":\"ListItem\",\"position\":1,\"name\":\"Home\",\"item\":\"https:\/\/www.carmelitaniscalzi.com\/de\/\"},{\"@type\":\"ListItem\",\"position\":2,\"name\":\"Generalkurie\",\"item\":\"https:\/\/www.carmelitaniscalzi.com\/de\/generalkurie\/\"},{\"@type\":\"ListItem\",\"position\":3,\"name\":\"Definitoren\",\"item\":\"https:\/\/www.carmelitaniscalzi.com\/de\/generalkurie\/definitoren\/\"},{\"@type\":\"ListItem\",\"position\":4,\"name\":\"IV Definitor \u2022 Semiprovinz \u00d6sterreich\"}]},{\"@type\":\"WebSite\",\"@id\":\"https:\/\/www.carmelitaniscalzi.com\/#website\",\"url\":\"https:\/\/www.carmelitaniscalzi.com\/\",\"name\":\"CARMELITANI SCALZI - Curia Generale del Carmelo Teresiano\",\"description\":\"Generalkurie des Teresianischen Karmel\",\"publisher\":{\"@id\":\"https:\/\/www.carmelitaniscalzi.com\/#organization\"},\"alternateName\":\"CARMELITANI SCALZI\",\"potentialAction\":[{\"@type\":\"SearchAction\",\"target\":{\"@type\":\"EntryPoint\",\"urlTemplate\":\"https:\/\/www.carmelitaniscalzi.com\/?s={search_term_string}\"},\"query-input\":{\"@type\":\"PropertyValueSpecification\",\"valueRequired\":true,\"valueName\":\"search_term_string\"}}],\"inLanguage\":\"de\"},{\"@type\":\"Organization\",\"@id\":\"https:\/\/www.carmelitaniscalzi.com\/#organization\",\"name\":\"CARMELITANI SCALZI - Curia Generale del Carmelo Teresiano\",\"url\":\"https:\/\/www.carmelitaniscalzi.com\/\",\"logo\":{\"@type\":\"ImageObject\",\"inLanguage\":\"de\",\"@id\":\"https:\/\/www.carmelitaniscalzi.com\/#\/schema\/logo\/image\/\",\"url\":\"https:\/\/www.carmelitaniscalzi.com\/wp-content\/uploads\/2025\/11\/login-logo.png\",\"contentUrl\":\"https:\/\/www.carmelitaniscalzi.com\/wp-content\/uploads\/2025\/11\/login-logo.png\",\"width\":256,\"height\":256,\"caption\":\"CARMELITANI SCALZI - Curia Generale del Carmelo Teresiano\"},\"image\":{\"@id\":\"https:\/\/www.carmelitaniscalzi.com\/#\/schema\/logo\/image\/\"},\"sameAs\":[\"https:\/\/www.facebook.com\/Curia-Generalizia-Carmelitani-Scalzi-658766940887784\/\",\"https:\/\/x.com\/ocdcuria\",\"https:\/\/www.youtube.com\/channel\/UC2J5ZL0ycOY0qBSTCLX_NGQ\/videos\",\"https:\/\/www.instagram.com\/ocdinform\/\"]}]}<\/script>\n<!-- \/ Yoast SEO plugin. -->","yoast_head_json":{"title":"IV Definitor \u2022 Semiprovinz \u00d6sterreich - UNBESCHUHTE KARMELITEN","robots":{"index":"index","follow":"follow","max-snippet":"max-snippet:-1","max-image-preview":"max-image-preview:large","max-video-preview":"max-video-preview:-1"},"canonical":"https:\/\/www.carmelitaniscalzi.com\/de\/generalkurie\/definitoren\/iv-definitor\/","og_locale":"de_DE","og_type":"article","og_title":"IV Definitor \u2022 Semiprovinz \u00d6sterreich - UNBESCHUHTE KARMELITEN","og_description":"Biografie Geboren am 25. Dezember 1968 in Cagliari auf Sardinien, begab er sich nach dem Abitur 1987 nach Deutschland, um an der Universit\u00e4t Erlangen-N\u00fcrnberg Informatik zu studieren. Nach dem Staatsexamen wechselte er zum Promotionsstudium nach Linz, das er nach seinem Eintritt in den Orden als Postulant 1966 abschloss. Die zeitliche Profess hat er 20. September [&hellip;]","og_url":"https:\/\/www.carmelitaniscalzi.com\/de\/generalkurie\/definitoren\/iv-definitor\/","og_site_name":"UNBESCHUHTE KARMELITEN","article_publisher":"https:\/\/www.facebook.com\/Curia-Generalizia-Carmelitani-Scalzi-658766940887784\/","article_modified_time":"2022-01-19T17:11:56+00:00","og_image":[{"width":600,"height":600,"url":"https:\/\/www.carmelitaniscalzi.com\/wp-content\/uploads\/2022\/01\/roberto_pirastu_profile.jpg","type":"image\/jpeg"}],"twitter_card":"summary_large_image","twitter_site":"@ocdcuria","twitter_misc":{"Gesch\u00e4tzte Lesezeit":"1\u00a0Minute"},"schema":{"@context":"https:\/\/schema.org","@graph":[{"@type":"WebPage","@id":"https:\/\/www.carmelitaniscalzi.com\/de\/generalkurie\/definitoren\/iv-definitor\/","url":"https:\/\/www.carmelitaniscalzi.com\/de\/generalkurie\/definitoren\/iv-definitor\/","name":"IV Definitor \u2022 Semiprovinz \u00d6sterreich - UNBESCHUHTE KARMELITEN","isPartOf":{"@id":"https:\/\/www.carmelitaniscalzi.com\/#website"},"primaryImageOfPage":{"@id":"https:\/\/www.carmelitaniscalzi.com\/de\/generalkurie\/definitoren\/iv-definitor\/#primaryimage"},"image":{"@id":"https:\/\/www.carmelitaniscalzi.com\/de\/generalkurie\/definitoren\/iv-definitor\/#primaryimage"},"thumbnailUrl":"https:\/\/www.carmelitaniscalzi.com\/wp-content\/uploads\/2022\/01\/roberto_pirastu_profile.jpg","datePublished":"2016-07-01T05:44:54+00:00","dateModified":"2022-01-19T17:11:56+00:00","breadcrumb":{"@id":"https:\/\/www.carmelitaniscalzi.com\/de\/generalkurie\/definitoren\/iv-definitor\/#breadcrumb"},"inLanguage":"de","potentialAction":[{"@type":"ReadAction","target":["https:\/\/www.carmelitaniscalzi.com\/de\/generalkurie\/definitoren\/iv-definitor\/"]}]},{"@type":"ImageObject","inLanguage":"de","@id":"https:\/\/www.carmelitaniscalzi.com\/de\/generalkurie\/definitoren\/iv-definitor\/#primaryimage","url":"https:\/\/www.carmelitaniscalzi.com\/wp-content\/uploads\/2022\/01\/roberto_pirastu_profile.jpg","contentUrl":"https:\/\/www.carmelitaniscalzi.com\/wp-content\/uploads\/2022\/01\/roberto_pirastu_profile.jpg","width":600,"height":600},{"@type":"BreadcrumbList","@id":"https:\/\/www.carmelitaniscalzi.com\/de\/generalkurie\/definitoren\/iv-definitor\/#breadcrumb","itemListElement":[{"@type":"ListItem","position":1,"name":"Home","item":"https:\/\/www.carmelitaniscalzi.com\/de\/"},{"@type":"ListItem","position":2,"name":"Generalkurie","item":"https:\/\/www.carmelitaniscalzi.com\/de\/generalkurie\/"},{"@type":"ListItem","position":3,"name":"Definitoren","item":"https:\/\/www.carmelitaniscalzi.com\/de\/generalkurie\/definitoren\/"},{"@type":"ListItem","position":4,"name":"IV Definitor \u2022 Semiprovinz \u00d6sterreich"}]},{"@type":"WebSite","@id":"https:\/\/www.carmelitaniscalzi.com\/#website","url":"https:\/\/www.carmelitaniscalzi.com\/","name":"CARMELITANI SCALZI - Curia Generale del Carmelo Teresiano","description":"Generalkurie des Teresianischen Karmel","publisher":{"@id":"https:\/\/www.carmelitaniscalzi.com\/#organization"},"alternateName":"CARMELITANI SCALZI","potentialAction":[{"@type":"SearchAction","target":{"@type":"EntryPoint","urlTemplate":"https:\/\/www.carmelitaniscalzi.com\/?s={search_term_string}"},"query-input":{"@type":"PropertyValueSpecification","valueRequired":true,"valueName":"search_term_string"}}],"inLanguage":"de"},{"@type":"Organization","@id":"https:\/\/www.carmelitaniscalzi.com\/#organization","name":"CARMELITANI SCALZI - Curia Generale del Carmelo Teresiano","url":"https:\/\/www.carmelitaniscalzi.com\/","logo":{"@type":"ImageObject","inLanguage":"de","@id":"https:\/\/www.carmelitaniscalzi.com\/#\/schema\/logo\/image\/","url":"https:\/\/www.carmelitaniscalzi.com\/wp-content\/uploads\/2025\/11\/login-logo.png","contentUrl":"https:\/\/www.carmelitaniscalzi.com\/wp-content\/uploads\/2025\/11\/login-logo.png","width":256,"height":256,"caption":"CARMELITANI SCALZI - Curia Generale del Carmelo Teresiano"},"image":{"@id":"https:\/\/www.carmelitaniscalzi.com\/#\/schema\/logo\/image\/"},"sameAs":["https:\/\/www.facebook.com\/Curia-Generalizia-Carmelitani-Scalzi-658766940887784\/","https:\/\/x.com\/ocdcuria","https:\/\/www.youtube.com\/channel\/UC2J5ZL0ycOY0qBSTCLX_NGQ\/videos","https:\/\/www.instagram.com\/ocdinform\/"]}]}},"_links":{"self":[{"href":"https:\/\/www.carmelitaniscalzi.com\/de\/wp-json\/wp\/v2\/curia\/5486","targetHints":{"allow":["GET"]}}],"collection":[{"href":"https:\/\/www.carmelitaniscalzi.com\/de\/wp-json\/wp\/v2\/curia"}],"about":[{"href":"https:\/\/www.carmelitaniscalzi.com\/de\/wp-json\/wp\/v2\/types\/curia"}],"version-history":[{"count":5,"href":"https:\/\/www.carmelitaniscalzi.com\/de\/wp-json\/wp\/v2\/curia\/5486\/revisions"}],"predecessor-version":[{"id":112007,"href":"https:\/\/www.carmelitaniscalzi.com\/de\/wp-json\/wp\/v2\/curia\/5486\/revisions\/112007"}],"up":[{"embeddable":true,"href":"https:\/\/www.carmelitaniscalzi.com\/de\/wp-json\/wp\/v2\/curia\/5476"}],"wp:featuredmedia":[{"embeddable":true,"href":"https:\/\/www.carmelitaniscalzi.com\/de\/wp-json\/wp\/v2\/media\/111548"}],"wp:attachment":[{"href":"https:\/\/www.carmelitaniscalzi.com\/de\/wp-json\/wp\/v2\/media?parent=5486"}],"wp:term":[{"taxonomy":"carica_cauria","embeddable":true,"href":"https:\/\/www.carmelitaniscalzi.com\/de\/wp-json\/wp\/v2\/carica_cauria?post=5486"}],"curies":[{"name":"wp","href":"https:\/\/api.w.org\/{rel}","templated":true}]}}