{"id":319767,"date":"2024-02-03T09:14:46","date_gmt":"2024-02-03T08:14:46","guid":{"rendered":"https:\/\/www.carmelitaniscalzi.com\/?post_type=curia&#038;p=319767"},"modified":"2024-02-03T19:24:46","modified_gmt":"2024-02-03T18:24:46","slug":"untersekretaer-fuer-die-karmelitinnen","status":"publish","type":"curia","link":"https:\/\/www.carmelitaniscalzi.com\/de\/generalkurie\/untersekretaer-fuer-die-karmelitinnen\/","title":{"rendered":"Untersekret\u00e4r f\u00fcr die Karmelitinnen"},"content":{"rendered":"<h3>Biografia<\/h3>\n<p>Juan Pablo Pati\u00f1o F\u00e9lix (de la Cruz), geb\u00fcrtig aus Zacatecas (Mexiko), trat am 20. Juli 1981 in den Orden ein, legte am 16. September 1982 die zeitliche und im Oktober 1990 die Feierliche Profess ab.<\/p>\n<p>Nach dem Studium der Philosophie am P\u00e4pstlichen Palafoxianischen Seminar (Puebla, Mexiko) und der Theologie an der Ibero-Amerikanischen Universit\u00e4t (S.J.) in Mexiko-Stadt wurde er am 16. November 1991 in Mexiko-Stadt zum Priester geweiht.<\/p>\n<p>Weiterf\u00fchrende Studien absolvierte er im Centro de Estudios de los Valores Humanos (CEVHAC), im CITeS (Avila) und an der P\u00e4pstlichen Universit\u00e4t Gregoriana (Rom).<\/p>\n<p>Von 2011 bis 2023 arbeitete er als Ordensassistent und Provinzdelegierter f\u00fcr die F\u00f6deration der Karmelitinnen von San Jos\u00e9 de Guadalupe (Mexiko) und ab 2024 als Untersekret\u00e4r im Generalsekretariat f\u00fcr die Karmelitinnen in der Generalkurie.<\/p>\n","protected":false},"featured_media":319784,"parent":5472,"menu_order":11,"template":"","format":"standard","meta":{"_acf_changed":false,"footnotes":""},"carica_cauria":[822],"class_list":["post-319767","curia","type-curia","status-publish","format-standard","has-post-thumbnail","hentry","carica_cauria-andere-bueros"],"acf":[],"yoast_head":"<!-- This site is optimized with the Yoast SEO plugin v26.3 - https:\/\/yoast.com\/wordpress\/plugins\/seo\/ -->\n<title>Untersekret\u00e4r f\u00fcr die Karmelitinnen - UNBESCHUHTE KARMELITEN<\/title>\n<meta name=\"robots\" content=\"index, follow, max-snippet:-1, max-image-preview:large, max-video-preview:-1\" \/>\n<link rel=\"canonical\" href=\"https:\/\/www.carmelitaniscalzi.com\/de\/generalkurie\/untersekretaer-fuer-die-karmelitinnen\/\" \/>\n<meta property=\"og:locale\" content=\"de_DE\" \/>\n<meta property=\"og:type\" content=\"article\" \/>\n<meta property=\"og:title\" content=\"Untersekret\u00e4r f\u00fcr die Karmelitinnen - UNBESCHUHTE KARMELITEN\" \/>\n<meta property=\"og:description\" content=\"Biografia Juan Pablo Pati\u00f1o F\u00e9lix (de la Cruz), geb\u00fcrtig aus Zacatecas (Mexiko), trat am 20. Juli 1981 in den Orden ein, legte am 16. September 1982 die zeitliche und im Oktober 1990 die Feierliche Profess ab. Nach dem Studium der Philosophie am P\u00e4pstlichen Palafoxianischen Seminar (Puebla, Mexiko) und der Theologie an der Ibero-Amerikanischen Universit\u00e4t (S.J.) [&hellip;]\" \/>\n<meta property=\"og:url\" content=\"https:\/\/www.carmelitaniscalzi.com\/de\/generalkurie\/untersekretaer-fuer-die-karmelitinnen\/\" \/>\n<meta property=\"og:site_name\" content=\"UNBESCHUHTE KARMELITEN\" \/>\n<meta property=\"article:publisher\" content=\"https:\/\/www.facebook.com\/Curia-Generalizia-Carmelitani-Scalzi-658766940887784\/\" \/>\n<meta property=\"article:modified_time\" content=\"2024-02-03T18:24:46+00:00\" \/>\n<meta property=\"og:image\" content=\"https:\/\/www.carmelitaniscalzi.com\/wp-content\/uploads\/2024\/02\/Juan_profile.jpg\" \/>\n\t<meta property=\"og:image:width\" content=\"600\" \/>\n\t<meta property=\"og:image:height\" content=\"600\" \/>\n\t<meta property=\"og:image:type\" content=\"image\/jpeg\" \/>\n<meta name=\"twitter:card\" content=\"summary_large_image\" \/>\n<meta name=\"twitter:site\" content=\"@ocdcuria\" \/>\n<meta name=\"twitter:label1\" content=\"Gesch\u00e4tzte Lesezeit\" \/>\n\t<meta name=\"twitter:data1\" content=\"1\u00a0Minute\" \/>\n<script type=\"application\/ld+json\" class=\"yoast-schema-graph\">{\"@context\":\"https:\/\/schema.org\",\"@graph\":[{\"@type\":\"WebPage\",\"@id\":\"https:\/\/www.carmelitaniscalzi.com\/de\/generalkurie\/untersekretaer-fuer-die-karmelitinnen\/\",\"url\":\"https:\/\/www.carmelitaniscalzi.com\/de\/generalkurie\/untersekretaer-fuer-die-karmelitinnen\/\",\"name\":\"Untersekret\u00e4r f\u00fcr die Karmelitinnen - UNBESCHUHTE KARMELITEN\",\"isPartOf\":{\"@id\":\"https:\/\/www.carmelitaniscalzi.com\/#website\"},\"primaryImageOfPage\":{\"@id\":\"https:\/\/www.carmelitaniscalzi.com\/de\/generalkurie\/untersekretaer-fuer-die-karmelitinnen\/#primaryimage\"},\"image\":{\"@id\":\"https:\/\/www.carmelitaniscalzi.com\/de\/generalkurie\/untersekretaer-fuer-die-karmelitinnen\/#primaryimage\"},\"thumbnailUrl\":\"https:\/\/www.carmelitaniscalzi.com\/wp-content\/uploads\/2024\/02\/Juan_profile.jpg\",\"datePublished\":\"2024-02-03T08:14:46+00:00\",\"dateModified\":\"2024-02-03T18:24:46+00:00\",\"breadcrumb\":{\"@id\":\"https:\/\/www.carmelitaniscalzi.com\/de\/generalkurie\/untersekretaer-fuer-die-karmelitinnen\/#breadcrumb\"},\"inLanguage\":\"de\",\"potentialAction\":[{\"@type\":\"ReadAction\",\"target\":[\"https:\/\/www.carmelitaniscalzi.com\/de\/generalkurie\/untersekretaer-fuer-die-karmelitinnen\/\"]}]},{\"@type\":\"ImageObject\",\"inLanguage\":\"de\",\"@id\":\"https:\/\/www.carmelitaniscalzi.com\/de\/generalkurie\/untersekretaer-fuer-die-karmelitinnen\/#primaryimage\",\"url\":\"https:\/\/www.carmelitaniscalzi.com\/wp-content\/uploads\/2024\/02\/Juan_profile.jpg\",\"contentUrl\":\"https:\/\/www.carmelitaniscalzi.com\/wp-content\/uploads\/2024\/02\/Juan_profile.jpg\",\"width\":600,\"height\":600},{\"@type\":\"BreadcrumbList\",\"@id\":\"https:\/\/www.carmelitaniscalzi.com\/de\/generalkurie\/untersekretaer-fuer-die-karmelitinnen\/#breadcrumb\",\"itemListElement\":[{\"@type\":\"ListItem\",\"position\":1,\"name\":\"Home\",\"item\":\"https:\/\/www.carmelitaniscalzi.com\/de\/\"},{\"@type\":\"ListItem\",\"position\":2,\"name\":\"Generalkurie\",\"item\":\"https:\/\/www.carmelitaniscalzi.com\/de\/generalkurie\/\"},{\"@type\":\"ListItem\",\"position\":3,\"name\":\"Untersekret\u00e4r f\u00fcr die Karmelitinnen\"}]},{\"@type\":\"WebSite\",\"@id\":\"https:\/\/www.carmelitaniscalzi.com\/#website\",\"url\":\"https:\/\/www.carmelitaniscalzi.com\/\",\"name\":\"CARMELITANI SCALZI - Curia Generale del Carmelo Teresiano\",\"description\":\"Generalkurie des Teresianischen Karmel\",\"publisher\":{\"@id\":\"https:\/\/www.carmelitaniscalzi.com\/#organization\"},\"alternateName\":\"CARMELITANI SCALZI\",\"potentialAction\":[{\"@type\":\"SearchAction\",\"target\":{\"@type\":\"EntryPoint\",\"urlTemplate\":\"https:\/\/www.carmelitaniscalzi.com\/?s={search_term_string}\"},\"query-input\":{\"@type\":\"PropertyValueSpecification\",\"valueRequired\":true,\"valueName\":\"search_term_string\"}}],\"inLanguage\":\"de\"},{\"@type\":\"Organization\",\"@id\":\"https:\/\/www.carmelitaniscalzi.com\/#organization\",\"name\":\"CARMELITANI SCALZI - Curia Generale del Carmelo Teresiano\",\"url\":\"https:\/\/www.carmelitaniscalzi.com\/\",\"logo\":{\"@type\":\"ImageObject\",\"inLanguage\":\"de\",\"@id\":\"https:\/\/www.carmelitaniscalzi.com\/#\/schema\/logo\/image\/\",\"url\":\"https:\/\/www.carmelitaniscalzi.com\/wp-content\/uploads\/2025\/11\/login-logo.png\",\"contentUrl\":\"https:\/\/www.carmelitaniscalzi.com\/wp-content\/uploads\/2025\/11\/login-logo.png\",\"width\":256,\"height\":256,\"caption\":\"CARMELITANI SCALZI - Curia Generale del Carmelo Teresiano\"},\"image\":{\"@id\":\"https:\/\/www.carmelitaniscalzi.com\/#\/schema\/logo\/image\/\"},\"sameAs\":[\"https:\/\/www.facebook.com\/Curia-Generalizia-Carmelitani-Scalzi-658766940887784\/\",\"https:\/\/x.com\/ocdcuria\",\"https:\/\/www.youtube.com\/channel\/UC2J5ZL0ycOY0qBSTCLX_NGQ\/videos\",\"https:\/\/www.instagram.com\/ocdinform\/\"]}]}<\/script>\n<!-- \/ Yoast SEO plugin. -->","yoast_head_json":{"title":"Untersekret\u00e4r f\u00fcr die Karmelitinnen - UNBESCHUHTE KARMELITEN","robots":{"index":"index","follow":"follow","max-snippet":"max-snippet:-1","max-image-preview":"max-image-preview:large","max-video-preview":"max-video-preview:-1"},"canonical":"https:\/\/www.carmelitaniscalzi.com\/de\/generalkurie\/untersekretaer-fuer-die-karmelitinnen\/","og_locale":"de_DE","og_type":"article","og_title":"Untersekret\u00e4r f\u00fcr die Karmelitinnen - UNBESCHUHTE KARMELITEN","og_description":"Biografia Juan Pablo Pati\u00f1o F\u00e9lix (de la Cruz), geb\u00fcrtig aus Zacatecas (Mexiko), trat am 20. Juli 1981 in den Orden ein, legte am 16. September 1982 die zeitliche und im Oktober 1990 die Feierliche Profess ab. Nach dem Studium der Philosophie am P\u00e4pstlichen Palafoxianischen Seminar (Puebla, Mexiko) und der Theologie an der Ibero-Amerikanischen Universit\u00e4t (S.J.) [&hellip;]","og_url":"https:\/\/www.carmelitaniscalzi.com\/de\/generalkurie\/untersekretaer-fuer-die-karmelitinnen\/","og_site_name":"UNBESCHUHTE KARMELITEN","article_publisher":"https:\/\/www.facebook.com\/Curia-Generalizia-Carmelitani-Scalzi-658766940887784\/","article_modified_time":"2024-02-03T18:24:46+00:00","og_image":[{"width":600,"height":600,"url":"https:\/\/www.carmelitaniscalzi.com\/wp-content\/uploads\/2024\/02\/Juan_profile.jpg","type":"image\/jpeg"}],"twitter_card":"summary_large_image","twitter_site":"@ocdcuria","twitter_misc":{"Gesch\u00e4tzte Lesezeit":"1\u00a0Minute"},"schema":{"@context":"https:\/\/schema.org","@graph":[{"@type":"WebPage","@id":"https:\/\/www.carmelitaniscalzi.com\/de\/generalkurie\/untersekretaer-fuer-die-karmelitinnen\/","url":"https:\/\/www.carmelitaniscalzi.com\/de\/generalkurie\/untersekretaer-fuer-die-karmelitinnen\/","name":"Untersekret\u00e4r f\u00fcr die Karmelitinnen - UNBESCHUHTE KARMELITEN","isPartOf":{"@id":"https:\/\/www.carmelitaniscalzi.com\/#website"},"primaryImageOfPage":{"@id":"https:\/\/www.carmelitaniscalzi.com\/de\/generalkurie\/untersekretaer-fuer-die-karmelitinnen\/#primaryimage"},"image":{"@id":"https:\/\/www.carmelitaniscalzi.com\/de\/generalkurie\/untersekretaer-fuer-die-karmelitinnen\/#primaryimage"},"thumbnailUrl":"https:\/\/www.carmelitaniscalzi.com\/wp-content\/uploads\/2024\/02\/Juan_profile.jpg","datePublished":"2024-02-03T08:14:46+00:00","dateModified":"2024-02-03T18:24:46+00:00","breadcrumb":{"@id":"https:\/\/www.carmelitaniscalzi.com\/de\/generalkurie\/untersekretaer-fuer-die-karmelitinnen\/#breadcrumb"},"inLanguage":"de","potentialAction":[{"@type":"ReadAction","target":["https:\/\/www.carmelitaniscalzi.com\/de\/generalkurie\/untersekretaer-fuer-die-karmelitinnen\/"]}]},{"@type":"ImageObject","inLanguage":"de","@id":"https:\/\/www.carmelitaniscalzi.com\/de\/generalkurie\/untersekretaer-fuer-die-karmelitinnen\/#primaryimage","url":"https:\/\/www.carmelitaniscalzi.com\/wp-content\/uploads\/2024\/02\/Juan_profile.jpg","contentUrl":"https:\/\/www.carmelitaniscalzi.com\/wp-content\/uploads\/2024\/02\/Juan_profile.jpg","width":600,"height":600},{"@type":"BreadcrumbList","@id":"https:\/\/www.carmelitaniscalzi.com\/de\/generalkurie\/untersekretaer-fuer-die-karmelitinnen\/#breadcrumb","itemListElement":[{"@type":"ListItem","position":1,"name":"Home","item":"https:\/\/www.carmelitaniscalzi.com\/de\/"},{"@type":"ListItem","position":2,"name":"Generalkurie","item":"https:\/\/www.carmelitaniscalzi.com\/de\/generalkurie\/"},{"@type":"ListItem","position":3,"name":"Untersekret\u00e4r f\u00fcr die Karmelitinnen"}]},{"@type":"WebSite","@id":"https:\/\/www.carmelitaniscalzi.com\/#website","url":"https:\/\/www.carmelitaniscalzi.com\/","name":"CARMELITANI SCALZI - Curia Generale del Carmelo Teresiano","description":"Generalkurie des Teresianischen Karmel","publisher":{"@id":"https:\/\/www.carmelitaniscalzi.com\/#organization"},"alternateName":"CARMELITANI SCALZI","potentialAction":[{"@type":"SearchAction","target":{"@type":"EntryPoint","urlTemplate":"https:\/\/www.carmelitaniscalzi.com\/?s={search_term_string}"},"query-input":{"@type":"PropertyValueSpecification","valueRequired":true,"valueName":"search_term_string"}}],"inLanguage":"de"},{"@type":"Organization","@id":"https:\/\/www.carmelitaniscalzi.com\/#organization","name":"CARMELITANI SCALZI - Curia Generale del Carmelo Teresiano","url":"https:\/\/www.carmelitaniscalzi.com\/","logo":{"@type":"ImageObject","inLanguage":"de","@id":"https:\/\/www.carmelitaniscalzi.com\/#\/schema\/logo\/image\/","url":"https:\/\/www.carmelitaniscalzi.com\/wp-content\/uploads\/2025\/11\/login-logo.png","contentUrl":"https:\/\/www.carmelitaniscalzi.com\/wp-content\/uploads\/2025\/11\/login-logo.png","width":256,"height":256,"caption":"CARMELITANI SCALZI - Curia Generale del Carmelo Teresiano"},"image":{"@id":"https:\/\/www.carmelitaniscalzi.com\/#\/schema\/logo\/image\/"},"sameAs":["https:\/\/www.facebook.com\/Curia-Generalizia-Carmelitani-Scalzi-658766940887784\/","https:\/\/x.com\/ocdcuria","https:\/\/www.youtube.com\/channel\/UC2J5ZL0ycOY0qBSTCLX_NGQ\/videos","https:\/\/www.instagram.com\/ocdinform\/"]}]}},"_links":{"self":[{"href":"https:\/\/www.carmelitaniscalzi.com\/de\/wp-json\/wp\/v2\/curia\/319767","targetHints":{"allow":["GET"]}}],"collection":[{"href":"https:\/\/www.carmelitaniscalzi.com\/de\/wp-json\/wp\/v2\/curia"}],"about":[{"href":"https:\/\/www.carmelitaniscalzi.com\/de\/wp-json\/wp\/v2\/types\/curia"}],"version-history":[{"count":3,"href":"https:\/\/www.carmelitaniscalzi.com\/de\/wp-json\/wp\/v2\/curia\/319767\/revisions"}],"predecessor-version":[{"id":319801,"href":"https:\/\/www.carmelitaniscalzi.com\/de\/wp-json\/wp\/v2\/curia\/319767\/revisions\/319801"}],"up":[{"embeddable":true,"href":"https:\/\/www.carmelitaniscalzi.com\/de\/wp-json\/wp\/v2\/curia\/5472"}],"wp:featuredmedia":[{"embeddable":true,"href":"https:\/\/www.carmelitaniscalzi.com\/de\/wp-json\/wp\/v2\/media\/319784"}],"wp:attachment":[{"href":"https:\/\/www.carmelitaniscalzi.com\/de\/wp-json\/wp\/v2\/media?parent=319767"}],"wp:term":[{"taxonomy":"carica_cauria","embeddable":true,"href":"https:\/\/www.carmelitaniscalzi.com\/de\/wp-json\/wp\/v2\/carica_cauria?post=319767"}],"curies":[{"name":"wp","href":"https:\/\/api.w.org\/{rel}","templated":true}]}}