{"id":5470,"date":"2016-06-30T22:26:12","date_gmt":"2016-06-30T20:26:12","guid":{"rendered":"https:\/\/www.carmelitaniscalzi.com\/de\/?page_id=5470"},"modified":"2021-06-03T21:42:13","modified_gmt":"2021-06-03T19:42:13","slug":"saekularorden-tkg","status":"publish","type":"chi_siamo","link":"https:\/\/www.carmelitaniscalzi.com\/de\/wer-wir-sind\/saekularorden-tkg\/","title":{"rendered":"S\u00e4kularorden (TKG)"},"content":{"rendered":"<h3>L&#8217;ORDINE SECOLARE DEL CARMELO TERESIANO<\/h3>\n<p>Il carisma del Carmelo Teresiano \u00e8 presente nella Chiesa e nel mondo in diversi modi. La grande famiglia del Carmelo Teresiano \u00e8 composta dai Frati Carmelitani Scalzi che cercano l\u2019unit\u00e0 tra la vita di preghiera e le diverse forme di apostolato; dalle monache Carmelitane Scalze di vita contemplativa e dai laici del Carmelo secolare.<\/p>\n<p>Il nucleo principale dell\u2019Ordine sono i Frati Carmelitani Scalzi, dai quali dipendono giuridicamente il laici dell\u2019Ordine Secolare dei Carmelitani Scalzi \u2013 OCDS.<\/p>\n<p>I laici dell\u2019OCDS cercano di vivere il carisma carmelitano teresiano nel mondo, nella famiglia, nel lavoro e nelle circostanze normali della vita, gestendo gli impegni della vita e ordinandoli secondo gli insegnamenti di Ges\u00f9 e il carisma di santa Teresa di Ges\u00f9. Seguono le orme di Teresa sull\u2019orazione e cercano di viverla come amicizia con Dio laddove si trovano, poich\u00e9 \u00abil vero amante non cessa mai d&#8217;amare e pensa sempre all&#8217;Amato\u00bb (Fondazioni 5,16).<\/p>\n<p>Vivono l\u2019amicizia nella liturgia, nell\u2019ascolto della Parola di Dio, nei sacramenti e nella devozione alla Vergine del Carmine, modello di vita cristiana e carmelitana.<\/p>\n<p>Cercano di vivere in fraterna amicizia nella Comunit\u00e0 che frequentano e a cui appartengono. Essa \u00e8 retta da un Consiglio eletto ogni tre anni, il quale si prende cura della formazione e ammissione alle promesse. L\u2019esercizio delle virt\u00f9 umane ed il clima di fiducia nella Comunit\u00e0 permette la condivisione e la crescita nella carit\u00e0 e amicizia con il prossimo. Collaborano nell\u2019apostolato con la testimonianza di vita cristiana e aiutano a santificare il mondo attraverso la propria vita di fede, speranza e carit\u00e0, in base ai talenti personali.<\/p>\n<p>L\u2019Ordine Secolare ha Costituzioni proprie (anno 2003) nelle quali \u00e8 sintetizzato lo stile di vita, l\u2019identit\u00e0, i valori e gli impegni della sequela di Ges\u00f9 Cristo, nella ricerca dell\u2019intimit\u00e0 con Dio, nella comunione fraterna e nel servizio apostolico. Attualmente nell\u2019Ordine Secolare di tutto il mondo si contano oltre 25000 membri; le comunit\u00e0 sono 1736, presenti in 75 nazioni.<\/p>\n<p>Potremmo dire che i secolari vivono lo spirito del Carmelo nel cuore del mondo e nel loro stato di vita arricchiscono la vita religiosa del Carmelo.<\/p>\n","protected":false},"featured_media":51456,"parent":5431,"menu_order":7,"template":"","format":"standard","meta":{"_acf_changed":false,"footnotes":""},"elemento_chi_siamo":[967],"class_list":["post-5470","chi_siamo","type-chi_siamo","status-publish","format-standard","has-post-thumbnail","hentry","elemento_chi_siamo-andere"],"acf":[],"yoast_head":"<!-- This site is optimized with the Yoast SEO plugin v26.3 - https:\/\/yoast.com\/wordpress\/plugins\/seo\/ -->\n<title>S\u00e4kularorden (TKG) - UNBESCHUHTE KARMELITEN<\/title>\n<meta name=\"robots\" content=\"index, follow, max-snippet:-1, max-image-preview:large, max-video-preview:-1\" \/>\n<link rel=\"canonical\" href=\"https:\/\/www.carmelitaniscalzi.com\/de\/wer-wir-sind\/saekularorden-tkg\/\" \/>\n<meta property=\"og:locale\" content=\"de_DE\" \/>\n<meta property=\"og:type\" content=\"article\" \/>\n<meta property=\"og:title\" content=\"S\u00e4kularorden (TKG) - UNBESCHUHTE KARMELITEN\" \/>\n<meta property=\"og:description\" content=\"L&#8217;ORDINE SECOLARE DEL CARMELO TERESIANO Il carisma del Carmelo Teresiano \u00e8 presente nella Chiesa e nel mondo in diversi modi. La grande famiglia del Carmelo Teresiano \u00e8 composta dai Frati Carmelitani Scalzi che cercano l\u2019unit\u00e0 tra la vita di preghiera e le diverse forme di apostolato; dalle monache Carmelitane Scalze di vita contemplativa e dai [&hellip;]\" \/>\n<meta property=\"og:url\" content=\"https:\/\/www.carmelitaniscalzi.com\/de\/wer-wir-sind\/saekularorden-tkg\/\" \/>\n<meta property=\"og:site_name\" content=\"UNBESCHUHTE KARMELITEN\" \/>\n<meta property=\"article:publisher\" content=\"https:\/\/www.facebook.com\/Curia-Generalizia-Carmelitani-Scalzi-658766940887784\/\" \/>\n<meta property=\"article:modified_time\" content=\"2021-06-03T19:42:13+00:00\" \/>\n<meta property=\"og:image\" content=\"https:\/\/www.carmelitaniscalzi.com\/wp-content\/uploads\/2016\/02\/placeholder_profile.jpg\" \/>\n\t<meta property=\"og:image:width\" content=\"600\" \/>\n\t<meta property=\"og:image:height\" content=\"600\" \/>\n\t<meta property=\"og:image:type\" content=\"image\/jpeg\" \/>\n<meta name=\"twitter:card\" content=\"summary_large_image\" \/>\n<meta name=\"twitter:site\" content=\"@ocdcuria\" \/>\n<meta name=\"twitter:label1\" content=\"Gesch\u00e4tzte Lesezeit\" \/>\n\t<meta name=\"twitter:data1\" content=\"2\u00a0Minuten\" \/>\n<script type=\"application\/ld+json\" class=\"yoast-schema-graph\">{\"@context\":\"https:\/\/schema.org\",\"@graph\":[{\"@type\":\"WebPage\",\"@id\":\"https:\/\/www.carmelitaniscalzi.com\/de\/wer-wir-sind\/saekularorden-tkg\/\",\"url\":\"https:\/\/www.carmelitaniscalzi.com\/de\/wer-wir-sind\/saekularorden-tkg\/\",\"name\":\"S\u00e4kularorden (TKG) - UNBESCHUHTE KARMELITEN\",\"isPartOf\":{\"@id\":\"https:\/\/www.carmelitaniscalzi.com\/#website\"},\"primaryImageOfPage\":{\"@id\":\"https:\/\/www.carmelitaniscalzi.com\/de\/wer-wir-sind\/saekularorden-tkg\/#primaryimage\"},\"image\":{\"@id\":\"https:\/\/www.carmelitaniscalzi.com\/de\/wer-wir-sind\/saekularorden-tkg\/#primaryimage\"},\"thumbnailUrl\":\"https:\/\/www.carmelitaniscalzi.com\/wp-content\/uploads\/2016\/02\/placeholder_profile.jpg\",\"datePublished\":\"2016-06-30T20:26:12+00:00\",\"dateModified\":\"2021-06-03T19:42:13+00:00\",\"breadcrumb\":{\"@id\":\"https:\/\/www.carmelitaniscalzi.com\/de\/wer-wir-sind\/saekularorden-tkg\/#breadcrumb\"},\"inLanguage\":\"de\",\"potentialAction\":[{\"@type\":\"ReadAction\",\"target\":[\"https:\/\/www.carmelitaniscalzi.com\/de\/wer-wir-sind\/saekularorden-tkg\/\"]}]},{\"@type\":\"ImageObject\",\"inLanguage\":\"de\",\"@id\":\"https:\/\/www.carmelitaniscalzi.com\/de\/wer-wir-sind\/saekularorden-tkg\/#primaryimage\",\"url\":\"https:\/\/www.carmelitaniscalzi.com\/wp-content\/uploads\/2016\/02\/placeholder_profile.jpg\",\"contentUrl\":\"https:\/\/www.carmelitaniscalzi.com\/wp-content\/uploads\/2016\/02\/placeholder_profile.jpg\",\"width\":600,\"height\":600},{\"@type\":\"BreadcrumbList\",\"@id\":\"https:\/\/www.carmelitaniscalzi.com\/de\/wer-wir-sind\/saekularorden-tkg\/#breadcrumb\",\"itemListElement\":[{\"@type\":\"ListItem\",\"position\":1,\"name\":\"Home\",\"item\":\"https:\/\/www.carmelitaniscalzi.com\/de\/\"},{\"@type\":\"ListItem\",\"position\":2,\"name\":\"Wer wir sind\",\"item\":\"https:\/\/www.carmelitaniscalzi.com\/de\/wer-wir-sind\/\"},{\"@type\":\"ListItem\",\"position\":3,\"name\":\"S\u00e4kularorden (TKG)\"}]},{\"@type\":\"WebSite\",\"@id\":\"https:\/\/www.carmelitaniscalzi.com\/#website\",\"url\":\"https:\/\/www.carmelitaniscalzi.com\/\",\"name\":\"CARMELITANI SCALZI - Curia Generale del Carmelo Teresiano\",\"description\":\"Generalkurie des Teresianischen Karmel\",\"publisher\":{\"@id\":\"https:\/\/www.carmelitaniscalzi.com\/#organization\"},\"alternateName\":\"CARMELITANI SCALZI\",\"potentialAction\":[{\"@type\":\"SearchAction\",\"target\":{\"@type\":\"EntryPoint\",\"urlTemplate\":\"https:\/\/www.carmelitaniscalzi.com\/?s={search_term_string}\"},\"query-input\":{\"@type\":\"PropertyValueSpecification\",\"valueRequired\":true,\"valueName\":\"search_term_string\"}}],\"inLanguage\":\"de\"},{\"@type\":\"Organization\",\"@id\":\"https:\/\/www.carmelitaniscalzi.com\/#organization\",\"name\":\"CARMELITANI SCALZI - Curia Generale del Carmelo Teresiano\",\"url\":\"https:\/\/www.carmelitaniscalzi.com\/\",\"logo\":{\"@type\":\"ImageObject\",\"inLanguage\":\"de\",\"@id\":\"https:\/\/www.carmelitaniscalzi.com\/#\/schema\/logo\/image\/\",\"url\":\"https:\/\/www.carmelitaniscalzi.com\/wp-content\/uploads\/2025\/11\/login-logo.png\",\"contentUrl\":\"https:\/\/www.carmelitaniscalzi.com\/wp-content\/uploads\/2025\/11\/login-logo.png\",\"width\":256,\"height\":256,\"caption\":\"CARMELITANI SCALZI - Curia Generale del Carmelo Teresiano\"},\"image\":{\"@id\":\"https:\/\/www.carmelitaniscalzi.com\/#\/schema\/logo\/image\/\"},\"sameAs\":[\"https:\/\/www.facebook.com\/Curia-Generalizia-Carmelitani-Scalzi-658766940887784\/\",\"https:\/\/x.com\/ocdcuria\",\"https:\/\/www.youtube.com\/channel\/UC2J5ZL0ycOY0qBSTCLX_NGQ\/videos\",\"https:\/\/www.instagram.com\/ocdinform\/\"]}]}<\/script>\n<!-- \/ Yoast SEO plugin. -->","yoast_head_json":{"title":"S\u00e4kularorden (TKG) - UNBESCHUHTE KARMELITEN","robots":{"index":"index","follow":"follow","max-snippet":"max-snippet:-1","max-image-preview":"max-image-preview:large","max-video-preview":"max-video-preview:-1"},"canonical":"https:\/\/www.carmelitaniscalzi.com\/de\/wer-wir-sind\/saekularorden-tkg\/","og_locale":"de_DE","og_type":"article","og_title":"S\u00e4kularorden (TKG) - UNBESCHUHTE KARMELITEN","og_description":"L&#8217;ORDINE SECOLARE DEL CARMELO TERESIANO Il carisma del Carmelo Teresiano \u00e8 presente nella Chiesa e nel mondo in diversi modi. La grande famiglia del Carmelo Teresiano \u00e8 composta dai Frati Carmelitani Scalzi che cercano l\u2019unit\u00e0 tra la vita di preghiera e le diverse forme di apostolato; dalle monache Carmelitane Scalze di vita contemplativa e dai [&hellip;]","og_url":"https:\/\/www.carmelitaniscalzi.com\/de\/wer-wir-sind\/saekularorden-tkg\/","og_site_name":"UNBESCHUHTE KARMELITEN","article_publisher":"https:\/\/www.facebook.com\/Curia-Generalizia-Carmelitani-Scalzi-658766940887784\/","article_modified_time":"2021-06-03T19:42:13+00:00","og_image":[{"width":600,"height":600,"url":"https:\/\/www.carmelitaniscalzi.com\/wp-content\/uploads\/2016\/02\/placeholder_profile.jpg","type":"image\/jpeg"}],"twitter_card":"summary_large_image","twitter_site":"@ocdcuria","twitter_misc":{"Gesch\u00e4tzte Lesezeit":"2\u00a0Minuten"},"schema":{"@context":"https:\/\/schema.org","@graph":[{"@type":"WebPage","@id":"https:\/\/www.carmelitaniscalzi.com\/de\/wer-wir-sind\/saekularorden-tkg\/","url":"https:\/\/www.carmelitaniscalzi.com\/de\/wer-wir-sind\/saekularorden-tkg\/","name":"S\u00e4kularorden (TKG) - UNBESCHUHTE KARMELITEN","isPartOf":{"@id":"https:\/\/www.carmelitaniscalzi.com\/#website"},"primaryImageOfPage":{"@id":"https:\/\/www.carmelitaniscalzi.com\/de\/wer-wir-sind\/saekularorden-tkg\/#primaryimage"},"image":{"@id":"https:\/\/www.carmelitaniscalzi.com\/de\/wer-wir-sind\/saekularorden-tkg\/#primaryimage"},"thumbnailUrl":"https:\/\/www.carmelitaniscalzi.com\/wp-content\/uploads\/2016\/02\/placeholder_profile.jpg","datePublished":"2016-06-30T20:26:12+00:00","dateModified":"2021-06-03T19:42:13+00:00","breadcrumb":{"@id":"https:\/\/www.carmelitaniscalzi.com\/de\/wer-wir-sind\/saekularorden-tkg\/#breadcrumb"},"inLanguage":"de","potentialAction":[{"@type":"ReadAction","target":["https:\/\/www.carmelitaniscalzi.com\/de\/wer-wir-sind\/saekularorden-tkg\/"]}]},{"@type":"ImageObject","inLanguage":"de","@id":"https:\/\/www.carmelitaniscalzi.com\/de\/wer-wir-sind\/saekularorden-tkg\/#primaryimage","url":"https:\/\/www.carmelitaniscalzi.com\/wp-content\/uploads\/2016\/02\/placeholder_profile.jpg","contentUrl":"https:\/\/www.carmelitaniscalzi.com\/wp-content\/uploads\/2016\/02\/placeholder_profile.jpg","width":600,"height":600},{"@type":"BreadcrumbList","@id":"https:\/\/www.carmelitaniscalzi.com\/de\/wer-wir-sind\/saekularorden-tkg\/#breadcrumb","itemListElement":[{"@type":"ListItem","position":1,"name":"Home","item":"https:\/\/www.carmelitaniscalzi.com\/de\/"},{"@type":"ListItem","position":2,"name":"Wer wir sind","item":"https:\/\/www.carmelitaniscalzi.com\/de\/wer-wir-sind\/"},{"@type":"ListItem","position":3,"name":"S\u00e4kularorden (TKG)"}]},{"@type":"WebSite","@id":"https:\/\/www.carmelitaniscalzi.com\/#website","url":"https:\/\/www.carmelitaniscalzi.com\/","name":"CARMELITANI SCALZI - Curia Generale del Carmelo Teresiano","description":"Generalkurie des Teresianischen Karmel","publisher":{"@id":"https:\/\/www.carmelitaniscalzi.com\/#organization"},"alternateName":"CARMELITANI SCALZI","potentialAction":[{"@type":"SearchAction","target":{"@type":"EntryPoint","urlTemplate":"https:\/\/www.carmelitaniscalzi.com\/?s={search_term_string}"},"query-input":{"@type":"PropertyValueSpecification","valueRequired":true,"valueName":"search_term_string"}}],"inLanguage":"de"},{"@type":"Organization","@id":"https:\/\/www.carmelitaniscalzi.com\/#organization","name":"CARMELITANI SCALZI - Curia Generale del Carmelo Teresiano","url":"https:\/\/www.carmelitaniscalzi.com\/","logo":{"@type":"ImageObject","inLanguage":"de","@id":"https:\/\/www.carmelitaniscalzi.com\/#\/schema\/logo\/image\/","url":"https:\/\/www.carmelitaniscalzi.com\/wp-content\/uploads\/2025\/11\/login-logo.png","contentUrl":"https:\/\/www.carmelitaniscalzi.com\/wp-content\/uploads\/2025\/11\/login-logo.png","width":256,"height":256,"caption":"CARMELITANI SCALZI - Curia Generale del Carmelo Teresiano"},"image":{"@id":"https:\/\/www.carmelitaniscalzi.com\/#\/schema\/logo\/image\/"},"sameAs":["https:\/\/www.facebook.com\/Curia-Generalizia-Carmelitani-Scalzi-658766940887784\/","https:\/\/x.com\/ocdcuria","https:\/\/www.youtube.com\/channel\/UC2J5ZL0ycOY0qBSTCLX_NGQ\/videos","https:\/\/www.instagram.com\/ocdinform\/"]}]}},"_links":{"self":[{"href":"https:\/\/www.carmelitaniscalzi.com\/de\/wp-json\/wp\/v2\/chi_siamo\/5470","targetHints":{"allow":["GET"]}}],"collection":[{"href":"https:\/\/www.carmelitaniscalzi.com\/de\/wp-json\/wp\/v2\/chi_siamo"}],"about":[{"href":"https:\/\/www.carmelitaniscalzi.com\/de\/wp-json\/wp\/v2\/types\/chi_siamo"}],"version-history":[{"count":0,"href":"https:\/\/www.carmelitaniscalzi.com\/de\/wp-json\/wp\/v2\/chi_siamo\/5470\/revisions"}],"up":[{"embeddable":true,"href":"https:\/\/www.carmelitaniscalzi.com\/de\/wp-json\/wp\/v2\/chi_siamo\/5431"}],"wp:featuredmedia":[{"embeddable":true,"href":"https:\/\/www.carmelitaniscalzi.com\/de\/wp-json\/wp\/v2\/media\/51456"}],"wp:attachment":[{"href":"https:\/\/www.carmelitaniscalzi.com\/de\/wp-json\/wp\/v2\/media?parent=5470"}],"wp:term":[{"taxonomy":"elemento_chi_siamo","embeddable":true,"href":"https:\/\/www.carmelitaniscalzi.com\/de\/wp-json\/wp\/v2\/elemento_chi_siamo?post=5470"}],"curies":[{"name":"wp","href":"https:\/\/api.w.org\/{rel}","templated":true}]}}