{"id":5466,"date":"2016-06-30T22:24:37","date_gmt":"2016-06-30T20:24:37","guid":{"rendered":"https:\/\/www.carmelitaniscalzi.com\/de\/?page_id=5466"},"modified":"2021-06-03T21:37:08","modified_gmt":"2021-06-03T19:37:08","slug":"brueder","status":"publish","type":"chi_siamo","link":"https:\/\/www.carmelitaniscalzi.com\/de\/wer-wir-sind\/brueder\/","title":{"rendered":"Br\u00fcder"},"content":{"rendered":"<p>Il fine essenziale e principale dei Carmelitani, come si dice nella nostra Regola o \u201cnorma di vita\u201d, \u00e8 \u201cvivere in ossequio di Ges\u00f9 Cristo giorno e notte\u201d. L\u2019orazione, o \u201cl\u2019intrattenersi in amicizia molte volte con Colui dal quale sappiamo di essere amati\u201d, per dirla con le parole di Teresa di Ges\u00f9, \u00e8 il nostro grande obiettivo e finalit\u00e0.<\/p>\n<p>Da qui irradiamo il nostro carisma nella Chiesa con Centri di Spiritualit\u00e0 (case di orazione, eremi, case di formazione&#8230;); aiutiamo le diverse chiese locali di tutto il mondo, come anche le parrocchie che assistiamo pastoralmente, sia nelle citt\u00e0 che nelle terre di missione.<\/p>\n<p>Inoltre irradiamo il nostro carisma attraverso gli scritti di spiritualit\u00e0 (abbiamo varie case editrici), gli esercizi spirituali, la direzione spirituale ecc.<\/p>\n<p>I Carmelitani Scalzi o Teresiani sono presenti in tutto il mondo. In base alle ultime statistiche (anno 2014) siamo 4021 frati, compresi tutti i Carmelitani in formazione. Se per lungo tempo la presenza dell\u2019Ordine \u00e8 stata soprattutto in Europa, ora si va spostando in modo notevole in Asia, America e Africa. Infatti, degli oltre 4000 frati pi\u00f9 di 1000 appartengono all\u2019India. Questo dimostra come il centro di gravit\u00e0 dell\u2019Ordine non sia pi\u00f9 l\u2019Europa Occidentale, ma l\u2019Asia. Nella vecchia Europa siamo in un processo di ristrutturazione, al contrario dell\u2019Asia dove vi \u00e8 un\u2019espansione.<\/p>\n<p>L\u2019Ordine si divide in cinquantuno Circoscrizioni secondo questa denominazione: Provincia, Semiprovincia, Commissariato e Delegazione generale.<\/p>\n<p>Un dato rilevante \u00e8 la nomina episcopale di ventuno Carmelitani che svolgono il loro ministero nelle diverse diocesi del mondo. La Provincia di Manjummel \u00e8 la pi\u00f9 numerosa con 264 frati e quella di Olanda con 15 Carmelitani, \u00e8 la pi\u00f9 piccola.<\/p>\n<p>Cifre e nomi lasciano trapelare la missione del Carmelitano Teresiano che, innamorato di Cristo e della sua Chiesa, vuole far conoscere e comunicare il suo carisma specifico di orazione e intimit\u00e0 con Dio, dovunque la Chiesa ne abbia bisogno.<\/p>\n","protected":false},"featured_media":51456,"parent":5431,"menu_order":5,"template":"","format":"standard","meta":{"_acf_changed":false,"footnotes":""},"elemento_chi_siamo":[967],"class_list":["post-5466","chi_siamo","type-chi_siamo","status-publish","format-standard","has-post-thumbnail","hentry","elemento_chi_siamo-andere"],"acf":[],"yoast_head":"<!-- This site is optimized with the Yoast SEO plugin v26.3 - https:\/\/yoast.com\/wordpress\/plugins\/seo\/ -->\n<title>Br\u00fcder - UNBESCHUHTE KARMELITEN<\/title>\n<meta name=\"robots\" content=\"index, follow, max-snippet:-1, max-image-preview:large, max-video-preview:-1\" \/>\n<link rel=\"canonical\" href=\"https:\/\/www.carmelitaniscalzi.com\/de\/wer-wir-sind\/brueder\/\" \/>\n<meta property=\"og:locale\" content=\"de_DE\" \/>\n<meta property=\"og:type\" content=\"article\" \/>\n<meta property=\"og:title\" content=\"Br\u00fcder - UNBESCHUHTE KARMELITEN\" \/>\n<meta property=\"og:description\" content=\"Il fine essenziale e principale dei Carmelitani, come si dice nella nostra Regola o \u201cnorma di vita\u201d, \u00e8 \u201cvivere in ossequio di Ges\u00f9 Cristo giorno e notte\u201d. L\u2019orazione, o \u201cl\u2019intrattenersi in amicizia molte volte con Colui dal quale sappiamo di essere amati\u201d, per dirla con le parole di Teresa di Ges\u00f9, \u00e8 il nostro grande [&hellip;]\" \/>\n<meta property=\"og:url\" content=\"https:\/\/www.carmelitaniscalzi.com\/de\/wer-wir-sind\/brueder\/\" \/>\n<meta property=\"og:site_name\" content=\"UNBESCHUHTE KARMELITEN\" \/>\n<meta property=\"article:publisher\" content=\"https:\/\/www.facebook.com\/Curia-Generalizia-Carmelitani-Scalzi-658766940887784\/\" \/>\n<meta property=\"article:modified_time\" content=\"2021-06-03T19:37:08+00:00\" \/>\n<meta property=\"og:image\" content=\"https:\/\/www.carmelitaniscalzi.com\/wp-content\/uploads\/2016\/02\/placeholder_profile.jpg\" \/>\n\t<meta property=\"og:image:width\" content=\"600\" \/>\n\t<meta property=\"og:image:height\" content=\"600\" \/>\n\t<meta property=\"og:image:type\" content=\"image\/jpeg\" \/>\n<meta name=\"twitter:card\" content=\"summary_large_image\" \/>\n<meta name=\"twitter:site\" content=\"@ocdcuria\" \/>\n<meta name=\"twitter:label1\" content=\"Gesch\u00e4tzte Lesezeit\" \/>\n\t<meta name=\"twitter:data1\" content=\"2\u00a0Minuten\" \/>\n<script type=\"application\/ld+json\" class=\"yoast-schema-graph\">{\"@context\":\"https:\/\/schema.org\",\"@graph\":[{\"@type\":\"WebPage\",\"@id\":\"https:\/\/www.carmelitaniscalzi.com\/de\/wer-wir-sind\/brueder\/\",\"url\":\"https:\/\/www.carmelitaniscalzi.com\/de\/wer-wir-sind\/brueder\/\",\"name\":\"Br\u00fcder - UNBESCHUHTE KARMELITEN\",\"isPartOf\":{\"@id\":\"https:\/\/www.carmelitaniscalzi.com\/#website\"},\"primaryImageOfPage\":{\"@id\":\"https:\/\/www.carmelitaniscalzi.com\/de\/wer-wir-sind\/brueder\/#primaryimage\"},\"image\":{\"@id\":\"https:\/\/www.carmelitaniscalzi.com\/de\/wer-wir-sind\/brueder\/#primaryimage\"},\"thumbnailUrl\":\"https:\/\/www.carmelitaniscalzi.com\/wp-content\/uploads\/2016\/02\/placeholder_profile.jpg\",\"datePublished\":\"2016-06-30T20:24:37+00:00\",\"dateModified\":\"2021-06-03T19:37:08+00:00\",\"breadcrumb\":{\"@id\":\"https:\/\/www.carmelitaniscalzi.com\/de\/wer-wir-sind\/brueder\/#breadcrumb\"},\"inLanguage\":\"de\",\"potentialAction\":[{\"@type\":\"ReadAction\",\"target\":[\"https:\/\/www.carmelitaniscalzi.com\/de\/wer-wir-sind\/brueder\/\"]}]},{\"@type\":\"ImageObject\",\"inLanguage\":\"de\",\"@id\":\"https:\/\/www.carmelitaniscalzi.com\/de\/wer-wir-sind\/brueder\/#primaryimage\",\"url\":\"https:\/\/www.carmelitaniscalzi.com\/wp-content\/uploads\/2016\/02\/placeholder_profile.jpg\",\"contentUrl\":\"https:\/\/www.carmelitaniscalzi.com\/wp-content\/uploads\/2016\/02\/placeholder_profile.jpg\",\"width\":600,\"height\":600},{\"@type\":\"BreadcrumbList\",\"@id\":\"https:\/\/www.carmelitaniscalzi.com\/de\/wer-wir-sind\/brueder\/#breadcrumb\",\"itemListElement\":[{\"@type\":\"ListItem\",\"position\":1,\"name\":\"Home\",\"item\":\"https:\/\/www.carmelitaniscalzi.com\/de\/\"},{\"@type\":\"ListItem\",\"position\":2,\"name\":\"Wer wir sind\",\"item\":\"https:\/\/www.carmelitaniscalzi.com\/de\/wer-wir-sind\/\"},{\"@type\":\"ListItem\",\"position\":3,\"name\":\"Br\u00fcder\"}]},{\"@type\":\"WebSite\",\"@id\":\"https:\/\/www.carmelitaniscalzi.com\/#website\",\"url\":\"https:\/\/www.carmelitaniscalzi.com\/\",\"name\":\"CARMELITANI SCALZI - Curia Generale del Carmelo Teresiano\",\"description\":\"Generalkurie des Teresianischen Karmel\",\"publisher\":{\"@id\":\"https:\/\/www.carmelitaniscalzi.com\/#organization\"},\"alternateName\":\"CARMELITANI SCALZI\",\"potentialAction\":[{\"@type\":\"SearchAction\",\"target\":{\"@type\":\"EntryPoint\",\"urlTemplate\":\"https:\/\/www.carmelitaniscalzi.com\/?s={search_term_string}\"},\"query-input\":{\"@type\":\"PropertyValueSpecification\",\"valueRequired\":true,\"valueName\":\"search_term_string\"}}],\"inLanguage\":\"de\"},{\"@type\":\"Organization\",\"@id\":\"https:\/\/www.carmelitaniscalzi.com\/#organization\",\"name\":\"CARMELITANI SCALZI - Curia Generale del Carmelo Teresiano\",\"url\":\"https:\/\/www.carmelitaniscalzi.com\/\",\"logo\":{\"@type\":\"ImageObject\",\"inLanguage\":\"de\",\"@id\":\"https:\/\/www.carmelitaniscalzi.com\/#\/schema\/logo\/image\/\",\"url\":\"https:\/\/www.carmelitaniscalzi.com\/wp-content\/uploads\/2025\/11\/login-logo.png\",\"contentUrl\":\"https:\/\/www.carmelitaniscalzi.com\/wp-content\/uploads\/2025\/11\/login-logo.png\",\"width\":256,\"height\":256,\"caption\":\"CARMELITANI SCALZI - Curia Generale del Carmelo Teresiano\"},\"image\":{\"@id\":\"https:\/\/www.carmelitaniscalzi.com\/#\/schema\/logo\/image\/\"},\"sameAs\":[\"https:\/\/www.facebook.com\/Curia-Generalizia-Carmelitani-Scalzi-658766940887784\/\",\"https:\/\/x.com\/ocdcuria\",\"https:\/\/www.youtube.com\/channel\/UC2J5ZL0ycOY0qBSTCLX_NGQ\/videos\",\"https:\/\/www.instagram.com\/ocdinform\/\"]}]}<\/script>\n<!-- \/ Yoast SEO plugin. -->","yoast_head_json":{"title":"Br\u00fcder - UNBESCHUHTE KARMELITEN","robots":{"index":"index","follow":"follow","max-snippet":"max-snippet:-1","max-image-preview":"max-image-preview:large","max-video-preview":"max-video-preview:-1"},"canonical":"https:\/\/www.carmelitaniscalzi.com\/de\/wer-wir-sind\/brueder\/","og_locale":"de_DE","og_type":"article","og_title":"Br\u00fcder - UNBESCHUHTE KARMELITEN","og_description":"Il fine essenziale e principale dei Carmelitani, come si dice nella nostra Regola o \u201cnorma di vita\u201d, \u00e8 \u201cvivere in ossequio di Ges\u00f9 Cristo giorno e notte\u201d. L\u2019orazione, o \u201cl\u2019intrattenersi in amicizia molte volte con Colui dal quale sappiamo di essere amati\u201d, per dirla con le parole di Teresa di Ges\u00f9, \u00e8 il nostro grande [&hellip;]","og_url":"https:\/\/www.carmelitaniscalzi.com\/de\/wer-wir-sind\/brueder\/","og_site_name":"UNBESCHUHTE KARMELITEN","article_publisher":"https:\/\/www.facebook.com\/Curia-Generalizia-Carmelitani-Scalzi-658766940887784\/","article_modified_time":"2021-06-03T19:37:08+00:00","og_image":[{"width":600,"height":600,"url":"https:\/\/www.carmelitaniscalzi.com\/wp-content\/uploads\/2016\/02\/placeholder_profile.jpg","type":"image\/jpeg"}],"twitter_card":"summary_large_image","twitter_site":"@ocdcuria","twitter_misc":{"Gesch\u00e4tzte Lesezeit":"2\u00a0Minuten"},"schema":{"@context":"https:\/\/schema.org","@graph":[{"@type":"WebPage","@id":"https:\/\/www.carmelitaniscalzi.com\/de\/wer-wir-sind\/brueder\/","url":"https:\/\/www.carmelitaniscalzi.com\/de\/wer-wir-sind\/brueder\/","name":"Br\u00fcder - UNBESCHUHTE KARMELITEN","isPartOf":{"@id":"https:\/\/www.carmelitaniscalzi.com\/#website"},"primaryImageOfPage":{"@id":"https:\/\/www.carmelitaniscalzi.com\/de\/wer-wir-sind\/brueder\/#primaryimage"},"image":{"@id":"https:\/\/www.carmelitaniscalzi.com\/de\/wer-wir-sind\/brueder\/#primaryimage"},"thumbnailUrl":"https:\/\/www.carmelitaniscalzi.com\/wp-content\/uploads\/2016\/02\/placeholder_profile.jpg","datePublished":"2016-06-30T20:24:37+00:00","dateModified":"2021-06-03T19:37:08+00:00","breadcrumb":{"@id":"https:\/\/www.carmelitaniscalzi.com\/de\/wer-wir-sind\/brueder\/#breadcrumb"},"inLanguage":"de","potentialAction":[{"@type":"ReadAction","target":["https:\/\/www.carmelitaniscalzi.com\/de\/wer-wir-sind\/brueder\/"]}]},{"@type":"ImageObject","inLanguage":"de","@id":"https:\/\/www.carmelitaniscalzi.com\/de\/wer-wir-sind\/brueder\/#primaryimage","url":"https:\/\/www.carmelitaniscalzi.com\/wp-content\/uploads\/2016\/02\/placeholder_profile.jpg","contentUrl":"https:\/\/www.carmelitaniscalzi.com\/wp-content\/uploads\/2016\/02\/placeholder_profile.jpg","width":600,"height":600},{"@type":"BreadcrumbList","@id":"https:\/\/www.carmelitaniscalzi.com\/de\/wer-wir-sind\/brueder\/#breadcrumb","itemListElement":[{"@type":"ListItem","position":1,"name":"Home","item":"https:\/\/www.carmelitaniscalzi.com\/de\/"},{"@type":"ListItem","position":2,"name":"Wer wir sind","item":"https:\/\/www.carmelitaniscalzi.com\/de\/wer-wir-sind\/"},{"@type":"ListItem","position":3,"name":"Br\u00fcder"}]},{"@type":"WebSite","@id":"https:\/\/www.carmelitaniscalzi.com\/#website","url":"https:\/\/www.carmelitaniscalzi.com\/","name":"CARMELITANI SCALZI - Curia Generale del Carmelo Teresiano","description":"Generalkurie des Teresianischen Karmel","publisher":{"@id":"https:\/\/www.carmelitaniscalzi.com\/#organization"},"alternateName":"CARMELITANI SCALZI","potentialAction":[{"@type":"SearchAction","target":{"@type":"EntryPoint","urlTemplate":"https:\/\/www.carmelitaniscalzi.com\/?s={search_term_string}"},"query-input":{"@type":"PropertyValueSpecification","valueRequired":true,"valueName":"search_term_string"}}],"inLanguage":"de"},{"@type":"Organization","@id":"https:\/\/www.carmelitaniscalzi.com\/#organization","name":"CARMELITANI SCALZI - Curia Generale del Carmelo Teresiano","url":"https:\/\/www.carmelitaniscalzi.com\/","logo":{"@type":"ImageObject","inLanguage":"de","@id":"https:\/\/www.carmelitaniscalzi.com\/#\/schema\/logo\/image\/","url":"https:\/\/www.carmelitaniscalzi.com\/wp-content\/uploads\/2025\/11\/login-logo.png","contentUrl":"https:\/\/www.carmelitaniscalzi.com\/wp-content\/uploads\/2025\/11\/login-logo.png","width":256,"height":256,"caption":"CARMELITANI SCALZI - Curia Generale del Carmelo Teresiano"},"image":{"@id":"https:\/\/www.carmelitaniscalzi.com\/#\/schema\/logo\/image\/"},"sameAs":["https:\/\/www.facebook.com\/Curia-Generalizia-Carmelitani-Scalzi-658766940887784\/","https:\/\/x.com\/ocdcuria","https:\/\/www.youtube.com\/channel\/UC2J5ZL0ycOY0qBSTCLX_NGQ\/videos","https:\/\/www.instagram.com\/ocdinform\/"]}]}},"_links":{"self":[{"href":"https:\/\/www.carmelitaniscalzi.com\/de\/wp-json\/wp\/v2\/chi_siamo\/5466","targetHints":{"allow":["GET"]}}],"collection":[{"href":"https:\/\/www.carmelitaniscalzi.com\/de\/wp-json\/wp\/v2\/chi_siamo"}],"about":[{"href":"https:\/\/www.carmelitaniscalzi.com\/de\/wp-json\/wp\/v2\/types\/chi_siamo"}],"version-history":[{"count":0,"href":"https:\/\/www.carmelitaniscalzi.com\/de\/wp-json\/wp\/v2\/chi_siamo\/5466\/revisions"}],"up":[{"embeddable":true,"href":"https:\/\/www.carmelitaniscalzi.com\/de\/wp-json\/wp\/v2\/chi_siamo\/5431"}],"wp:featuredmedia":[{"embeddable":true,"href":"https:\/\/www.carmelitaniscalzi.com\/de\/wp-json\/wp\/v2\/media\/51456"}],"wp:attachment":[{"href":"https:\/\/www.carmelitaniscalzi.com\/de\/wp-json\/wp\/v2\/media?parent=5466"}],"wp:term":[{"taxonomy":"elemento_chi_siamo","embeddable":true,"href":"https:\/\/www.carmelitaniscalzi.com\/de\/wp-json\/wp\/v2\/elemento_chi_siamo?post=5466"}],"curies":[{"name":"wp","href":"https:\/\/api.w.org\/{rel}","templated":true}]}}