{"id":5456,"date":"2016-06-30T22:18:07","date_gmt":"2016-06-30T20:18:07","guid":{"rendered":"https:\/\/www.carmelitaniscalzi.com\/de\/?page_id=5456"},"modified":"2021-09-20T01:16:21","modified_gmt":"2021-09-19T23:16:21","slug":"hl-teresa-von-los-andes","status":"publish","type":"chi_siamo","link":"https:\/\/www.carmelitaniscalzi.com\/de\/wer-wir-sind\/unsere-heiligen\/hl-teresa-von-los-andes\/","title":{"rendered":"Hl. Teresa von Los Andes"},"content":{"rendered":"<p><a href=\"https:\/\/www.carmelitaniscalzi.com\/wp-content\/uploads\/2016\/02\/santa_teresa_de_los_andes.jpg\"><img loading=\"lazy\" decoding=\"async\" class=\"alignleft size-full wp-image-3488\" src=\"https:\/\/www.carmelitaniscalzi.com\/wp-content\/uploads\/2016\/02\/santa_teresa_de_los_andes.jpg\" alt=\"santa_teresa_de_los_andes\" width=\"189\" height=\"267\" srcset=\"https:\/\/www.carmelitaniscalzi.com\/wp-content\/uploads\/2016\/02\/santa_teresa_de_los_andes.jpg 189w, https:\/\/www.carmelitaniscalzi.com\/wp-content\/uploads\/2016\/02\/santa_teresa_de_los_andes-39x55.jpg 39w\" sizes=\"auto, (max-width: 189px) 100vw, 189px\" \/><\/a><\/p>\n<p>Juanita Fern\u00e1ndez Solar nasce il 13 luglio del 1900 a Santiago del Cile. Educata sin dall\u2019infanzia alla fede dai suoi genitori, ha una precoce inclinazione all\u2019orazione e al bene. Nel 1907 entra come alunna esterna nel collegio delle religiose del Sacro Cuore. L\u201911 settembre 1910 riceve la prima Comunione; un giorno fondamentale, perch\u00e9 d\u2019ora in poi vivr\u00e0 ogni Comunione come un\u2019amicizia con Ges\u00f9 sempre pi\u00f9 intensa.<\/p>\n<p>Di famiglia agiata, tratta con inusuale affetto i lavoratori della famiglia e si preoccupa della catechesi e delle necessit\u00e0 dei poveri. Suo padre si dimostra poco abile nell\u2019amministrazione delle sue sostanze ne perde la maggior parte, creando non poche tensioni in famiglia. Inoltre, suo fratello Lucio si allontana dalla fede e Michele vive in modo un po\u2019 disordinato. In tutte queste difficolt\u00e0 familiari, Juanita \u00e8 l\u2019angelo che veglia su tutti.<\/p>\n<p>A 15 anni dichiara che Cristo l\u2019ha conquistata. Poco dopo viene iscritta come alunna interna del collegio, ma lo accetta con grande fatica: \u201cRidurrei in cenere il collegio\u201d arriva a dire. Poi decide di essere fedele alla sua vita di collegiale come il modo di affidarsi alla volont\u00e0 di Dio e cerca di sforzarsi nell\u2019essere un\u2019alunna esemplare. In seguito a una conversazione con una delle sue maestre, inizia il discernimento sulla sua possibile vocazione.<\/p>\n<p>A 17 anni la lettura di santa Teresa di Ges\u00f9 la spinge a vivere la preghiera come amicizia e dono al prossimo. Conosce anche gli scritti di Teresa di Lisieux e di Elisabetta della Trinit\u00e0, verso la quale sperimenta una grande sintonia, dato che anche lei desidera essere \u201ccasa di Dio\u201d e \u201clode della sua gloria\u201d. Ha un rapporto epistolare con Madre Angelica, priora delle Carmelitane Scalze di los Andes, alla quale confida la sua ricerca vocazionale.<\/p>\n<p>L\u2019anno seguente lascia il collegio in occasione del matrimonio di sua sorella Lucia, per far pratica nella gestione della casa e presentarsi in societ\u00e0. \u00c8 una giovane sportiva, amante della natura e allegra. \u00c8 catechista e insegna ai bambini delle famiglie povere; collabora con le missioni. Non ha dubbi sulla propria vocazione, ma non le \u00e8 chiaro se dovr\u00e0 essere religiosa del Sacro Cuore o Carmelitana Scalza. Quando sua madre si rende conto delle sue intenzioni, cerca di provarla in vari modi per dissuaderla, ma rimane sorpresa della dolcezza e dell\u2019equilibrio delle risposte della figlia. L\u201911 gennaio 1919 conosce la comunit\u00e0 delle Carmelitane Scalze e tutti i dubbi scompaiono, affascinata dalla semplicit\u00e0, familiarit\u00e0 e spontaneit\u00e0 delle monache.<\/p>\n<p>Appena la famiglia apprende la notizia della sua decisione, i fratelli cercano di dissuaderla, ma i genitori le danno il permesso. Entra il 7 maggio 1919, cambiando il suo nome con quello di Teresa di Ges\u00f9. In monastero conosce gli scritti di san Giovanni dalla Croce che l\u2019aiutano nella maturazione della sua preghiera.<\/p>\n<p>Tramite le lettere a familiari e amici esercita un vero apostolato, cercando di incoraggiarli all\u2019amicizia con Dio, all\u2019allegria e alla gratitudine. Le <em>Lettere<\/em> scritte con grande affetto e comprensione, insieme ai suoi <em>Diari<\/em> rimangono i testimoni della sua spiritualit\u00e0.<\/p>\n<p>Durante la Settimana Santa del 1920 si ammala gravemente. Fa la sua professione religiosa sul letto di morte, con gioia ed emozione. Muore il 12 aprile.<\/p>\n<p>La sua vita e la sua spiritualit\u00e0 sono un raggio di Dio in Cile e in tutta l\u2019America Latina. Il suo santuario \u00e8 meta di pellegrinaggio; ivi molte persone si incontrano di nuovo con Dio e con la fede.<\/p>\n","protected":false},"featured_media":80543,"parent":5448,"menu_order":4,"template":"","format":"standard","meta":{"_acf_changed":false,"footnotes":""},"elemento_chi_siamo":[843],"class_list":["post-5456","chi_siamo","type-chi_siamo","status-publish","format-standard","has-post-thumbnail","hentry","elemento_chi_siamo-unsere-heiligen"],"acf":[],"yoast_head":"<!-- This site is optimized with the Yoast SEO plugin v26.3 - https:\/\/yoast.com\/wordpress\/plugins\/seo\/ -->\n<title>Hl. Teresa von Los Andes - UNBESCHUHTE KARMELITEN<\/title>\n<meta name=\"robots\" content=\"index, follow, max-snippet:-1, max-image-preview:large, max-video-preview:-1\" \/>\n<link rel=\"canonical\" href=\"https:\/\/www.carmelitaniscalzi.com\/de\/wer-wir-sind\/unsere-heiligen\/hl-teresa-von-los-andes\/\" \/>\n<meta property=\"og:locale\" content=\"de_DE\" \/>\n<meta property=\"og:type\" content=\"article\" \/>\n<meta property=\"og:title\" content=\"Hl. Teresa von Los Andes - UNBESCHUHTE KARMELITEN\" \/>\n<meta property=\"og:description\" content=\"Juanita Fern\u00e1ndez Solar nasce il 13 luglio del 1900 a Santiago del Cile. Educata sin dall\u2019infanzia alla fede dai suoi genitori, ha una precoce inclinazione all\u2019orazione e al bene. Nel 1907 entra come alunna esterna nel collegio delle religiose del Sacro Cuore. L\u201911 settembre 1910 riceve la prima Comunione; un giorno fondamentale, perch\u00e9 d\u2019ora in [&hellip;]\" \/>\n<meta property=\"og:url\" content=\"https:\/\/www.carmelitaniscalzi.com\/de\/wer-wir-sind\/unsere-heiligen\/hl-teresa-von-los-andes\/\" \/>\n<meta property=\"og:site_name\" content=\"UNBESCHUHTE KARMELITEN\" \/>\n<meta property=\"article:publisher\" content=\"https:\/\/www.facebook.com\/Curia-Generalizia-Carmelitani-Scalzi-658766940887784\/\" \/>\n<meta property=\"article:modified_time\" content=\"2021-09-19T23:16:21+00:00\" \/>\n<meta property=\"og:image\" content=\"https:\/\/www.carmelitaniscalzi.com\/wp-content\/uploads\/2016\/02\/teresa_andes.jpg\" \/>\n\t<meta property=\"og:image:width\" content=\"600\" \/>\n\t<meta property=\"og:image:height\" content=\"600\" \/>\n\t<meta property=\"og:image:type\" content=\"image\/jpeg\" \/>\n<meta name=\"twitter:card\" content=\"summary_large_image\" \/>\n<meta name=\"twitter:site\" content=\"@ocdcuria\" \/>\n<meta name=\"twitter:label1\" content=\"Gesch\u00e4tzte Lesezeit\" \/>\n\t<meta name=\"twitter:data1\" content=\"3\u00a0Minuten\" \/>\n<script type=\"application\/ld+json\" class=\"yoast-schema-graph\">{\"@context\":\"https:\/\/schema.org\",\"@graph\":[{\"@type\":\"WebPage\",\"@id\":\"https:\/\/www.carmelitaniscalzi.com\/de\/wer-wir-sind\/unsere-heiligen\/hl-teresa-von-los-andes\/\",\"url\":\"https:\/\/www.carmelitaniscalzi.com\/de\/wer-wir-sind\/unsere-heiligen\/hl-teresa-von-los-andes\/\",\"name\":\"Hl. Teresa von Los Andes - UNBESCHUHTE KARMELITEN\",\"isPartOf\":{\"@id\":\"https:\/\/www.carmelitaniscalzi.com\/#website\"},\"primaryImageOfPage\":{\"@id\":\"https:\/\/www.carmelitaniscalzi.com\/de\/wer-wir-sind\/unsere-heiligen\/hl-teresa-von-los-andes\/#primaryimage\"},\"image\":{\"@id\":\"https:\/\/www.carmelitaniscalzi.com\/de\/wer-wir-sind\/unsere-heiligen\/hl-teresa-von-los-andes\/#primaryimage\"},\"thumbnailUrl\":\"https:\/\/www.carmelitaniscalzi.com\/wp-content\/uploads\/2016\/02\/teresa_andes.jpg\",\"datePublished\":\"2016-06-30T20:18:07+00:00\",\"dateModified\":\"2021-09-19T23:16:21+00:00\",\"breadcrumb\":{\"@id\":\"https:\/\/www.carmelitaniscalzi.com\/de\/wer-wir-sind\/unsere-heiligen\/hl-teresa-von-los-andes\/#breadcrumb\"},\"inLanguage\":\"de\",\"potentialAction\":[{\"@type\":\"ReadAction\",\"target\":[\"https:\/\/www.carmelitaniscalzi.com\/de\/wer-wir-sind\/unsere-heiligen\/hl-teresa-von-los-andes\/\"]}]},{\"@type\":\"ImageObject\",\"inLanguage\":\"de\",\"@id\":\"https:\/\/www.carmelitaniscalzi.com\/de\/wer-wir-sind\/unsere-heiligen\/hl-teresa-von-los-andes\/#primaryimage\",\"url\":\"https:\/\/www.carmelitaniscalzi.com\/wp-content\/uploads\/2016\/02\/teresa_andes.jpg\",\"contentUrl\":\"https:\/\/www.carmelitaniscalzi.com\/wp-content\/uploads\/2016\/02\/teresa_andes.jpg\",\"width\":600,\"height\":600},{\"@type\":\"BreadcrumbList\",\"@id\":\"https:\/\/www.carmelitaniscalzi.com\/de\/wer-wir-sind\/unsere-heiligen\/hl-teresa-von-los-andes\/#breadcrumb\",\"itemListElement\":[{\"@type\":\"ListItem\",\"position\":1,\"name\":\"Home\",\"item\":\"https:\/\/www.carmelitaniscalzi.com\/de\/\"},{\"@type\":\"ListItem\",\"position\":2,\"name\":\"Wer wir sind\",\"item\":\"https:\/\/www.carmelitaniscalzi.com\/de\/wer-wir-sind\/\"},{\"@type\":\"ListItem\",\"position\":3,\"name\":\"Unsere Heiligen\",\"item\":\"https:\/\/www.carmelitaniscalzi.com\/de\/wer-wir-sind\/unsere-heiligen\/\"},{\"@type\":\"ListItem\",\"position\":4,\"name\":\"Hl. Teresa von Los Andes\"}]},{\"@type\":\"WebSite\",\"@id\":\"https:\/\/www.carmelitaniscalzi.com\/#website\",\"url\":\"https:\/\/www.carmelitaniscalzi.com\/\",\"name\":\"CARMELITANI SCALZI - Curia Generale del Carmelo Teresiano\",\"description\":\"Generalkurie des Teresianischen Karmel\",\"publisher\":{\"@id\":\"https:\/\/www.carmelitaniscalzi.com\/#organization\"},\"alternateName\":\"CARMELITANI SCALZI\",\"potentialAction\":[{\"@type\":\"SearchAction\",\"target\":{\"@type\":\"EntryPoint\",\"urlTemplate\":\"https:\/\/www.carmelitaniscalzi.com\/?s={search_term_string}\"},\"query-input\":{\"@type\":\"PropertyValueSpecification\",\"valueRequired\":true,\"valueName\":\"search_term_string\"}}],\"inLanguage\":\"de\"},{\"@type\":\"Organization\",\"@id\":\"https:\/\/www.carmelitaniscalzi.com\/#organization\",\"name\":\"CARMELITANI SCALZI - Curia Generale del Carmelo Teresiano\",\"url\":\"https:\/\/www.carmelitaniscalzi.com\/\",\"logo\":{\"@type\":\"ImageObject\",\"inLanguage\":\"de\",\"@id\":\"https:\/\/www.carmelitaniscalzi.com\/#\/schema\/logo\/image\/\",\"url\":\"https:\/\/www.carmelitaniscalzi.com\/wp-content\/uploads\/2025\/11\/login-logo.png\",\"contentUrl\":\"https:\/\/www.carmelitaniscalzi.com\/wp-content\/uploads\/2025\/11\/login-logo.png\",\"width\":256,\"height\":256,\"caption\":\"CARMELITANI SCALZI - Curia Generale del Carmelo Teresiano\"},\"image\":{\"@id\":\"https:\/\/www.carmelitaniscalzi.com\/#\/schema\/logo\/image\/\"},\"sameAs\":[\"https:\/\/www.facebook.com\/Curia-Generalizia-Carmelitani-Scalzi-658766940887784\/\",\"https:\/\/x.com\/ocdcuria\",\"https:\/\/www.youtube.com\/channel\/UC2J5ZL0ycOY0qBSTCLX_NGQ\/videos\",\"https:\/\/www.instagram.com\/ocdinform\/\"]}]}<\/script>\n<!-- \/ Yoast SEO plugin. -->","yoast_head_json":{"title":"Hl. Teresa von Los Andes - UNBESCHUHTE KARMELITEN","robots":{"index":"index","follow":"follow","max-snippet":"max-snippet:-1","max-image-preview":"max-image-preview:large","max-video-preview":"max-video-preview:-1"},"canonical":"https:\/\/www.carmelitaniscalzi.com\/de\/wer-wir-sind\/unsere-heiligen\/hl-teresa-von-los-andes\/","og_locale":"de_DE","og_type":"article","og_title":"Hl. Teresa von Los Andes - UNBESCHUHTE KARMELITEN","og_description":"Juanita Fern\u00e1ndez Solar nasce il 13 luglio del 1900 a Santiago del Cile. Educata sin dall\u2019infanzia alla fede dai suoi genitori, ha una precoce inclinazione all\u2019orazione e al bene. Nel 1907 entra come alunna esterna nel collegio delle religiose del Sacro Cuore. L\u201911 settembre 1910 riceve la prima Comunione; un giorno fondamentale, perch\u00e9 d\u2019ora in [&hellip;]","og_url":"https:\/\/www.carmelitaniscalzi.com\/de\/wer-wir-sind\/unsere-heiligen\/hl-teresa-von-los-andes\/","og_site_name":"UNBESCHUHTE KARMELITEN","article_publisher":"https:\/\/www.facebook.com\/Curia-Generalizia-Carmelitani-Scalzi-658766940887784\/","article_modified_time":"2021-09-19T23:16:21+00:00","og_image":[{"width":600,"height":600,"url":"https:\/\/www.carmelitaniscalzi.com\/wp-content\/uploads\/2016\/02\/teresa_andes.jpg","type":"image\/jpeg"}],"twitter_card":"summary_large_image","twitter_site":"@ocdcuria","twitter_misc":{"Gesch\u00e4tzte Lesezeit":"3\u00a0Minuten"},"schema":{"@context":"https:\/\/schema.org","@graph":[{"@type":"WebPage","@id":"https:\/\/www.carmelitaniscalzi.com\/de\/wer-wir-sind\/unsere-heiligen\/hl-teresa-von-los-andes\/","url":"https:\/\/www.carmelitaniscalzi.com\/de\/wer-wir-sind\/unsere-heiligen\/hl-teresa-von-los-andes\/","name":"Hl. Teresa von Los Andes - UNBESCHUHTE KARMELITEN","isPartOf":{"@id":"https:\/\/www.carmelitaniscalzi.com\/#website"},"primaryImageOfPage":{"@id":"https:\/\/www.carmelitaniscalzi.com\/de\/wer-wir-sind\/unsere-heiligen\/hl-teresa-von-los-andes\/#primaryimage"},"image":{"@id":"https:\/\/www.carmelitaniscalzi.com\/de\/wer-wir-sind\/unsere-heiligen\/hl-teresa-von-los-andes\/#primaryimage"},"thumbnailUrl":"https:\/\/www.carmelitaniscalzi.com\/wp-content\/uploads\/2016\/02\/teresa_andes.jpg","datePublished":"2016-06-30T20:18:07+00:00","dateModified":"2021-09-19T23:16:21+00:00","breadcrumb":{"@id":"https:\/\/www.carmelitaniscalzi.com\/de\/wer-wir-sind\/unsere-heiligen\/hl-teresa-von-los-andes\/#breadcrumb"},"inLanguage":"de","potentialAction":[{"@type":"ReadAction","target":["https:\/\/www.carmelitaniscalzi.com\/de\/wer-wir-sind\/unsere-heiligen\/hl-teresa-von-los-andes\/"]}]},{"@type":"ImageObject","inLanguage":"de","@id":"https:\/\/www.carmelitaniscalzi.com\/de\/wer-wir-sind\/unsere-heiligen\/hl-teresa-von-los-andes\/#primaryimage","url":"https:\/\/www.carmelitaniscalzi.com\/wp-content\/uploads\/2016\/02\/teresa_andes.jpg","contentUrl":"https:\/\/www.carmelitaniscalzi.com\/wp-content\/uploads\/2016\/02\/teresa_andes.jpg","width":600,"height":600},{"@type":"BreadcrumbList","@id":"https:\/\/www.carmelitaniscalzi.com\/de\/wer-wir-sind\/unsere-heiligen\/hl-teresa-von-los-andes\/#breadcrumb","itemListElement":[{"@type":"ListItem","position":1,"name":"Home","item":"https:\/\/www.carmelitaniscalzi.com\/de\/"},{"@type":"ListItem","position":2,"name":"Wer wir sind","item":"https:\/\/www.carmelitaniscalzi.com\/de\/wer-wir-sind\/"},{"@type":"ListItem","position":3,"name":"Unsere Heiligen","item":"https:\/\/www.carmelitaniscalzi.com\/de\/wer-wir-sind\/unsere-heiligen\/"},{"@type":"ListItem","position":4,"name":"Hl. Teresa von Los Andes"}]},{"@type":"WebSite","@id":"https:\/\/www.carmelitaniscalzi.com\/#website","url":"https:\/\/www.carmelitaniscalzi.com\/","name":"CARMELITANI SCALZI - Curia Generale del Carmelo Teresiano","description":"Generalkurie des Teresianischen Karmel","publisher":{"@id":"https:\/\/www.carmelitaniscalzi.com\/#organization"},"alternateName":"CARMELITANI SCALZI","potentialAction":[{"@type":"SearchAction","target":{"@type":"EntryPoint","urlTemplate":"https:\/\/www.carmelitaniscalzi.com\/?s={search_term_string}"},"query-input":{"@type":"PropertyValueSpecification","valueRequired":true,"valueName":"search_term_string"}}],"inLanguage":"de"},{"@type":"Organization","@id":"https:\/\/www.carmelitaniscalzi.com\/#organization","name":"CARMELITANI SCALZI - Curia Generale del Carmelo Teresiano","url":"https:\/\/www.carmelitaniscalzi.com\/","logo":{"@type":"ImageObject","inLanguage":"de","@id":"https:\/\/www.carmelitaniscalzi.com\/#\/schema\/logo\/image\/","url":"https:\/\/www.carmelitaniscalzi.com\/wp-content\/uploads\/2025\/11\/login-logo.png","contentUrl":"https:\/\/www.carmelitaniscalzi.com\/wp-content\/uploads\/2025\/11\/login-logo.png","width":256,"height":256,"caption":"CARMELITANI SCALZI - Curia Generale del Carmelo Teresiano"},"image":{"@id":"https:\/\/www.carmelitaniscalzi.com\/#\/schema\/logo\/image\/"},"sameAs":["https:\/\/www.facebook.com\/Curia-Generalizia-Carmelitani-Scalzi-658766940887784\/","https:\/\/x.com\/ocdcuria","https:\/\/www.youtube.com\/channel\/UC2J5ZL0ycOY0qBSTCLX_NGQ\/videos","https:\/\/www.instagram.com\/ocdinform\/"]}]}},"_links":{"self":[{"href":"https:\/\/www.carmelitaniscalzi.com\/de\/wp-json\/wp\/v2\/chi_siamo\/5456","targetHints":{"allow":["GET"]}}],"collection":[{"href":"https:\/\/www.carmelitaniscalzi.com\/de\/wp-json\/wp\/v2\/chi_siamo"}],"about":[{"href":"https:\/\/www.carmelitaniscalzi.com\/de\/wp-json\/wp\/v2\/types\/chi_siamo"}],"version-history":[{"count":1,"href":"https:\/\/www.carmelitaniscalzi.com\/de\/wp-json\/wp\/v2\/chi_siamo\/5456\/revisions"}],"predecessor-version":[{"id":80551,"href":"https:\/\/www.carmelitaniscalzi.com\/de\/wp-json\/wp\/v2\/chi_siamo\/5456\/revisions\/80551"}],"up":[{"embeddable":true,"href":"https:\/\/www.carmelitaniscalzi.com\/de\/wp-json\/wp\/v2\/chi_siamo\/5448"}],"wp:featuredmedia":[{"embeddable":true,"href":"https:\/\/www.carmelitaniscalzi.com\/de\/wp-json\/wp\/v2\/media\/80543"}],"wp:attachment":[{"href":"https:\/\/www.carmelitaniscalzi.com\/de\/wp-json\/wp\/v2\/media?parent=5456"}],"wp:term":[{"taxonomy":"elemento_chi_siamo","embeddable":true,"href":"https:\/\/www.carmelitaniscalzi.com\/de\/wp-json\/wp\/v2\/elemento_chi_siamo?post=5456"}],"curies":[{"name":"wp","href":"https:\/\/api.w.org\/{rel}","templated":true}]}}