{"id":5450,"date":"2016-06-30T22:13:07","date_gmt":"2016-06-30T20:13:07","guid":{"rendered":"https:\/\/www.carmelitaniscalzi.com\/de\/?page_id=5450"},"modified":"2021-09-19T23:30:27","modified_gmt":"2021-09-19T21:30:27","slug":"hl-therese-von-lisieux","status":"publish","type":"chi_siamo","link":"https:\/\/www.carmelitaniscalzi.com\/de\/wer-wir-sind\/unsere-heiligen\/hl-therese-von-lisieux\/","title":{"rendered":"Hl. Therese von Lisieux"},"content":{"rendered":"<p><a href=\"https:\/\/www.carmelitaniscalzi.com\/wp-content\/uploads\/2016\/02\/teresa_de_liseaux.jpg\"><img loading=\"lazy\" decoding=\"async\" class=\"alignleft size-medium wp-image-3490\" src=\"https:\/\/www.carmelitaniscalzi.com\/wp-content\/uploads\/2016\/02\/teresa_de_liseaux-219x300.jpg\" alt=\"teresa_de_liseaux\" width=\"219\" height=\"300\" srcset=\"https:\/\/www.carmelitaniscalzi.com\/wp-content\/uploads\/2016\/02\/teresa_de_liseaux-219x300.jpg 219w, https:\/\/www.carmelitaniscalzi.com\/wp-content\/uploads\/2016\/02\/teresa_de_liseaux-40x55.jpg 40w, https:\/\/www.carmelitaniscalzi.com\/wp-content\/uploads\/2016\/02\/teresa_de_liseaux.jpg 427w\" sizes=\"auto, (max-width: 219px) 100vw, 219px\" \/><\/a><\/p>\n<p>Maria Francesca Teresa Martin Gu\u00e9rin nasce ad Alen\u00e7on (Francia) il 2 gennaio 1873. Suoi genitori sono i Santi Luigi Martin e Zelia Gu\u00e9rin. \u00c8 l\u2019ultima dei nove figli nati in questa santa famiglia, dei quali ne sopravvivono solo cinque: Maria, Paolina, Leonia, Celina e Teresa. Durante il primo anno Teresa ha dovuto essere allattata da una nutrice perch\u00e9 la mamma aveva un tumore al seno. I suoi primi anni sono felici, per\u00f2 a quattro anni le muore la madre. Quest\u2019evento affligge molto Teresa, a tal punto che cambia la sua vivacit\u00e0 ed espansivit\u00e0 in timidezza, silenzio e ipersensibilit\u00e0 nonostante la grande dolcezza di suo padre e delle sorelle.<\/p>\n<p>La famiglia trasloca a Lisieux per essere vicina agli zii, i signori Gu\u00e9rin. Quando sua sorella Paolina entra nel Carmelo (1882), Teresa rimane orfana una seconda volta. L\u2019anno dopo soffre una \u201cstrana malattia\u201d che le provoca allucinazioni e tremori. Un giorno, mentre le sorelle pregano per lei, le sembra che la statua della Vergine che ha presso il letto le sorrida e si sente guarita.<\/p>\n<p>La prima Comunione della bambina, l\u2019anno seguente, \u00e8 \u201cun giorno senza nuvole\u201d nel quale si dona a Ges\u00f9. Tratta Dio con spontaneit\u00e0 e amore. Nonostante ci\u00f2, influenzata dal moralismo dell\u2019epoca, trascorre un lungo periodo di sofferenza a causa di terribili scrupoli. La sorella Maria cerca di aiutarla con grande amore.<\/p>\n<p>Nel Natale del 1886, un paio di mesi dopo l\u2019entrata di Maria nel Carmelo, Teresa riceve quella che lei chiama la \u201cgrazia della sua conversione\u201d, con cui supera la sua estrema sensibilit\u00e0 trovando la felicit\u00e0 nel dimenticarsi di s\u00e9 per far piacere agli altri.<\/p>\n<p>L\u2019anno seguente, dopo aver ricevuto dal padre il permesso di entrare al Carmelo, nel pellegrinaggio a Roma, durante l\u2019udienza del Papa Leone XIII chiede al Pontefice il permesso di entrare al Carmelo nonostante la sua giovane et\u00e0.<\/p>\n<p>Il 9 aprile 1888, Teresa entra al Carmelo con il nome di Teresa di Ges\u00f9 Bambino. A questo nome aggiunge successivamente \u201ce del Volto santo\u201d, quando suo padre soffre periodi di allucinazioni e viene ricoverato in ospedale psichiatrico. Una malattia che Teresa vive con grande fede mentre le altre figlie la vivono con grande dolore.<\/p>\n<p>Al Carmelo, Teresa s\u2019immerge nella lettura della Sacra Scrittura, specialmente dei Vangeli, dove vede le tracce di Ges\u00f9. Anche la lettura dell\u2019Antico Testamento, laddove il profeta Isaia parla dell\u2019amore materno di Dio o del Servo di Yahv\u00e9, la commuove profondamente. San Giovanni della Croce \u00e8 il suo maestro spirituale, la cui lettura la spinge ad approfondire il cammino dell\u2019amore.<\/p>\n<p>Dopo la Professione religiosa, \u00e8 incaricata della formazione delle giovani, anche senza il titolo ufficiale di maestra (incarico ricoperto da madre Gonzaga).<\/p>\n<p>Mantiene una corrispondenza epistolare con due missionari; nelle sue lettere non solo vi \u00e8 un sostegno fraterno, ma un vero e proprio accompagnamento spirituale. In un\u2019epoca in cui molti cristiani si offrono come \u201cvittime alla Giustizia\u201d per placare l\u2019ira di Dio, Teresa si offre al Suo amore misericordioso, sapendo che la Giustizia divina \u2013come tutti gli attributi di Dio &#8211; \u00e8 sempre impregnata di Misericordia.<\/p>\n<p>Con il passare degli anni va crescendo la sua esperienza dell\u2019amore incondizionato e gratuito di Dio e si sente chiamata a vivere nella gratitudine e nell\u2019abbandono confidente come un bambino nelle braccia della madre. Questo le fa comprendere il valore delle pi\u00f9 piccole opere fatte gratuitamente per amore (e non per \u201cacquistare meriti\u201d) e il suo amore quotidiano si affina fin nei minimi dettagli. Donna semplice, non vive eventi straordinari come estasi o miracoli, conosce l\u2019aridit\u00e0 nella preghiera e le incomprensioni, ma niente le toglie la serena allegria e la pace che sempre di pi\u00f9 le colmano il cuore.<\/p>\n<p>Nella Pasqua del 1896, Teresa ha un\u2019emottisi, sintomo della tubercolosi. Dopo tre giorni inizia la prova della fede che durer\u00e0 fino alla morte. La prova, che riguarda la fede nella vita eterna, \u00e8 descritta in tutta la sua drammaticit\u00e0 ma \u00e8 da lei affrontata con sempre maggiori atti di fede e di amore. Muore il 30 settembre 1897.<\/p>\n<p>Ci ha lasciato alcuni scritti: le <em>Lettere<\/em>, varie <em>Poesie<\/em>, alcune opere teatrali (le \u201c<em>Pie ricreazioni<\/em>\u201d) in occasione delle feste della comunit\u00e0, delle <em>Preghiere<\/em>, delle note compilate dalle sorelle durante la sua malattia e la <em>Storia di un\u2019anima<\/em>. Quest\u2019ultimo scritto, narrazione della sua storia di salvezza, ha rivoluzionato la spiritualit\u00e0 della Chiesa, al punto da meritarle il conferimento del titolo di Dottore della Chiesa. \u00c8 anche patrona universale delle missioni. La sua festa \u00e8 celebrata il 1\u00ba ottobre.<\/p>\n","protected":false},"featured_media":80483,"parent":5448,"menu_order":1,"template":"","format":"standard","meta":{"_acf_changed":false,"footnotes":""},"elemento_chi_siamo":[843],"class_list":["post-5450","chi_siamo","type-chi_siamo","status-publish","format-standard","has-post-thumbnail","hentry","elemento_chi_siamo-unsere-heiligen"],"acf":[],"yoast_head":"<!-- This site is optimized with the Yoast SEO plugin v26.3 - https:\/\/yoast.com\/wordpress\/plugins\/seo\/ -->\n<title>Hl. Therese von Lisieux - UNBESCHUHTE KARMELITEN<\/title>\n<meta name=\"robots\" content=\"index, follow, max-snippet:-1, max-image-preview:large, max-video-preview:-1\" \/>\n<link rel=\"canonical\" href=\"https:\/\/www.carmelitaniscalzi.com\/de\/wer-wir-sind\/unsere-heiligen\/hl-therese-von-lisieux\/\" \/>\n<meta property=\"og:locale\" content=\"de_DE\" \/>\n<meta property=\"og:type\" content=\"article\" \/>\n<meta property=\"og:title\" content=\"Hl. Therese von Lisieux - UNBESCHUHTE KARMELITEN\" \/>\n<meta property=\"og:description\" content=\"Maria Francesca Teresa Martin Gu\u00e9rin nasce ad Alen\u00e7on (Francia) il 2 gennaio 1873. Suoi genitori sono i Santi Luigi Martin e Zelia Gu\u00e9rin. \u00c8 l\u2019ultima dei nove figli nati in questa santa famiglia, dei quali ne sopravvivono solo cinque: Maria, Paolina, Leonia, Celina e Teresa. Durante il primo anno Teresa ha dovuto essere allattata da [&hellip;]\" \/>\n<meta property=\"og:url\" content=\"https:\/\/www.carmelitaniscalzi.com\/de\/wer-wir-sind\/unsere-heiligen\/hl-therese-von-lisieux\/\" \/>\n<meta property=\"og:site_name\" content=\"UNBESCHUHTE KARMELITEN\" \/>\n<meta property=\"article:publisher\" content=\"https:\/\/www.facebook.com\/Curia-Generalizia-Carmelitani-Scalzi-658766940887784\/\" \/>\n<meta property=\"article:modified_time\" content=\"2021-09-19T21:30:27+00:00\" \/>\n<meta property=\"og:image\" content=\"https:\/\/www.carmelitaniscalzi.com\/wp-content\/uploads\/2016\/02\/teresa_lisieux.jpg\" \/>\n\t<meta property=\"og:image:width\" content=\"600\" \/>\n\t<meta property=\"og:image:height\" content=\"600\" \/>\n\t<meta property=\"og:image:type\" content=\"image\/jpeg\" \/>\n<meta name=\"twitter:card\" content=\"summary_large_image\" \/>\n<meta name=\"twitter:site\" content=\"@ocdcuria\" \/>\n<meta name=\"twitter:label1\" content=\"Gesch\u00e4tzte Lesezeit\" \/>\n\t<meta name=\"twitter:data1\" content=\"4\u00a0Minuten\" \/>\n<script type=\"application\/ld+json\" class=\"yoast-schema-graph\">{\"@context\":\"https:\/\/schema.org\",\"@graph\":[{\"@type\":\"WebPage\",\"@id\":\"https:\/\/www.carmelitaniscalzi.com\/de\/wer-wir-sind\/unsere-heiligen\/hl-therese-von-lisieux\/\",\"url\":\"https:\/\/www.carmelitaniscalzi.com\/de\/wer-wir-sind\/unsere-heiligen\/hl-therese-von-lisieux\/\",\"name\":\"Hl. Therese von Lisieux - UNBESCHUHTE KARMELITEN\",\"isPartOf\":{\"@id\":\"https:\/\/www.carmelitaniscalzi.com\/#website\"},\"primaryImageOfPage\":{\"@id\":\"https:\/\/www.carmelitaniscalzi.com\/de\/wer-wir-sind\/unsere-heiligen\/hl-therese-von-lisieux\/#primaryimage\"},\"image\":{\"@id\":\"https:\/\/www.carmelitaniscalzi.com\/de\/wer-wir-sind\/unsere-heiligen\/hl-therese-von-lisieux\/#primaryimage\"},\"thumbnailUrl\":\"https:\/\/www.carmelitaniscalzi.com\/wp-content\/uploads\/2016\/02\/teresa_lisieux.jpg\",\"datePublished\":\"2016-06-30T20:13:07+00:00\",\"dateModified\":\"2021-09-19T21:30:27+00:00\",\"breadcrumb\":{\"@id\":\"https:\/\/www.carmelitaniscalzi.com\/de\/wer-wir-sind\/unsere-heiligen\/hl-therese-von-lisieux\/#breadcrumb\"},\"inLanguage\":\"de\",\"potentialAction\":[{\"@type\":\"ReadAction\",\"target\":[\"https:\/\/www.carmelitaniscalzi.com\/de\/wer-wir-sind\/unsere-heiligen\/hl-therese-von-lisieux\/\"]}]},{\"@type\":\"ImageObject\",\"inLanguage\":\"de\",\"@id\":\"https:\/\/www.carmelitaniscalzi.com\/de\/wer-wir-sind\/unsere-heiligen\/hl-therese-von-lisieux\/#primaryimage\",\"url\":\"https:\/\/www.carmelitaniscalzi.com\/wp-content\/uploads\/2016\/02\/teresa_lisieux.jpg\",\"contentUrl\":\"https:\/\/www.carmelitaniscalzi.com\/wp-content\/uploads\/2016\/02\/teresa_lisieux.jpg\",\"width\":600,\"height\":600},{\"@type\":\"BreadcrumbList\",\"@id\":\"https:\/\/www.carmelitaniscalzi.com\/de\/wer-wir-sind\/unsere-heiligen\/hl-therese-von-lisieux\/#breadcrumb\",\"itemListElement\":[{\"@type\":\"ListItem\",\"position\":1,\"name\":\"Home\",\"item\":\"https:\/\/www.carmelitaniscalzi.com\/de\/\"},{\"@type\":\"ListItem\",\"position\":2,\"name\":\"Wer wir sind\",\"item\":\"https:\/\/www.carmelitaniscalzi.com\/de\/wer-wir-sind\/\"},{\"@type\":\"ListItem\",\"position\":3,\"name\":\"Unsere Heiligen\",\"item\":\"https:\/\/www.carmelitaniscalzi.com\/de\/wer-wir-sind\/unsere-heiligen\/\"},{\"@type\":\"ListItem\",\"position\":4,\"name\":\"Hl. Therese von Lisieux\"}]},{\"@type\":\"WebSite\",\"@id\":\"https:\/\/www.carmelitaniscalzi.com\/#website\",\"url\":\"https:\/\/www.carmelitaniscalzi.com\/\",\"name\":\"CARMELITANI SCALZI - Curia Generale del Carmelo Teresiano\",\"description\":\"Generalkurie des Teresianischen Karmel\",\"publisher\":{\"@id\":\"https:\/\/www.carmelitaniscalzi.com\/#organization\"},\"alternateName\":\"CARMELITANI SCALZI\",\"potentialAction\":[{\"@type\":\"SearchAction\",\"target\":{\"@type\":\"EntryPoint\",\"urlTemplate\":\"https:\/\/www.carmelitaniscalzi.com\/?s={search_term_string}\"},\"query-input\":{\"@type\":\"PropertyValueSpecification\",\"valueRequired\":true,\"valueName\":\"search_term_string\"}}],\"inLanguage\":\"de\"},{\"@type\":\"Organization\",\"@id\":\"https:\/\/www.carmelitaniscalzi.com\/#organization\",\"name\":\"CARMELITANI SCALZI - Curia Generale del Carmelo Teresiano\",\"url\":\"https:\/\/www.carmelitaniscalzi.com\/\",\"logo\":{\"@type\":\"ImageObject\",\"inLanguage\":\"de\",\"@id\":\"https:\/\/www.carmelitaniscalzi.com\/#\/schema\/logo\/image\/\",\"url\":\"https:\/\/www.carmelitaniscalzi.com\/wp-content\/uploads\/2025\/11\/login-logo.png\",\"contentUrl\":\"https:\/\/www.carmelitaniscalzi.com\/wp-content\/uploads\/2025\/11\/login-logo.png\",\"width\":256,\"height\":256,\"caption\":\"CARMELITANI SCALZI - Curia Generale del Carmelo Teresiano\"},\"image\":{\"@id\":\"https:\/\/www.carmelitaniscalzi.com\/#\/schema\/logo\/image\/\"},\"sameAs\":[\"https:\/\/www.facebook.com\/Curia-Generalizia-Carmelitani-Scalzi-658766940887784\/\",\"https:\/\/x.com\/ocdcuria\",\"https:\/\/www.youtube.com\/channel\/UC2J5ZL0ycOY0qBSTCLX_NGQ\/videos\",\"https:\/\/www.instagram.com\/ocdinform\/\"]}]}<\/script>\n<!-- \/ Yoast SEO plugin. -->","yoast_head_json":{"title":"Hl. Therese von Lisieux - UNBESCHUHTE KARMELITEN","robots":{"index":"index","follow":"follow","max-snippet":"max-snippet:-1","max-image-preview":"max-image-preview:large","max-video-preview":"max-video-preview:-1"},"canonical":"https:\/\/www.carmelitaniscalzi.com\/de\/wer-wir-sind\/unsere-heiligen\/hl-therese-von-lisieux\/","og_locale":"de_DE","og_type":"article","og_title":"Hl. Therese von Lisieux - UNBESCHUHTE KARMELITEN","og_description":"Maria Francesca Teresa Martin Gu\u00e9rin nasce ad Alen\u00e7on (Francia) il 2 gennaio 1873. Suoi genitori sono i Santi Luigi Martin e Zelia Gu\u00e9rin. \u00c8 l\u2019ultima dei nove figli nati in questa santa famiglia, dei quali ne sopravvivono solo cinque: Maria, Paolina, Leonia, Celina e Teresa. Durante il primo anno Teresa ha dovuto essere allattata da [&hellip;]","og_url":"https:\/\/www.carmelitaniscalzi.com\/de\/wer-wir-sind\/unsere-heiligen\/hl-therese-von-lisieux\/","og_site_name":"UNBESCHUHTE KARMELITEN","article_publisher":"https:\/\/www.facebook.com\/Curia-Generalizia-Carmelitani-Scalzi-658766940887784\/","article_modified_time":"2021-09-19T21:30:27+00:00","og_image":[{"width":600,"height":600,"url":"https:\/\/www.carmelitaniscalzi.com\/wp-content\/uploads\/2016\/02\/teresa_lisieux.jpg","type":"image\/jpeg"}],"twitter_card":"summary_large_image","twitter_site":"@ocdcuria","twitter_misc":{"Gesch\u00e4tzte Lesezeit":"4\u00a0Minuten"},"schema":{"@context":"https:\/\/schema.org","@graph":[{"@type":"WebPage","@id":"https:\/\/www.carmelitaniscalzi.com\/de\/wer-wir-sind\/unsere-heiligen\/hl-therese-von-lisieux\/","url":"https:\/\/www.carmelitaniscalzi.com\/de\/wer-wir-sind\/unsere-heiligen\/hl-therese-von-lisieux\/","name":"Hl. Therese von Lisieux - UNBESCHUHTE KARMELITEN","isPartOf":{"@id":"https:\/\/www.carmelitaniscalzi.com\/#website"},"primaryImageOfPage":{"@id":"https:\/\/www.carmelitaniscalzi.com\/de\/wer-wir-sind\/unsere-heiligen\/hl-therese-von-lisieux\/#primaryimage"},"image":{"@id":"https:\/\/www.carmelitaniscalzi.com\/de\/wer-wir-sind\/unsere-heiligen\/hl-therese-von-lisieux\/#primaryimage"},"thumbnailUrl":"https:\/\/www.carmelitaniscalzi.com\/wp-content\/uploads\/2016\/02\/teresa_lisieux.jpg","datePublished":"2016-06-30T20:13:07+00:00","dateModified":"2021-09-19T21:30:27+00:00","breadcrumb":{"@id":"https:\/\/www.carmelitaniscalzi.com\/de\/wer-wir-sind\/unsere-heiligen\/hl-therese-von-lisieux\/#breadcrumb"},"inLanguage":"de","potentialAction":[{"@type":"ReadAction","target":["https:\/\/www.carmelitaniscalzi.com\/de\/wer-wir-sind\/unsere-heiligen\/hl-therese-von-lisieux\/"]}]},{"@type":"ImageObject","inLanguage":"de","@id":"https:\/\/www.carmelitaniscalzi.com\/de\/wer-wir-sind\/unsere-heiligen\/hl-therese-von-lisieux\/#primaryimage","url":"https:\/\/www.carmelitaniscalzi.com\/wp-content\/uploads\/2016\/02\/teresa_lisieux.jpg","contentUrl":"https:\/\/www.carmelitaniscalzi.com\/wp-content\/uploads\/2016\/02\/teresa_lisieux.jpg","width":600,"height":600},{"@type":"BreadcrumbList","@id":"https:\/\/www.carmelitaniscalzi.com\/de\/wer-wir-sind\/unsere-heiligen\/hl-therese-von-lisieux\/#breadcrumb","itemListElement":[{"@type":"ListItem","position":1,"name":"Home","item":"https:\/\/www.carmelitaniscalzi.com\/de\/"},{"@type":"ListItem","position":2,"name":"Wer wir sind","item":"https:\/\/www.carmelitaniscalzi.com\/de\/wer-wir-sind\/"},{"@type":"ListItem","position":3,"name":"Unsere Heiligen","item":"https:\/\/www.carmelitaniscalzi.com\/de\/wer-wir-sind\/unsere-heiligen\/"},{"@type":"ListItem","position":4,"name":"Hl. Therese von Lisieux"}]},{"@type":"WebSite","@id":"https:\/\/www.carmelitaniscalzi.com\/#website","url":"https:\/\/www.carmelitaniscalzi.com\/","name":"CARMELITANI SCALZI - Curia Generale del Carmelo Teresiano","description":"Generalkurie des Teresianischen Karmel","publisher":{"@id":"https:\/\/www.carmelitaniscalzi.com\/#organization"},"alternateName":"CARMELITANI SCALZI","potentialAction":[{"@type":"SearchAction","target":{"@type":"EntryPoint","urlTemplate":"https:\/\/www.carmelitaniscalzi.com\/?s={search_term_string}"},"query-input":{"@type":"PropertyValueSpecification","valueRequired":true,"valueName":"search_term_string"}}],"inLanguage":"de"},{"@type":"Organization","@id":"https:\/\/www.carmelitaniscalzi.com\/#organization","name":"CARMELITANI SCALZI - Curia Generale del Carmelo Teresiano","url":"https:\/\/www.carmelitaniscalzi.com\/","logo":{"@type":"ImageObject","inLanguage":"de","@id":"https:\/\/www.carmelitaniscalzi.com\/#\/schema\/logo\/image\/","url":"https:\/\/www.carmelitaniscalzi.com\/wp-content\/uploads\/2025\/11\/login-logo.png","contentUrl":"https:\/\/www.carmelitaniscalzi.com\/wp-content\/uploads\/2025\/11\/login-logo.png","width":256,"height":256,"caption":"CARMELITANI SCALZI - Curia Generale del Carmelo Teresiano"},"image":{"@id":"https:\/\/www.carmelitaniscalzi.com\/#\/schema\/logo\/image\/"},"sameAs":["https:\/\/www.facebook.com\/Curia-Generalizia-Carmelitani-Scalzi-658766940887784\/","https:\/\/x.com\/ocdcuria","https:\/\/www.youtube.com\/channel\/UC2J5ZL0ycOY0qBSTCLX_NGQ\/videos","https:\/\/www.instagram.com\/ocdinform\/"]}]}},"_links":{"self":[{"href":"https:\/\/www.carmelitaniscalzi.com\/de\/wp-json\/wp\/v2\/chi_siamo\/5450","targetHints":{"allow":["GET"]}}],"collection":[{"href":"https:\/\/www.carmelitaniscalzi.com\/de\/wp-json\/wp\/v2\/chi_siamo"}],"about":[{"href":"https:\/\/www.carmelitaniscalzi.com\/de\/wp-json\/wp\/v2\/types\/chi_siamo"}],"version-history":[{"count":1,"href":"https:\/\/www.carmelitaniscalzi.com\/de\/wp-json\/wp\/v2\/chi_siamo\/5450\/revisions"}],"predecessor-version":[{"id":80490,"href":"https:\/\/www.carmelitaniscalzi.com\/de\/wp-json\/wp\/v2\/chi_siamo\/5450\/revisions\/80490"}],"up":[{"embeddable":true,"href":"https:\/\/www.carmelitaniscalzi.com\/de\/wp-json\/wp\/v2\/chi_siamo\/5448"}],"wp:featuredmedia":[{"embeddable":true,"href":"https:\/\/www.carmelitaniscalzi.com\/de\/wp-json\/wp\/v2\/media\/80483"}],"wp:attachment":[{"href":"https:\/\/www.carmelitaniscalzi.com\/de\/wp-json\/wp\/v2\/media?parent=5450"}],"wp:term":[{"taxonomy":"elemento_chi_siamo","embeddable":true,"href":"https:\/\/www.carmelitaniscalzi.com\/de\/wp-json\/wp\/v2\/elemento_chi_siamo?post=5450"}],"curies":[{"name":"wp","href":"https:\/\/api.w.org\/{rel}","templated":true}]}}