{"id":5435,"date":"2016-06-30T22:06:22","date_gmt":"2016-06-30T20:06:22","guid":{"rendered":"https:\/\/www.carmelitaniscalzi.com\/de\/?page_id=5435"},"modified":"2021-07-14T21:39:19","modified_gmt":"2021-07-14T19:39:19","slug":"berg-karmel","status":"publish","type":"chi_siamo","link":"https:\/\/www.carmelitaniscalzi.com\/de\/wer-wir-sind\/geschichte\/berg-karmel\/","title":{"rendered":"Berg Karmel"},"content":{"rendered":"<p>I Carmelitani sono nati, verso la fine del XII secolo, da un gruppo indefinito e non identificato di laici, pellegrini e crociati, che stanchi della guerra o desiderosi di attendere l\u2019ultima venuta del Signore che, secondo la mentalit\u00e0 apocalittica, doveva avvenire a Gerusalemme, si ritirano sulla montagna del Carmelo dove adottano uno stile di vita eremitico, comune in quei tempi, come opposizione e riforma del movimento monastico. Quei primi Carmelitani si dedicano all\u2019orazione e alla meditazione della Parola di Dio.<\/p>\n<p>Essi, ancor prima di strutturarsi in comunit\u00e0 &#8211; come avverr\u00e0 con la Regola &#8211; sono eremiti indipendenti, alla ricerca della perfezione attraverso la solitudine e la lotta con il diavolo \u2013 caratteristica propria della spiritualit\u00e0 dei padri del deserto &#8211; e contro tutti i nemici dell\u2019uomo, tra cui le <em>passioni<\/em>.<\/p>\n<p>In un secondo momento, tra il 1206 e il 1214, chiedono al patriarca di Gerusalemme Alberto Avogadro, residente in San Giovanni d\u2019Acri, una regola, una \u201cforma di vita\u201d per la comunit\u00e0, nella quale si definisca l\u2019ideale carmelitano come \u201cvivere nell\u2019ossequio di Ges\u00f9 Cristo, servendolo fedelmente con cuore puro e buona coscienza\u201d.<\/p>\n<p>La mancanza di sicurezza in Terra Santa fa s\u00ec che i Carmelitani comincino ad emigrare verso l\u2019Europa; si stabiliscono a Cipro, in Sicilia, Francia e Inghilterra. Nel 1291, con la caduta di San Giovanni d\u2019Acri, termina la presenza dei Carmelitani sul Monte Carmelo.<\/p>\n<p>La mitigazione della Regola e i suoi adattamenti alle nuove esigenze della vita religiosa volute da Innocenzo IV nel 1247, segna il passaggio dalle origini eremitiche dell\u2019Ordine del Carmelo alla forma di vita mendicante. Si permette ai Carmelitani di fondare i conventi nelle citt\u00e0 e dedicarsi all\u2019apostolato come gli altri Ordini Mendicanti, anche se solo con il II\u00b0 Concilio di Lione saranno ufficialmente Mendicanti insieme ai Domenicani, Francescani ed Eremiti di sant\u2019Agostino.<\/p>\n<p>Una volta stabiliti in Europa, cercano dei segni per essere riconosciuti dalla gente e sviluppano la devozione al profeta Elia, presentato nel duplice aspetto di prototipo dell\u2019eremita dedicato interamente alla contemplazione e modello di vita attiva.<\/p>\n<p>Allo stesso modo, sviluppano la piet\u00e0 mariana che li far\u00e0 identificare come l\u2019Ordine della Vergine; \u00e8 solo in Europa che si generalizza il titolo con l\u2019Ordine \u00e8 conosciuto: <em>Fratelli della Beata Vergine Maria del Monte Carmelo<\/em>.<\/p>\n<p>Nati negli ultimi tempi del Medio Evo, i Carmelitani desiderano vivere in ossequio di Ges\u00f9 Cristo secondo questi tratti caratteristici: la contemplazione, fondamento della vita e dell\u2019apostolato del Carmelitano; l\u2019orazione e la meditazione; il raccoglimento e il silenzio; l\u2019ascesi, che implica la sobriet\u00e0 della vita e la povert\u00e0 del vivere in umilt\u00e0 e dipendendo dagli altri, ed infine l\u2019apostolato, nelle proprie chiese ma anche a servizio della realt\u00e0 ecclesiale.<\/p>\n","protected":false},"featured_media":70418,"parent":5433,"menu_order":0,"template":"","format":"standard","meta":{"_acf_changed":false,"footnotes":""},"elemento_chi_siamo":[841],"class_list":["post-5435","chi_siamo","type-chi_siamo","status-publish","format-standard","has-post-thumbnail","hentry","elemento_chi_siamo-geschichte"],"acf":[],"yoast_head":"<!-- This site is optimized with the Yoast SEO plugin v26.3 - https:\/\/yoast.com\/wordpress\/plugins\/seo\/ -->\n<title>Berg Karmel - UNBESCHUHTE KARMELITEN<\/title>\n<meta name=\"robots\" content=\"index, follow, max-snippet:-1, max-image-preview:large, max-video-preview:-1\" \/>\n<link rel=\"canonical\" href=\"https:\/\/www.carmelitaniscalzi.com\/de\/wer-wir-sind\/geschichte\/berg-karmel\/\" \/>\n<meta property=\"og:locale\" content=\"de_DE\" \/>\n<meta property=\"og:type\" content=\"article\" \/>\n<meta property=\"og:title\" content=\"Berg Karmel - UNBESCHUHTE KARMELITEN\" \/>\n<meta property=\"og:description\" content=\"I Carmelitani sono nati, verso la fine del XII secolo, da un gruppo indefinito e non identificato di laici, pellegrini e crociati, che stanchi della guerra o desiderosi di attendere l\u2019ultima venuta del Signore che, secondo la mentalit\u00e0 apocalittica, doveva avvenire a Gerusalemme, si ritirano sulla montagna del Carmelo dove adottano uno stile di vita [&hellip;]\" \/>\n<meta property=\"og:url\" content=\"https:\/\/www.carmelitaniscalzi.com\/de\/wer-wir-sind\/geschichte\/berg-karmel\/\" \/>\n<meta property=\"og:site_name\" content=\"UNBESCHUHTE KARMELITEN\" \/>\n<meta property=\"article:publisher\" content=\"https:\/\/www.facebook.com\/Curia-Generalizia-Carmelitani-Scalzi-658766940887784\/\" \/>\n<meta property=\"article:modified_time\" content=\"2021-07-14T19:39:19+00:00\" \/>\n<meta property=\"og:image\" content=\"https:\/\/www.carmelitaniscalzi.com\/wp-content\/uploads\/2021\/07\/monte_carmelo_profile.jpg\" \/>\n\t<meta property=\"og:image:width\" content=\"625\" \/>\n\t<meta property=\"og:image:height\" content=\"625\" \/>\n\t<meta property=\"og:image:type\" content=\"image\/jpeg\" \/>\n<meta name=\"twitter:card\" content=\"summary_large_image\" \/>\n<meta name=\"twitter:site\" content=\"@ocdcuria\" \/>\n<meta name=\"twitter:label1\" content=\"Gesch\u00e4tzte Lesezeit\" \/>\n\t<meta name=\"twitter:data1\" content=\"2\u00a0Minuten\" \/>\n<script type=\"application\/ld+json\" class=\"yoast-schema-graph\">{\"@context\":\"https:\/\/schema.org\",\"@graph\":[{\"@type\":\"WebPage\",\"@id\":\"https:\/\/www.carmelitaniscalzi.com\/de\/wer-wir-sind\/geschichte\/berg-karmel\/\",\"url\":\"https:\/\/www.carmelitaniscalzi.com\/de\/wer-wir-sind\/geschichte\/berg-karmel\/\",\"name\":\"Berg Karmel - UNBESCHUHTE KARMELITEN\",\"isPartOf\":{\"@id\":\"https:\/\/www.carmelitaniscalzi.com\/#website\"},\"primaryImageOfPage\":{\"@id\":\"https:\/\/www.carmelitaniscalzi.com\/de\/wer-wir-sind\/geschichte\/berg-karmel\/#primaryimage\"},\"image\":{\"@id\":\"https:\/\/www.carmelitaniscalzi.com\/de\/wer-wir-sind\/geschichte\/berg-karmel\/#primaryimage\"},\"thumbnailUrl\":\"https:\/\/www.carmelitaniscalzi.com\/wp-content\/uploads\/2021\/07\/monte_carmelo_profile.jpg\",\"datePublished\":\"2016-06-30T20:06:22+00:00\",\"dateModified\":\"2021-07-14T19:39:19+00:00\",\"breadcrumb\":{\"@id\":\"https:\/\/www.carmelitaniscalzi.com\/de\/wer-wir-sind\/geschichte\/berg-karmel\/#breadcrumb\"},\"inLanguage\":\"de\",\"potentialAction\":[{\"@type\":\"ReadAction\",\"target\":[\"https:\/\/www.carmelitaniscalzi.com\/de\/wer-wir-sind\/geschichte\/berg-karmel\/\"]}]},{\"@type\":\"ImageObject\",\"inLanguage\":\"de\",\"@id\":\"https:\/\/www.carmelitaniscalzi.com\/de\/wer-wir-sind\/geschichte\/berg-karmel\/#primaryimage\",\"url\":\"https:\/\/www.carmelitaniscalzi.com\/wp-content\/uploads\/2021\/07\/monte_carmelo_profile.jpg\",\"contentUrl\":\"https:\/\/www.carmelitaniscalzi.com\/wp-content\/uploads\/2021\/07\/monte_carmelo_profile.jpg\",\"width\":625,\"height\":625},{\"@type\":\"BreadcrumbList\",\"@id\":\"https:\/\/www.carmelitaniscalzi.com\/de\/wer-wir-sind\/geschichte\/berg-karmel\/#breadcrumb\",\"itemListElement\":[{\"@type\":\"ListItem\",\"position\":1,\"name\":\"Home\",\"item\":\"https:\/\/www.carmelitaniscalzi.com\/de\/\"},{\"@type\":\"ListItem\",\"position\":2,\"name\":\"Wer wir sind\",\"item\":\"https:\/\/www.carmelitaniscalzi.com\/de\/wer-wir-sind\/\"},{\"@type\":\"ListItem\",\"position\":3,\"name\":\"Geschichte\",\"item\":\"https:\/\/www.carmelitaniscalzi.com\/de\/wer-wir-sind\/geschichte\/\"},{\"@type\":\"ListItem\",\"position\":4,\"name\":\"Berg Karmel\"}]},{\"@type\":\"WebSite\",\"@id\":\"https:\/\/www.carmelitaniscalzi.com\/#website\",\"url\":\"https:\/\/www.carmelitaniscalzi.com\/\",\"name\":\"CARMELITANI SCALZI - Curia Generale del Carmelo Teresiano\",\"description\":\"Generalkurie des Teresianischen Karmel\",\"publisher\":{\"@id\":\"https:\/\/www.carmelitaniscalzi.com\/#organization\"},\"alternateName\":\"CARMELITANI SCALZI\",\"potentialAction\":[{\"@type\":\"SearchAction\",\"target\":{\"@type\":\"EntryPoint\",\"urlTemplate\":\"https:\/\/www.carmelitaniscalzi.com\/?s={search_term_string}\"},\"query-input\":{\"@type\":\"PropertyValueSpecification\",\"valueRequired\":true,\"valueName\":\"search_term_string\"}}],\"inLanguage\":\"de\"},{\"@type\":\"Organization\",\"@id\":\"https:\/\/www.carmelitaniscalzi.com\/#organization\",\"name\":\"CARMELITANI SCALZI - Curia Generale del Carmelo Teresiano\",\"url\":\"https:\/\/www.carmelitaniscalzi.com\/\",\"logo\":{\"@type\":\"ImageObject\",\"inLanguage\":\"de\",\"@id\":\"https:\/\/www.carmelitaniscalzi.com\/#\/schema\/logo\/image\/\",\"url\":\"https:\/\/www.carmelitaniscalzi.com\/wp-content\/uploads\/2025\/11\/login-logo.png\",\"contentUrl\":\"https:\/\/www.carmelitaniscalzi.com\/wp-content\/uploads\/2025\/11\/login-logo.png\",\"width\":256,\"height\":256,\"caption\":\"CARMELITANI SCALZI - Curia Generale del Carmelo Teresiano\"},\"image\":{\"@id\":\"https:\/\/www.carmelitaniscalzi.com\/#\/schema\/logo\/image\/\"},\"sameAs\":[\"https:\/\/www.facebook.com\/Curia-Generalizia-Carmelitani-Scalzi-658766940887784\/\",\"https:\/\/x.com\/ocdcuria\",\"https:\/\/www.youtube.com\/channel\/UC2J5ZL0ycOY0qBSTCLX_NGQ\/videos\",\"https:\/\/www.instagram.com\/ocdinform\/\"]}]}<\/script>\n<!-- \/ Yoast SEO plugin. -->","yoast_head_json":{"title":"Berg Karmel - UNBESCHUHTE KARMELITEN","robots":{"index":"index","follow":"follow","max-snippet":"max-snippet:-1","max-image-preview":"max-image-preview:large","max-video-preview":"max-video-preview:-1"},"canonical":"https:\/\/www.carmelitaniscalzi.com\/de\/wer-wir-sind\/geschichte\/berg-karmel\/","og_locale":"de_DE","og_type":"article","og_title":"Berg Karmel - UNBESCHUHTE KARMELITEN","og_description":"I Carmelitani sono nati, verso la fine del XII secolo, da un gruppo indefinito e non identificato di laici, pellegrini e crociati, che stanchi della guerra o desiderosi di attendere l\u2019ultima venuta del Signore che, secondo la mentalit\u00e0 apocalittica, doveva avvenire a Gerusalemme, si ritirano sulla montagna del Carmelo dove adottano uno stile di vita [&hellip;]","og_url":"https:\/\/www.carmelitaniscalzi.com\/de\/wer-wir-sind\/geschichte\/berg-karmel\/","og_site_name":"UNBESCHUHTE KARMELITEN","article_publisher":"https:\/\/www.facebook.com\/Curia-Generalizia-Carmelitani-Scalzi-658766940887784\/","article_modified_time":"2021-07-14T19:39:19+00:00","og_image":[{"width":625,"height":625,"url":"https:\/\/www.carmelitaniscalzi.com\/wp-content\/uploads\/2021\/07\/monte_carmelo_profile.jpg","type":"image\/jpeg"}],"twitter_card":"summary_large_image","twitter_site":"@ocdcuria","twitter_misc":{"Gesch\u00e4tzte Lesezeit":"2\u00a0Minuten"},"schema":{"@context":"https:\/\/schema.org","@graph":[{"@type":"WebPage","@id":"https:\/\/www.carmelitaniscalzi.com\/de\/wer-wir-sind\/geschichte\/berg-karmel\/","url":"https:\/\/www.carmelitaniscalzi.com\/de\/wer-wir-sind\/geschichte\/berg-karmel\/","name":"Berg Karmel - UNBESCHUHTE KARMELITEN","isPartOf":{"@id":"https:\/\/www.carmelitaniscalzi.com\/#website"},"primaryImageOfPage":{"@id":"https:\/\/www.carmelitaniscalzi.com\/de\/wer-wir-sind\/geschichte\/berg-karmel\/#primaryimage"},"image":{"@id":"https:\/\/www.carmelitaniscalzi.com\/de\/wer-wir-sind\/geschichte\/berg-karmel\/#primaryimage"},"thumbnailUrl":"https:\/\/www.carmelitaniscalzi.com\/wp-content\/uploads\/2021\/07\/monte_carmelo_profile.jpg","datePublished":"2016-06-30T20:06:22+00:00","dateModified":"2021-07-14T19:39:19+00:00","breadcrumb":{"@id":"https:\/\/www.carmelitaniscalzi.com\/de\/wer-wir-sind\/geschichte\/berg-karmel\/#breadcrumb"},"inLanguage":"de","potentialAction":[{"@type":"ReadAction","target":["https:\/\/www.carmelitaniscalzi.com\/de\/wer-wir-sind\/geschichte\/berg-karmel\/"]}]},{"@type":"ImageObject","inLanguage":"de","@id":"https:\/\/www.carmelitaniscalzi.com\/de\/wer-wir-sind\/geschichte\/berg-karmel\/#primaryimage","url":"https:\/\/www.carmelitaniscalzi.com\/wp-content\/uploads\/2021\/07\/monte_carmelo_profile.jpg","contentUrl":"https:\/\/www.carmelitaniscalzi.com\/wp-content\/uploads\/2021\/07\/monte_carmelo_profile.jpg","width":625,"height":625},{"@type":"BreadcrumbList","@id":"https:\/\/www.carmelitaniscalzi.com\/de\/wer-wir-sind\/geschichte\/berg-karmel\/#breadcrumb","itemListElement":[{"@type":"ListItem","position":1,"name":"Home","item":"https:\/\/www.carmelitaniscalzi.com\/de\/"},{"@type":"ListItem","position":2,"name":"Wer wir sind","item":"https:\/\/www.carmelitaniscalzi.com\/de\/wer-wir-sind\/"},{"@type":"ListItem","position":3,"name":"Geschichte","item":"https:\/\/www.carmelitaniscalzi.com\/de\/wer-wir-sind\/geschichte\/"},{"@type":"ListItem","position":4,"name":"Berg Karmel"}]},{"@type":"WebSite","@id":"https:\/\/www.carmelitaniscalzi.com\/#website","url":"https:\/\/www.carmelitaniscalzi.com\/","name":"CARMELITANI SCALZI - Curia Generale del Carmelo Teresiano","description":"Generalkurie des Teresianischen Karmel","publisher":{"@id":"https:\/\/www.carmelitaniscalzi.com\/#organization"},"alternateName":"CARMELITANI SCALZI","potentialAction":[{"@type":"SearchAction","target":{"@type":"EntryPoint","urlTemplate":"https:\/\/www.carmelitaniscalzi.com\/?s={search_term_string}"},"query-input":{"@type":"PropertyValueSpecification","valueRequired":true,"valueName":"search_term_string"}}],"inLanguage":"de"},{"@type":"Organization","@id":"https:\/\/www.carmelitaniscalzi.com\/#organization","name":"CARMELITANI SCALZI - Curia Generale del Carmelo Teresiano","url":"https:\/\/www.carmelitaniscalzi.com\/","logo":{"@type":"ImageObject","inLanguage":"de","@id":"https:\/\/www.carmelitaniscalzi.com\/#\/schema\/logo\/image\/","url":"https:\/\/www.carmelitaniscalzi.com\/wp-content\/uploads\/2025\/11\/login-logo.png","contentUrl":"https:\/\/www.carmelitaniscalzi.com\/wp-content\/uploads\/2025\/11\/login-logo.png","width":256,"height":256,"caption":"CARMELITANI SCALZI - Curia Generale del Carmelo Teresiano"},"image":{"@id":"https:\/\/www.carmelitaniscalzi.com\/#\/schema\/logo\/image\/"},"sameAs":["https:\/\/www.facebook.com\/Curia-Generalizia-Carmelitani-Scalzi-658766940887784\/","https:\/\/x.com\/ocdcuria","https:\/\/www.youtube.com\/channel\/UC2J5ZL0ycOY0qBSTCLX_NGQ\/videos","https:\/\/www.instagram.com\/ocdinform\/"]}]}},"_links":{"self":[{"href":"https:\/\/www.carmelitaniscalzi.com\/de\/wp-json\/wp\/v2\/chi_siamo\/5435","targetHints":{"allow":["GET"]}}],"collection":[{"href":"https:\/\/www.carmelitaniscalzi.com\/de\/wp-json\/wp\/v2\/chi_siamo"}],"about":[{"href":"https:\/\/www.carmelitaniscalzi.com\/de\/wp-json\/wp\/v2\/types\/chi_siamo"}],"version-history":[{"count":1,"href":"https:\/\/www.carmelitaniscalzi.com\/de\/wp-json\/wp\/v2\/chi_siamo\/5435\/revisions"}],"predecessor-version":[{"id":70451,"href":"https:\/\/www.carmelitaniscalzi.com\/de\/wp-json\/wp\/v2\/chi_siamo\/5435\/revisions\/70451"}],"up":[{"embeddable":true,"href":"https:\/\/www.carmelitaniscalzi.com\/de\/wp-json\/wp\/v2\/chi_siamo\/5433"}],"wp:featuredmedia":[{"embeddable":true,"href":"https:\/\/www.carmelitaniscalzi.com\/de\/wp-json\/wp\/v2\/media\/70418"}],"wp:attachment":[{"href":"https:\/\/www.carmelitaniscalzi.com\/de\/wp-json\/wp\/v2\/media?parent=5435"}],"wp:term":[{"taxonomy":"elemento_chi_siamo","embeddable":true,"href":"https:\/\/www.carmelitaniscalzi.com\/de\/wp-json\/wp\/v2\/elemento_chi_siamo?post=5435"}],"curies":[{"name":"wp","href":"https:\/\/api.w.org\/{rel}","templated":true}]}}