{"version":"1.0","provider_name":"UNBESCHUHTE KARMELITEN","provider_url":"https:\/\/www.carmelitaniscalzi.com\/de\/","title":"Meeting der CICLA S\u00fcd - UNBESCHUHTE KARMELITEN","type":"rich","width":600,"height":338,"html":"<blockquote class=\"wp-embedded-content\" data-secret=\"1DkU56pRY7\"><a href=\"https:\/\/www.carmelitaniscalzi.com\/de\/2025\/10\/04\/meeting-der-cicla-sued\/\">Meeting der CICLA S\u00fcd<\/a><\/blockquote><iframe sandbox=\"allow-scripts\" security=\"restricted\" src=\"https:\/\/www.carmelitaniscalzi.com\/de\/2025\/10\/04\/meeting-der-cicla-sued\/embed\/#?secret=1DkU56pRY7\" width=\"600\" height=\"338\" title=\"&#8222;Meeting der CICLA S\u00fcd&#8220; &#8211; UNBESCHUHTE KARMELITEN\" data-secret=\"1DkU56pRY7\" frameborder=\"0\" marginwidth=\"0\" marginheight=\"0\" scrolling=\"no\" class=\"wp-embedded-content\"><\/iframe><script type=\"text\/javascript\">\n\/* <![CDATA[ *\/\n\/*! This file is auto-generated *\/\n!function(d,l){\"use strict\";l.querySelector&&d.addEventListener&&\"undefined\"!=typeof URL&&(d.wp=d.wp||{},d.wp.receiveEmbedMessage||(d.wp.receiveEmbedMessage=function(e){var t=e.data;if((t||t.secret||t.message||t.value)&&!\/[^a-zA-Z0-9]\/.test(t.secret)){for(var s,r,n,a=l.querySelectorAll('iframe[data-secret=\"'+t.secret+'\"]'),o=l.querySelectorAll('blockquote[data-secret=\"'+t.secret+'\"]'),c=new RegExp(\"^https?:$\",\"i\"),i=0;i<o.length;i++)o[i].style.display=\"none\";for(i=0;i<a.length;i++)s=a[i],e.source===s.contentWindow&&(s.removeAttribute(\"style\"),\"height\"===t.message?(1e3<(r=parseInt(t.value,10))?r=1e3:~~r<200&&(r=200),s.height=r):\"link\"===t.message&&(r=new URL(s.getAttribute(\"src\")),n=new URL(t.value),c.test(n.protocol))&&n.host===r.host&&l.activeElement===s&&(d.top.location.href=t.value))}},d.addEventListener(\"message\",d.wp.receiveEmbedMessage,!1),l.addEventListener(\"DOMContentLoaded\",function(){for(var e,t,s=l.querySelectorAll(\"iframe.wp-embedded-content\"),r=0;r<s.length;r++)(t=(e=s[r]).getAttribute(\"data-secret\"))||(t=Math.random().toString(36).substring(2,12),e.src+=\"#?secret=\"+t,e.setAttribute(\"data-secret\",t)),e.contentWindow.postMessage({message:\"ready\",secret:t},\"*\")},!1)))}(window,document);\n\/\/# sourceURL=https:\/\/www.carmelitaniscalzi.com\/wp-includes\/js\/wp-embed.min.js\n\/* ]]> *\/\n<\/script>\n","thumbnail_url":"https:\/\/www.carmelitaniscalzi.com\/wp-content\/uploads\/2025\/10\/cover_cicla_09.2025.jpg","thumbnail_width":1200,"thumbnail_height":800,"description":"Vom 30. Juni bis zum 3. Juli 2025 fand in unserem spirituellen Zentrum Santa Teresa in La Plata (Argentinien) das Treffen der h\u00f6heren Oberen und ihrer R\u00e4te der Zirkumskriptionen der CICLA S\u00fcd (Provinz Brasilien-S\u00fcd, Generaldelegation Argentinien, Kommissariat Chile und Vikariat Uruguay-Paraguay) statt, an dem P. Mart\u00edn Mart\u00ednez (Generaldefinitor) teilnahm. Unser Generalobere Miguel M\u00e1rquez hat uns [&hellip;]"}