{"version":"1.0","provider_name":"UNBESCHUHTE KARMELITEN","provider_url":"https:\/\/www.carmelitaniscalzi.com\/de\/","title":"Tod des Hispanisten Joseph P\u00e9rez - UNBESCHUHTE KARMELITEN","type":"rich","width":600,"height":338,"html":"<blockquote class=\"wp-embedded-content\" data-secret=\"7n2DfDDALb\"><a href=\"https:\/\/www.carmelitaniscalzi.com\/de\/2020\/11\/13\/tod-des-hispanisten-joseph-perez\/\">Tod des Hispanisten Joseph P\u00e9rez<\/a><\/blockquote><iframe sandbox=\"allow-scripts\" security=\"restricted\" src=\"https:\/\/www.carmelitaniscalzi.com\/de\/2020\/11\/13\/tod-des-hispanisten-joseph-perez\/embed\/#?secret=7n2DfDDALb\" width=\"600\" height=\"338\" title=\"&#8222;Tod des Hispanisten Joseph P\u00e9rez&#8220; &#8211; UNBESCHUHTE KARMELITEN\" data-secret=\"7n2DfDDALb\" frameborder=\"0\" marginwidth=\"0\" marginheight=\"0\" scrolling=\"no\" class=\"wp-embedded-content\"><\/iframe><script type=\"text\/javascript\">\n\/* <![CDATA[ *\/\n\/*! This file is auto-generated *\/\n!function(d,l){\"use strict\";l.querySelector&&d.addEventListener&&\"undefined\"!=typeof URL&&(d.wp=d.wp||{},d.wp.receiveEmbedMessage||(d.wp.receiveEmbedMessage=function(e){var t=e.data;if((t||t.secret||t.message||t.value)&&!\/[^a-zA-Z0-9]\/.test(t.secret)){for(var s,r,n,a=l.querySelectorAll('iframe[data-secret=\"'+t.secret+'\"]'),o=l.querySelectorAll('blockquote[data-secret=\"'+t.secret+'\"]'),c=new RegExp(\"^https?:$\",\"i\"),i=0;i<o.length;i++)o[i].style.display=\"none\";for(i=0;i<a.length;i++)s=a[i],e.source===s.contentWindow&&(s.removeAttribute(\"style\"),\"height\"===t.message?(1e3<(r=parseInt(t.value,10))?r=1e3:~~r<200&&(r=200),s.height=r):\"link\"===t.message&&(r=new URL(s.getAttribute(\"src\")),n=new URL(t.value),c.test(n.protocol))&&n.host===r.host&&l.activeElement===s&&(d.top.location.href=t.value))}},d.addEventListener(\"message\",d.wp.receiveEmbedMessage,!1),l.addEventListener(\"DOMContentLoaded\",function(){for(var e,t,s=l.querySelectorAll(\"iframe.wp-embedded-content\"),r=0;r<s.length;r++)(t=(e=s[r]).getAttribute(\"data-secret\"))||(t=Math.random().toString(36).substring(2,12),e.src+=\"#?secret=\"+t,e.setAttribute(\"data-secret\",t)),e.contentWindow.postMessage({message:\"ready\",secret:t},\"*\")},!1)))}(window,document);\n\/\/# sourceURL=https:\/\/www.carmelitaniscalzi.com\/wp-includes\/js\/wp-embed.min.js\n\/* ]]> *\/\n<\/script>\n","thumbnail_url":"https:\/\/www.carmelitaniscalzi.com\/wp-content\/uploads\/2020\/11\/00.jpg","thumbnail_width":1706,"thumbnail_height":960,"description":"Am 8. Oktober ist in Bordeaux im Alter von 89 Jahren der bekannte Hispanist Joseph P\u00e9rez verstorben, der durch Studien zur modernen Geschichte Spaniens hervorgetreten ist und 2014 mit dem Preis Pr\u00edncipe de Asturias ausgezeichnet wurde. Als Fachmann f\u00fcr die Zeit der Katholischen K\u00f6nige bis zu Philipp II. und der Ausbildung des modernen spanischen Staates [&hellip;]"}