{"version":"1.0","provider_name":"UNBESCHUHTE KARMELITEN","provider_url":"https:\/\/www.carmelitaniscalzi.com\/de\/","title":"Visitationsreise von P. General - UNBESCHUHTE KARMELITEN","type":"rich","width":600,"height":338,"html":"<blockquote class=\"wp-embedded-content\" data-secret=\"KbBYe4AjIk\"><a href=\"https:\/\/www.carmelitaniscalzi.com\/de\/2017\/03\/21\/visitationsreise-von-p-general\/\">Visitationsreise von P. General<\/a><\/blockquote><iframe sandbox=\"allow-scripts\" security=\"restricted\" src=\"https:\/\/www.carmelitaniscalzi.com\/de\/2017\/03\/21\/visitationsreise-von-p-general\/embed\/#?secret=KbBYe4AjIk\" width=\"600\" height=\"338\" title=\"&#8222;Visitationsreise von P. General&#8220; &#8211; UNBESCHUHTE KARMELITEN\" data-secret=\"KbBYe4AjIk\" frameborder=\"0\" marginwidth=\"0\" marginheight=\"0\" scrolling=\"no\" class=\"wp-embedded-content\"><\/iframe><script type=\"text\/javascript\">\n\/* <![CDATA[ *\/\n\/*! This file is auto-generated *\/\n!function(d,l){\"use strict\";l.querySelector&&d.addEventListener&&\"undefined\"!=typeof URL&&(d.wp=d.wp||{},d.wp.receiveEmbedMessage||(d.wp.receiveEmbedMessage=function(e){var t=e.data;if((t||t.secret||t.message||t.value)&&!\/[^a-zA-Z0-9]\/.test(t.secret)){for(var s,r,n,a=l.querySelectorAll('iframe[data-secret=\"'+t.secret+'\"]'),o=l.querySelectorAll('blockquote[data-secret=\"'+t.secret+'\"]'),c=new RegExp(\"^https?:$\",\"i\"),i=0;i<o.length;i++)o[i].style.display=\"none\";for(i=0;i<a.length;i++)s=a[i],e.source===s.contentWindow&&(s.removeAttribute(\"style\"),\"height\"===t.message?(1e3<(r=parseInt(t.value,10))?r=1e3:~~r<200&&(r=200),s.height=r):\"link\"===t.message&&(r=new URL(s.getAttribute(\"src\")),n=new URL(t.value),c.test(n.protocol))&&n.host===r.host&&l.activeElement===s&&(d.top.location.href=t.value))}},d.addEventListener(\"message\",d.wp.receiveEmbedMessage,!1),l.addEventListener(\"DOMContentLoaded\",function(){for(var e,t,s=l.querySelectorAll(\"iframe.wp-embedded-content\"),r=0;r<s.length;r++)(t=(e=s[r]).getAttribute(\"data-secret\"))||(t=Math.random().toString(36).substring(2,12),e.src+=\"#?secret=\"+t,e.setAttribute(\"data-secret\",t)),e.contentWindow.postMessage({message:\"ready\",secret:t},\"*\")},!1)))}(window,document);\n\/\/# sourceURL=https:\/\/www.carmelitaniscalzi.com\/wp-includes\/js\/wp-embed.min.js\n\/* ]]> *\/\n<\/script>\n","thumbnail_url":"https:\/\/www.carmelitaniscalzi.com\/wp-content\/uploads\/2017\/03\/Saverio-Cannistr\u00e0.jpg","thumbnail_width":287,"thumbnail_height":191,"description":"In der Zeit vom 12. bis 24. M\u00e4rz besucht P. General Saverio den Mitgliedern des OCDS, sowie den Schwestern und Br\u00fcdern in Belgien, Schweden und D\u00e4nemark Besuche abstatten und dabei verschiedene Konvente: Gent, Br\u00fcgge, Antwerpen, Glumsl\u00f6v (Rydeb\u00e4ck), usw. Am 21. M\u00e4rz wird er mit Bischof Anders Arborelius OCD bei einer Dankmesse f\u00fcr 50 Jahre Pr\u00e4senz [&hellip;]"}